{"id":7111,"date":"2025-06-02T10:19:35","date_gmt":"2025-06-02T08:19:35","guid":{"rendered":"https:\/\/vdldemeeuw.be\/fr\/?post_type=project&#038;p=7111"},"modified":"2025-06-25T12:01:48","modified_gmt":"2025-06-25T10:01:48","slug":"creche-temporaire-realisee-en-un-temps-record","status":"publish","type":"project","link":"https:\/\/vdldemeeuw.be\/fr\/projets\/creche-temporaire-realisee-en-un-temps-record\/","title":{"rendered":"Cr\u00e8che temporaire r\u00e9alis\u00e9e en un temps record"},"content":{"rendered":"\n<section class=\"novi-block block-row block-row--stretch-narrow\"data-mb=\"larger\">\n    <div class=\"block-row__row row\">\n                \n\n<div class=\"novi-block block-column col col--1 col--lg-1\/1\">\n    \n<h2 class=\"novi-block block-heading h2\"data-mb=\"smaller\" id=\"novi-heading-bfc97087-63be-4e8a-9cf4-3f1a3c11244c\">Un environnement s\u00fbr et color\u00e9 pour les tout-petits \u00e0 Ixelles<\/h2>\n\n<p class=\"novi-block block-paragraph\"style=\"font-size: 1.25rem\"><strong>En 2007, la commune d\u2019Ixelles a mis en place, en collaboration avec Kind en Gezin et l\u2019ONE, une solution temporaire pour son service d\u2019accueil de la petite enfance, le temps de lourds travaux de r\u00e9novation. Le lieu d\u2019accueil initial ne r\u00e9pondait plus aux besoins des enfants, des parents ni du personnel. L\u2019objectif : construire une cr\u00e8che temporaire mais enti\u00e8rement fonctionnelle, capable d\u2019accueillir 60 enfants\u2026 en seulement deux mois.<\/strong><\/p>\n\n<p class=\"novi-block block-paragraph\"style=\"font-size: 1.25rem\"><\/p>\n\n<p class=\"novi-block block-paragraph\"style=\"font-size: 1.25rem\">La commune a s\u00e9lectionn\u00e9 VDL De Meeuw comme partenaire \u00e0 l\u2019issue d\u2019un appel d\u2019offres public. Nous avons r\u00e9alis\u00e9 un b\u00e2timent de 950\u202fm\u00b2, compos\u00e9 de 50 nouveaux modules Flexicom. Le r\u00e9sultat\u202f? Une structure d\u2019accueil enti\u00e8rement \u00e9quip\u00e9e et confortable, comprenant des espaces de vie et de repos, des installations sanitaires et de buanderie, ainsi qu\u2019un am\u00e9nagement ludique et color\u00e9.<\/p>\n\n<p class=\"novi-block block-paragraph\"style=\"font-size: 1.25rem\"><\/p>\n\n<p class=\"novi-block block-paragraph\"data-mb=\"small\" style=\"font-size: 1.25rem\">Outre le b\u00e2timent lui-m\u00eame, nous avons \u00e9galement pris en charge les fondations, l\u2019am\u00e9nagement d\u2019une aire de jeux ext\u00e9rieure avec rev\u00eatement en caoutchouc, ainsi qu\u2019une passerelle d\u2019acc\u00e8s s\u00e9curis\u00e9e.<\/p>\n\n<p class=\"novi-block block-paragraph\"data-mb=\"small\" style=\"font-size: 1.25rem\">Ce qui \u00e9tait initialement pr\u00e9vu comme une solution temporaire de deux ans s\u2019est r\u00e9v\u00e9l\u00e9 si efficace que la structure est rest\u00e9e en service jusqu\u2019en 2013 \u2014 soit pendant six ans.<\/p>\n\n<p class=\"novi-block block-paragraph\"style=\"font-size: 1.25rem\"><\/p>\n\n<p class=\"novi-block block-paragraph\"style=\"font-size: 1.25rem\"><br><\/p>\n<\/div>\n            <\/div>\n<\/section>\n\n\n\n\n\n    \n    <section class=\"novi-block block-split\"\n             id=\"block-split-block_b2151d85a66d1df7da948f0a3fc14072\"\n             data-mt=\"none\"             data-mb=\"larger\">\n\n        \n        <div class=\"row block-split__row block-split__row--image-content\">\n\n            <div class=\"col col--1 col--md-1\/2\">\n                <div class=\"block-split__content block-split__content--color-light|false block-split__content--right\"\n                     style=\"background: var(--novi-color-light);\">\n                    \n<h3 class=\"novi-block block-heading h4\"data-mb=\"smaller\" id=\"novi-heading-42ce366e-99ff-4ce9-bf35-24b60ac90f22\">Caract\u00e9ristiques<\/h3>\n\n\n\n    <div class=\"novi-block block-icons-with-text block-icons-with-text--is-vertical\"\n         data-mt=\"none\"         data-mb=\"none\">\n\n        <div class=\"block-icons-with-text__items\">\n            \n                <article class=\"block-icons-with-text__item\">\n\n                    <div class=\"block-icons-with-text__item-inner\">\n                                            <figure class=\"block-icons-with-text__item-icon-container\">\n                            <img decoding=\"async\" src=\"https:\/\/vdldemeeuw.be\/fr\/wp-content\/uploads\/sites\/2\/2024\/05\/vdldemeeuw-utiliteit.svg\"\n                                 loading=\"lazy\"\n                                 class=\"block-icons-with-text__item-icon\"\n                                 alt=\"vdldemeeuw-utiliteit\"\n                                                                  \/>\n                        <\/figure>\n                    \n                    <div class=\"block-icons-with-text__item-meta\">\n\n                                                    <span class=\"block-icons-with-text__item-title\">\n                                Client                            <\/span>\n                        \n                                                    <span class=\"block-icons-with-text__item-description\">\n                                Commune d&rsquo;Ixelles                            <\/span>\n                        \n                    <\/div>\n\n                    <\/div>\n                <\/article>\n\n            \n                <article class=\"block-icons-with-text__item\">\n\n                    <div class=\"block-icons-with-text__item-inner\">\n                                            <figure class=\"block-icons-with-text__item-icon-container\">\n                            <img decoding=\"async\" src=\"https:\/\/vdldemeeuw.be\/fr\/wp-content\/uploads\/sites\/2\/2024\/05\/vdldemeeuw-service-onderhoud.svg\"\n                                 loading=\"lazy\"\n                                 class=\"block-icons-with-text__item-icon\"\n                                 alt=\"vdldemeeuw-service-onderhoud\"\n                                                                  \/>\n                        <\/figure>\n                    \n                    <div class=\"block-icons-with-text__item-meta\">\n\n                                                    <span class=\"block-icons-with-text__item-title\">\n                                Projet                            <\/span>\n                        \n                                                    <span class=\"block-icons-with-text__item-description\">\n                                Cr\u00e8che                            <\/span>\n                        \n                    <\/div>\n\n                    <\/div>\n                <\/article>\n\n            \n                <article class=\"block-icons-with-text__item\">\n\n                    <div class=\"block-icons-with-text__item-inner\">\n                                            <figure class=\"block-icons-with-text__item-icon-container\">\n                            <img decoding=\"async\" src=\"https:\/\/vdldemeeuw.be\/fr\/wp-content\/uploads\/sites\/2\/2024\/05\/vdldemeeuw-service-onderhoud.svg\"\n                                 loading=\"lazy\"\n                                 class=\"block-icons-with-text__item-icon\"\n                                 alt=\"vdldemeeuw-service-onderhoud\"\n                                                                  \/>\n                        <\/figure>\n                    \n                    <div class=\"block-icons-with-text__item-meta\">\n\n                                                    <span class=\"block-icons-with-text__item-title\">\n                                Type de construction                            <\/span>\n                        \n                                                    <span class=\"block-icons-with-text__item-description\">\n                                Temporaire                            <\/span>\n                        \n                    <\/div>\n\n                    <\/div>\n                <\/article>\n\n            \n                <article class=\"block-icons-with-text__item\">\n\n                    <div class=\"block-icons-with-text__item-inner\">\n                                            <figure class=\"block-icons-with-text__item-icon-container\">\n                            <img decoding=\"async\" src=\"https:\/\/vdldemeeuw.be\/fr\/wp-content\/uploads\/sites\/2\/2024\/05\/vdldemeeuw-service-onderhoud.svg\"\n                                 loading=\"lazy\"\n                                 class=\"block-icons-with-text__item-icon\"\n                                 alt=\"vdldemeeuw-service-onderhoud\"\n                                                                  \/>\n                        <\/figure>\n                    \n                    <div class=\"block-icons-with-text__item-meta\">\n\n                                                    <span class=\"block-icons-with-text__item-title\">\n                                Ann\u00e9e de construction                            <\/span>\n                        \n                                                    <span class=\"block-icons-with-text__item-description\">\n                                2007                            <\/span>\n                        \n                    <\/div>\n\n                    <\/div>\n                <\/article>\n\n            \n                <article class=\"block-icons-with-text__item\">\n\n                    <div class=\"block-icons-with-text__item-inner\">\n                                            <figure class=\"block-icons-with-text__item-icon-container\">\n                            <img decoding=\"async\" src=\"https:\/\/vdldemeeuw.be\/fr\/wp-content\/uploads\/sites\/2\/2024\/05\/vdldemeeuw-service-onderhoud.svg\"\n                                 loading=\"lazy\"\n                                 class=\"block-icons-with-text__item-icon\"\n                                 alt=\"vdldemeeuw-service-onderhoud\"\n                                                                  \/>\n                        <\/figure>\n                    \n                    <div class=\"block-icons-with-text__item-meta\">\n\n                                                    <span class=\"block-icons-with-text__item-title\">\n                                Fonctionnalit\u00e9                            <\/span>\n                        \n                                                    <span class=\"block-icons-with-text__item-description\">\n                                Fast &amp; flex                            <\/span>\n                        \n                    <\/div>\n\n                    <\/div>\n                <\/article>\n\n            \n                <article class=\"block-icons-with-text__item\">\n\n                    <div class=\"block-icons-with-text__item-inner\">\n                                            <figure class=\"block-icons-with-text__item-icon-container\">\n                            <img decoding=\"async\" src=\"https:\/\/vdldemeeuw.be\/fr\/wp-content\/uploads\/sites\/2\/2024\/05\/vdldemeeuw-service-onderhoud.svg\"\n                                 loading=\"lazy\"\n                                 class=\"block-icons-with-text__item-icon\"\n                                 alt=\"vdldemeeuw-service-onderhoud\"\n                                                                  \/>\n                        <\/figure>\n                    \n                    <div class=\"block-icons-with-text__item-meta\">\n\n                                                    <span class=\"block-icons-with-text__item-title\">\n                                Lieu                            <\/span>\n                        \n                                                    <span class=\"block-icons-with-text__item-description\">\n                                Ixelles                            <\/span>\n                        \n                    <\/div>\n\n                    <\/div>\n                <\/article>\n\n            \n                <article class=\"block-icons-with-text__item\">\n\n                    <div class=\"block-icons-with-text__item-inner\">\n                                            <figure class=\"block-icons-with-text__item-icon-container\">\n                            <img decoding=\"async\" src=\"https:\/\/vdldemeeuw.be\/fr\/wp-content\/uploads\/sites\/2\/2024\/05\/vdldemeeuw-service-onderhoud.svg\"\n                                 loading=\"lazy\"\n                                 class=\"block-icons-with-text__item-icon\"\n                                 alt=\"vdldemeeuw-service-onderhoud\"\n                                                                  \/>\n                        <\/figure>\n                    \n                    <div class=\"block-icons-with-text__item-meta\">\n\n                                                    <span class=\"block-icons-with-text__item-title\">\n                                Surface de plancher (m\u00b2)                            <\/span>\n                        \n                                                    <span class=\"block-icons-with-text__item-description\">\n                                940 m\u00b2                            <\/span>\n                        \n                    <\/div>\n\n                    <\/div>\n                <\/article>\n\n                    <\/div>\n\n    <\/div>\n\n\n\n                <\/div>\n            <\/div>\n\n            <div class=\"col col--1 col--md-1\/2\">\n\n                <figure class=\"block-split__image-container block-split__image-container--left block-split--hover-effect-default\"\n                                                                                                                                                                        >\n\n                    <picture class=\"block-split__picture\" draggable=\"false\">\n\n                                                    <source media=\"(min-width: 481px)\"\n                                    width=\"704px\"\n                                    height=\"560px\"\n                                    srcset=\"https:\/\/vdldemeeuw.be\/fr\/wp-content\/uploads\/sites\/2\/2025\/06\/KDV-Elsene-project-binnen-4-704x560.jpg\"\/>\n\n                            <source media=\"(min-width: 0px)\"\n                                    width=\"390px\"\n                                    height=\"330px\"\n                                    srcset=\"https:\/\/vdldemeeuw.be\/fr\/wp-content\/uploads\/sites\/2\/2025\/06\/KDV-Elsene-project-binnen-4-680x560.jpg 2x, https:\/\/vdldemeeuw.be\/fr\/wp-content\/uploads\/sites\/2\/2025\/06\/KDV-Elsene-project-binnen-4-390x330.jpg\"\/>\n\n                        \n                        <img decoding=\"async\" loading=\"lazy\"\n                             class=\"block-split__image\"\n                             draggable=\"false\"\n                             src=\"https:\/\/vdldemeeuw.be\/fr\/wp-content\/uploads\/sites\/2\/2025\/06\/KDV-Elsene-project-binnen-4-704x560.jpg\"\n                             alt=\"KDV Elsene project binnen 4\"\n                             width=\"704px\"                             height=\"560px\"\/>\n\n                    <\/picture>\n\n                                    <\/figure>\n\n            <\/div>\n        <\/div>\n    <\/section>\n\n\n\n\n\n\n\n<section class=\"novi-block block-row\"data-mb=\"regular\">\n    <div class=\"block-row__row row block-row__row--preset-1\/2|1\/2\">\n                \n\n<div class=\"novi-block block-column col col--1 col--lg-1\/2\">\n    \n\n\n\n    <div class=\"novi-block block-image block-image--enable-rounded-corners\"\n         data-mt=\"none\"         data-mb=\"small\"         data-horizontal-align=\"centered\"\n         data-vertical-align=\"centered\"\n         data-mobile-align=\"centered\">\n\n        <figure class=\"block-image__inner\" style=\"max-width: 800px\">\n\n            \n            <div class=\"block-image__image-container\">\n\n                <picture class=\"block-image__picture\" draggable=\"false\">\n\n                    \n                        <source media=\"(min-width: 414px)\"\n                                width=\"800px\"\n                                height=\"535px\"\n                                srcset=\"https:\/\/vdldemeeuw.be\/fr\/wp-content\/uploads\/sites\/2\/2025\/06\/KDV-Elsene-projectfoto-3.jpg\"\/>\n\n                        <source media=\"(min-width: 0px)\"\n                                width=\"360px\"\n                                height=\"241px\"\n                                srcset=\"https:\/\/vdldemeeuw.be\/fr\/wp-content\/uploads\/sites\/2\/2025\/06\/KDV-Elsene-projectfoto-3-720x482.jpg 2x, https:\/\/vdldemeeuw.be\/fr\/wp-content\/uploads\/sites\/2\/2025\/06\/KDV-Elsene-projectfoto-3-360x241.jpg\"\/>\n\n                    \n                    <img decoding=\"async\" loading=\"lazy\"\n                         class=\"block-image__image\"\n                         alt=\"KDV Elsene projectfoto 3\"\n                         src=\"https:\/\/vdldemeeuw.be\/fr\/wp-content\/uploads\/sites\/2\/2025\/06\/KDV-Elsene-projectfoto-3.jpg\"\n                         width=\"800px\"                         height=\"535px\"\/>\n\n                <\/picture>\n\n                                    <div class=\"block-image__holder block-image__holder--desktop\"\n                         style=\"aspect-ratio: 800\/535; max-width: 800px\">\n                    <\/div>\n                \n                                    <div class=\"block-image__holder block-image__holder--mobile\"\n                         style=\"aspect-ratio: 360\/241; max-width: 360px\">\n                    <\/div>\n                \n            <\/div>\n\n            \n            \n        <\/figure>\n\n    <\/div>\n\n\n\n<\/div>\n\n\n<div class=\"novi-block block-column col col--1 col--lg-1\/2\">\n    \n\n\n\n    <div class=\"novi-block block-image block-image--enable-rounded-corners\"\n         data-mt=\"none\"         data-mb=\"small\"         data-horizontal-align=\"centered\"\n         data-vertical-align=\"centered\"\n         data-mobile-align=\"centered\">\n\n        <figure class=\"block-image__inner\" style=\"max-width: 800px\">\n\n            \n            <div class=\"block-image__image-container\">\n\n                <picture class=\"block-image__picture\" draggable=\"false\">\n\n                    \n                        <source media=\"(min-width: 414px)\"\n                                width=\"800px\"\n                                height=\"536px\"\n                                srcset=\"https:\/\/vdldemeeuw.be\/fr\/wp-content\/uploads\/sites\/2\/2025\/06\/KDV-Elsene-project-2.jpg\"\/>\n\n                        <source media=\"(min-width: 0px)\"\n                                width=\"360px\"\n                                height=\"241px\"\n                                srcset=\"https:\/\/vdldemeeuw.be\/fr\/wp-content\/uploads\/sites\/2\/2025\/06\/KDV-Elsene-project-2-720x482.jpg 2x, https:\/\/vdldemeeuw.be\/fr\/wp-content\/uploads\/sites\/2\/2025\/06\/KDV-Elsene-project-2-360x241.jpg\"\/>\n\n                    \n                    <img decoding=\"async\" loading=\"lazy\"\n                         class=\"block-image__image\"\n                         alt=\"KDV Elsene project 2\"\n                         src=\"https:\/\/vdldemeeuw.be\/fr\/wp-content\/uploads\/sites\/2\/2025\/06\/KDV-Elsene-project-2.jpg\"\n                         width=\"800px\"                         height=\"536px\"\/>\n\n                <\/picture>\n\n                                    <div class=\"block-image__holder block-image__holder--desktop\"\n                         style=\"aspect-ratio: 800\/536; max-width: 800px\">\n                    <\/div>\n                \n                                    <div class=\"block-image__holder block-image__holder--mobile\"\n                         style=\"aspect-ratio: 360\/241; max-width: 360px\">\n                    <\/div>\n                \n            <\/div>\n\n            \n            \n        <\/figure>\n\n    <\/div>\n\n\n\n<\/div>\n            <\/div>\n<\/section>\n\n\n\n<section class=\"novi-block block-row\"data-mb=\"regular\">\n    <div class=\"block-row__row row block-row__row--preset-1\/2|1\/2\">\n                \n\n<div class=\"novi-block block-column col col--1 col--lg-1\/2\">\n    \n\n\n\n    <div class=\"novi-block block-image block-image--enable-rounded-corners\"\n         data-mt=\"none\"         data-mb=\"small\"         data-horizontal-align=\"centered\"\n         data-vertical-align=\"centered\"\n         data-mobile-align=\"centered\">\n\n        <figure class=\"block-image__inner\" style=\"max-width: 800px\">\n\n            \n            <div class=\"block-image__image-container\">\n\n                <picture class=\"block-image__picture\" draggable=\"false\">\n\n                    \n                        <source media=\"(min-width: 414px)\"\n                                width=\"800px\"\n                                height=\"539px\"\n                                srcset=\"https:\/\/vdldemeeuw.be\/fr\/wp-content\/uploads\/sites\/2\/2025\/06\/KDV-Elsene-project-binnen-5.jpg\"\/>\n\n                        <source media=\"(min-width: 0px)\"\n                                width=\"360px\"\n                                height=\"243px\"\n                                srcset=\"https:\/\/vdldemeeuw.be\/fr\/wp-content\/uploads\/sites\/2\/2025\/06\/KDV-Elsene-project-binnen-5-720x485.jpg 2x, https:\/\/vdldemeeuw.be\/fr\/wp-content\/uploads\/sites\/2\/2025\/06\/KDV-Elsene-project-binnen-5-360x243.jpg\"\/>\n\n                    \n                    <img decoding=\"async\" loading=\"lazy\"\n                         class=\"block-image__image\"\n                         alt=\"KDV Elsene project binnen 5\"\n                         src=\"https:\/\/vdldemeeuw.be\/fr\/wp-content\/uploads\/sites\/2\/2025\/06\/KDV-Elsene-project-binnen-5.jpg\"\n                         width=\"800px\"                         height=\"539px\"\/>\n\n                <\/picture>\n\n                                    <div class=\"block-image__holder block-image__holder--desktop\"\n                         style=\"aspect-ratio: 800\/539; max-width: 800px\">\n                    <\/div>\n                \n                                    <div class=\"block-image__holder block-image__holder--mobile\"\n                         style=\"aspect-ratio: 360\/243; max-width: 360px\">\n                    <\/div>\n                \n            <\/div>\n\n            \n            \n        <\/figure>\n\n    <\/div>\n\n\n\n<\/div>\n\n\n<div class=\"novi-block block-column col col--1 col--lg-1\/2\">\n    \n\n\n\n    <div class=\"novi-block block-image block-image--enable-rounded-corners\"\n         data-mt=\"none\"         data-mb=\"small\"         data-horizontal-align=\"centered\"\n         data-vertical-align=\"centered\"\n         data-mobile-align=\"centered\">\n\n        <figure class=\"block-image__inner\" style=\"max-width: 800px\">\n\n            \n            <div class=\"block-image__image-container\">\n\n                <picture class=\"block-image__picture\" draggable=\"false\">\n\n                    \n                        <source media=\"(min-width: 414px)\"\n                                width=\"800px\"\n                                height=\"538px\"\n                                srcset=\"https:\/\/vdldemeeuw.be\/fr\/wp-content\/uploads\/sites\/2\/2025\/06\/KDV-Elsene-project-binnen-6.jpg\"\/>\n\n                        <source media=\"(min-width: 0px)\"\n                                width=\"360px\"\n                                height=\"242px\"\n                                srcset=\"https:\/\/vdldemeeuw.be\/fr\/wp-content\/uploads\/sites\/2\/2025\/06\/KDV-Elsene-project-binnen-6-720x484.jpg 2x, https:\/\/vdldemeeuw.be\/fr\/wp-content\/uploads\/sites\/2\/2025\/06\/KDV-Elsene-project-binnen-6-360x242.jpg\"\/>\n\n                    \n                    <img decoding=\"async\" loading=\"lazy\"\n                         class=\"block-image__image\"\n                         alt=\"KDV Elsene project binnen 6\"\n                         src=\"https:\/\/vdldemeeuw.be\/fr\/wp-content\/uploads\/sites\/2\/2025\/06\/KDV-Elsene-project-binnen-6.jpg\"\n                         width=\"800px\"                         height=\"538px\"\/>\n\n                <\/picture>\n\n                                    <div class=\"block-image__holder block-image__holder--desktop\"\n                         style=\"aspect-ratio: 800\/538; max-width: 800px\">\n                    <\/div>\n                \n                                    <div class=\"block-image__holder block-image__holder--mobile\"\n                         style=\"aspect-ratio: 360\/242; max-width: 360px\">\n                    <\/div>\n                \n            <\/div>\n\n            \n            \n        <\/figure>\n\n    <\/div>\n\n\n\n<\/div>\n            <\/div>\n<\/section>\n","protected":false},"featured_media":7118,"template":"","project-category":[33],"class_list":["post-7111","project","type-project","status-publish","has-post-thumbnail","hentry"],"acf":[],"yoast_head":"<title>Cr\u00e8che temporaire r\u00e9alis\u00e9e en un temps record | VDL De Meeuw<\/title>\n<meta name=\"description\" content=\"Ixelles : cr\u00e8che temporaire de 940\u202fm\u00b2 r\u00e9alis\u00e9e en 2 mois, s\u00fbre et ludique, rest\u00e9e en service 6 ans malgr\u00e9 son caract\u00e8re provisoire.\" \/>\n<meta name=\"robots\" content=\"index, follow, max-snippet:-1, max-image-preview:large, max-video-preview:-1\" \/>\n<link rel=\"canonical\" href=\"https:\/\/vdldemeeuw.be\/fr\/projets\/creche-temporaire-realisee-en-un-temps-record\/\" \/>\n<meta property=\"og:locale\" content=\"fr_FR\" \/>\n<meta property=\"og:type\" content=\"article\" \/>\n<meta property=\"og:title\" content=\"Cr\u00e8che temporaire r\u00e9alis\u00e9e en un temps record | VDL De Meeuw\" \/>\n<meta property=\"og:description\" content=\"Ixelles : cr\u00e8che temporaire de 940\u202fm\u00b2 r\u00e9alis\u00e9e en 2 mois, s\u00fbre et ludique, rest\u00e9e en service 6 ans malgr\u00e9 son caract\u00e8re provisoire.\" \/>\n<meta property=\"og:url\" content=\"https:\/\/vdldemeeuw.be\/fr\/projets\/creche-temporaire-realisee-en-un-temps-record\/\" \/>\n<meta property=\"og:site_name\" content=\"VDL De Meeuw FR\" \/>\n<meta property=\"article:modified_time\" content=\"2025-06-25T10:01:48+00:00\" \/>\n<meta property=\"og:image\" content=\"https:\/\/vdldemeeuw.be\/fr\/wp-content\/uploads\/sites\/2\/2025\/06\/KDV-Elsene-header-1.jpg\" \/>\n\t<meta property=\"og:image:width\" content=\"640\" \/>\n\t<meta property=\"og:image:height\" content=\"428\" \/>\n\t<meta property=\"og:image:type\" content=\"image\/jpeg\" \/>\n<meta name=\"twitter:card\" content=\"summary_large_image\" \/>\n<meta name=\"twitter:label1\" content=\"Dur\u00e9e de lecture estim\u00e9e\" \/>\n\t<meta name=\"twitter:data1\" content=\"2 minutes\" \/>\n<script type=\"application\/ld+json\" class=\"yoast-schema-graph\">{\"@context\":\"https:\/\/schema.org\",\"@graph\":[{\"@type\":\"WebPage\",\"@id\":\"https:\/\/vdldemeeuw.be\/fr\/projets\/creche-temporaire-realisee-en-un-temps-record\/\",\"url\":\"https:\/\/vdldemeeuw.be\/fr\/projets\/creche-temporaire-realisee-en-un-temps-record\/\",\"name\":\"Cr\u00e8che temporaire r\u00e9alis\u00e9e en un temps record | VDL De Meeuw\",\"isPartOf\":{\"@id\":\"https:\/\/vdldemeeuw.be\/fr\/#website\"},\"primaryImageOfPage\":{\"@id\":\"https:\/\/vdldemeeuw.be\/fr\/projets\/creche-temporaire-realisee-en-un-temps-record\/#primaryimage\"},\"image\":{\"@id\":\"https:\/\/vdldemeeuw.be\/fr\/projets\/creche-temporaire-realisee-en-un-temps-record\/#primaryimage\"},\"thumbnailUrl\":\"https:\/\/vdldemeeuw.be\/fr\/wp-content\/uploads\/sites\/2\/2025\/06\/KDV-Elsene-header-1.jpg\",\"datePublished\":\"2025-06-02T08:19:35+00:00\",\"dateModified\":\"2025-06-25T10:01:48+00:00\",\"description\":\"Ixelles : cr\u00e8che temporaire de 940\u202fm\u00b2 r\u00e9alis\u00e9e en 2 mois, s\u00fbre et ludique, rest\u00e9e en service 6 ans malgr\u00e9 son caract\u00e8re provisoire.\",\"breadcrumb\":{\"@id\":\"https:\/\/vdldemeeuw.be\/fr\/projets\/creche-temporaire-realisee-en-un-temps-record\/#breadcrumb\"},\"inLanguage\":\"fr-FR\",\"potentialAction\":[{\"@type\":\"ReadAction\",\"target\":[\"https:\/\/vdldemeeuw.be\/fr\/projets\/creche-temporaire-realisee-en-un-temps-record\/\"]}]},{\"@type\":\"ImageObject\",\"inLanguage\":\"fr-FR\",\"@id\":\"https:\/\/vdldemeeuw.be\/fr\/projets\/creche-temporaire-realisee-en-un-temps-record\/#primaryimage\",\"url\":\"https:\/\/vdldemeeuw.be\/fr\/wp-content\/uploads\/sites\/2\/2025\/06\/KDV-Elsene-header-1.jpg\",\"contentUrl\":\"https:\/\/vdldemeeuw.be\/fr\/wp-content\/uploads\/sites\/2\/2025\/06\/KDV-Elsene-header-1.jpg\",\"width\":640,\"height\":428},{\"@type\":\"BreadcrumbList\",\"@id\":\"https:\/\/vdldemeeuw.be\/fr\/projets\/creche-temporaire-realisee-en-un-temps-record\/#breadcrumb\",\"itemListElement\":[{\"@type\":\"ListItem\",\"position\":1,\"name\":\"\",\"item\":\"https:\/\/vdldemeeuw.be\/fr\/\"},{\"@type\":\"ListItem\",\"position\":2,\"name\":\"Projects\",\"item\":\"https:\/\/vdldemeeuw.be\/fr\/projets\/\"},{\"@type\":\"ListItem\",\"position\":3,\"name\":\"Cr\u00e8che temporaire r\u00e9alis\u00e9e en un temps record\"}]},{\"@type\":\"WebSite\",\"@id\":\"https:\/\/vdldemeeuw.be\/fr\/#website\",\"url\":\"https:\/\/vdldemeeuw.be\/fr\/\",\"name\":\"VDL De Meeuw FR\",\"description\":\"\",\"potentialAction\":[{\"@type\":\"SearchAction\",\"target\":{\"@type\":\"EntryPoint\",\"urlTemplate\":\"https:\/\/vdldemeeuw.be\/fr\/?search-query={search_term_string}\"},\"query-input\":{\"@type\":\"PropertyValueSpecification\",\"valueRequired\":true,\"valueName\":\"search_term_string\"}}],\"inLanguage\":\"fr-FR\"}]}<\/script>","yoast_head_json":{"title":"Cr\u00e8che temporaire r\u00e9alis\u00e9e en un temps record | VDL De Meeuw","description":"Ixelles : cr\u00e8che temporaire de 940\u202fm\u00b2 r\u00e9alis\u00e9e en 2 mois, s\u00fbre et ludique, rest\u00e9e en service 6 ans malgr\u00e9 son caract\u00e8re provisoire.","robots":{"index":"index","follow":"follow","max-snippet":"max-snippet:-1","max-image-preview":"max-image-preview:large","max-video-preview":"max-video-preview:-1"},"canonical":"https:\/\/vdldemeeuw.be\/fr\/projets\/creche-temporaire-realisee-en-un-temps-record\/","og_locale":"fr_FR","og_type":"article","og_title":"Cr\u00e8che temporaire r\u00e9alis\u00e9e en un temps record | VDL De Meeuw","og_description":"Ixelles : cr\u00e8che temporaire de 940\u202fm\u00b2 r\u00e9alis\u00e9e en 2 mois, s\u00fbre et ludique, rest\u00e9e en service 6 ans malgr\u00e9 son caract\u00e8re provisoire.","og_url":"https:\/\/vdldemeeuw.be\/fr\/projets\/creche-temporaire-realisee-en-un-temps-record\/","og_site_name":"VDL De Meeuw FR","article_modified_time":"2025-06-25T10:01:48+00:00","og_image":[{"width":640,"height":428,"url":"https:\/\/vdldemeeuw.be\/fr\/wp-content\/uploads\/sites\/2\/2025\/06\/KDV-Elsene-header-1.jpg","type":"image\/jpeg"}],"twitter_card":"summary_large_image","twitter_misc":{"Dur\u00e9e de lecture estim\u00e9e":"2 minutes"},"schema":{"@context":"https:\/\/schema.org","@graph":[{"@type":"WebPage","@id":"https:\/\/vdldemeeuw.be\/fr\/projets\/creche-temporaire-realisee-en-un-temps-record\/","url":"https:\/\/vdldemeeuw.be\/fr\/projets\/creche-temporaire-realisee-en-un-temps-record\/","name":"Cr\u00e8che temporaire r\u00e9alis\u00e9e en un temps record | VDL De Meeuw","isPartOf":{"@id":"https:\/\/vdldemeeuw.be\/fr\/#website"},"primaryImageOfPage":{"@id":"https:\/\/vdldemeeuw.be\/fr\/projets\/creche-temporaire-realisee-en-un-temps-record\/#primaryimage"},"image":{"@id":"https:\/\/vdldemeeuw.be\/fr\/projets\/creche-temporaire-realisee-en-un-temps-record\/#primaryimage"},"thumbnailUrl":"https:\/\/vdldemeeuw.be\/fr\/wp-content\/uploads\/sites\/2\/2025\/06\/KDV-Elsene-header-1.jpg","datePublished":"2025-06-02T08:19:35+00:00","dateModified":"2025-06-25T10:01:48+00:00","description":"Ixelles : cr\u00e8che temporaire de 940\u202fm\u00b2 r\u00e9alis\u00e9e en 2 mois, s\u00fbre et ludique, rest\u00e9e en service 6 ans malgr\u00e9 son caract\u00e8re provisoire.","breadcrumb":{"@id":"https:\/\/vdldemeeuw.be\/fr\/projets\/creche-temporaire-realisee-en-un-temps-record\/#breadcrumb"},"inLanguage":"fr-FR","potentialAction":[{"@type":"ReadAction","target":["https:\/\/vdldemeeuw.be\/fr\/projets\/creche-temporaire-realisee-en-un-temps-record\/"]}]},{"@type":"ImageObject","inLanguage":"fr-FR","@id":"https:\/\/vdldemeeuw.be\/fr\/projets\/creche-temporaire-realisee-en-un-temps-record\/#primaryimage","url":"https:\/\/vdldemeeuw.be\/fr\/wp-content\/uploads\/sites\/2\/2025\/06\/KDV-Elsene-header-1.jpg","contentUrl":"https:\/\/vdldemeeuw.be\/fr\/wp-content\/uploads\/sites\/2\/2025\/06\/KDV-Elsene-header-1.jpg","width":640,"height":428},{"@type":"BreadcrumbList","@id":"https:\/\/vdldemeeuw.be\/fr\/projets\/creche-temporaire-realisee-en-un-temps-record\/#breadcrumb","itemListElement":[{"@type":"ListItem","position":1,"name":"","item":"https:\/\/vdldemeeuw.be\/fr\/"},{"@type":"ListItem","position":2,"name":"Projects","item":"https:\/\/vdldemeeuw.be\/fr\/projets\/"},{"@type":"ListItem","position":3,"name":"Cr\u00e8che temporaire r\u00e9alis\u00e9e en un temps record"}]},{"@type":"WebSite","@id":"https:\/\/vdldemeeuw.be\/fr\/#website","url":"https:\/\/vdldemeeuw.be\/fr\/","name":"VDL De Meeuw FR","description":"","potentialAction":[{"@type":"SearchAction","target":{"@type":"EntryPoint","urlTemplate":"https:\/\/vdldemeeuw.be\/fr\/?search-query={search_term_string}"},"query-input":{"@type":"PropertyValueSpecification","valueRequired":true,"valueName":"search_term_string"}}],"inLanguage":"fr-FR"}]}},"_links":{"self":[{"href":"https:\/\/vdldemeeuw.be\/fr\/wp-json\/wp\/v2\/project\/7111","targetHints":{"allow":["GET"]}}],"collection":[{"href":"https:\/\/vdldemeeuw.be\/fr\/wp-json\/wp\/v2\/project"}],"about":[{"href":"https:\/\/vdldemeeuw.be\/fr\/wp-json\/wp\/v2\/types\/project"}],"version-history":[{"count":10,"href":"https:\/\/vdldemeeuw.be\/fr\/wp-json\/wp\/v2\/project\/7111\/revisions"}],"predecessor-version":[{"id":10435,"href":"https:\/\/vdldemeeuw.be\/fr\/wp-json\/wp\/v2\/project\/7111\/revisions\/10435"}],"wp:featuredmedia":[{"embeddable":true,"href":"https:\/\/vdldemeeuw.be\/fr\/wp-json\/wp\/v2\/media\/7118"}],"wp:attachment":[{"href":"https:\/\/vdldemeeuw.be\/fr\/wp-json\/wp\/v2\/media?parent=7111"}],"wp:term":[{"taxonomy":"project-category","embeddable":true,"href":"https:\/\/vdldemeeuw.be\/fr\/wp-json\/wp\/v2\/project-category?post=7111"}],"curies":[{"name":"wp","href":"https:\/\/api.w.org\/{rel}","templated":true}]}}