{"id":7101,"date":"2025-06-02T09:48:50","date_gmt":"2025-06-02T07:48:50","guid":{"rendered":"https:\/\/vdldemeeuw.be\/fr\/?post_type=project&#038;p=7101"},"modified":"2025-06-25T18:18:46","modified_gmt":"2025-06-25T16:18:46","slug":"baxter-r-d-europe","status":"publish","type":"project","link":"https:\/\/vdldemeeuw.be\/fr\/projets\/baxter-r-d-europe\/","title":{"rendered":"Espace de travail flexible pour Baxter R&amp;D Europe"},"content":{"rendered":"\n<section class=\"novi-block block-row block-row--stretch-narrow\"data-mb=\"larger\">\n    <div class=\"block-row__row row\">\n                \n\n<div class=\"novi-block block-column col col--1 col--lg-1\/1\">\n    \n<h2 class=\"novi-block block-heading h2\"data-mb=\"smaller\" id=\"novi-heading-bfc97087-63be-4e8a-9cf4-3f1a3c11244c\"><strong>Comment une solution temporaire soutient la recherche de pointe<\/strong><\/h2>\n\n<p class=\"novi-block block-paragraph\"style=\"font-size: 1.25rem\"><strong>En 2008, Baxter International Inc. &#8211; acteur mondial du secteur de la sant\u00e9 &#8211; a fait appel \u00e0 VDL De Meeuw pour la r\u00e9alisation de bureaux temporaires. L\u2019entreprise d\u00e9veloppe, fabrique et commercialise des produits vitaux destin\u00e9s aux patients atteints de pathologies complexes. Pr\u00e9sente de longue date en Belgique, Baxter collabore \u00e9troitement avec de nombreux \u00e9tablissements et partenaires de soins.<\/strong><\/p>\n\n<p class=\"novi-block block-paragraph\"style=\"font-size: 1.25rem\"><\/p>\n\n<p class=\"novi-block block-paragraph\"style=\"font-size: 1.25rem\">Pour son centre europ\u00e9en de recherche et d\u00e9veloppement, Baxter avait besoin d\u2019un espace de travail temporaire de 796\u202fm\u00b2. VDL De Meeuw a propos\u00e9 une solution sur mesure, compos\u00e9e de 42 modules r\u00e9partis sur deux \u00e9tages. Le b\u00e2timent a \u00e9t\u00e9 am\u00e9nag\u00e9 en open space spacieux, compl\u00e9t\u00e9 par des salles de r\u00e9union et des installations sanitaires \u2014 le tout con\u00e7u dans un esprit de confort, d\u2019efficacit\u00e9 et de collaboration.<\/p>\n\n<p class=\"novi-block block-paragraph\"style=\"font-size: 1.25rem\"><br>Et si l\u2019innovation dans les soins de sant\u00e9 ne d\u00e9pendait plus des limites de l\u2019infrastructure traditionnelle\u202f?<\/p>\n\n<p class=\"novi-block block-paragraph\"style=\"font-size: 1.25rem\">Les solutions de construction temporaire peuvent faire toute la diff\u00e9rence &#8211; flexibles, rapides \u00e0 mettre en \u0153uvre et r\u00e9solument tourn\u00e9es vers l\u2019avenir.<\/p>\n\n<p class=\"novi-block block-paragraph\"style=\"font-size: 1.25rem\"><br><\/p>\n<\/div>\n            <\/div>\n<\/section>\n\n\n\n\n\n    \n    <section class=\"novi-block block-split\"\n             id=\"block-split-block_5fa0b64f24f4bc38e69de4640db2dc99\"\n             data-mt=\"none\"             data-mb=\"larger\">\n\n        \n        <div class=\"row block-split__row block-split__row--image-content\">\n\n            <div class=\"col col--1 col--md-1\/2\">\n                <div class=\"block-split__content block-split__content--color-light|false block-split__content--right\"\n                     style=\"background: var(--novi-color-light);\">\n                    \n<h3 class=\"novi-block block-heading h4\"data-mb=\"smaller\" id=\"novi-heading-42ce366e-99ff-4ce9-bf35-24b60ac90f22\">Caract\u00e9ristiques<\/h3>\n\n\n\n    <div class=\"novi-block block-icons-with-text block-icons-with-text--is-vertical\"\n         data-mt=\"none\"         data-mb=\"none\">\n\n        <div class=\"block-icons-with-text__items\">\n            \n                <article class=\"block-icons-with-text__item\">\n\n                    <div class=\"block-icons-with-text__item-inner\">\n                                            <figure class=\"block-icons-with-text__item-icon-container\">\n                            <img decoding=\"async\" src=\"https:\/\/vdldemeeuw.be\/fr\/wp-content\/uploads\/sites\/2\/2024\/05\/vdldemeeuw-utiliteit.svg\"\n                                 loading=\"lazy\"\n                                 class=\"block-icons-with-text__item-icon\"\n                                 alt=\"vdldemeeuw-utiliteit\"\n                                                                  \/>\n                        <\/figure>\n                    \n                    <div class=\"block-icons-with-text__item-meta\">\n\n                                                    <span class=\"block-icons-with-text__item-title\">\n                                Client                            <\/span>\n                        \n                                                    <span class=\"block-icons-with-text__item-description\">\n                                Baxter R&amp;D Europe                            <\/span>\n                        \n                    <\/div>\n\n                    <\/div>\n                <\/article>\n\n            \n                <article class=\"block-icons-with-text__item\">\n\n                    <div class=\"block-icons-with-text__item-inner\">\n                                            <figure class=\"block-icons-with-text__item-icon-container\">\n                            <img decoding=\"async\" src=\"https:\/\/vdldemeeuw.be\/fr\/wp-content\/uploads\/sites\/2\/2024\/05\/vdldemeeuw-service-onderhoud.svg\"\n                                 loading=\"lazy\"\n                                 class=\"block-icons-with-text__item-icon\"\n                                 alt=\"vdldemeeuw-service-onderhoud\"\n                                                                  \/>\n                        <\/figure>\n                    \n                    <div class=\"block-icons-with-text__item-meta\">\n\n                                                    <span class=\"block-icons-with-text__item-title\">\n                                Projet                            <\/span>\n                        \n                                                    <span class=\"block-icons-with-text__item-description\">\n                                B\u00e2timent de bureaux                            <\/span>\n                        \n                    <\/div>\n\n                    <\/div>\n                <\/article>\n\n            \n                <article class=\"block-icons-with-text__item\">\n\n                    <div class=\"block-icons-with-text__item-inner\">\n                                            <figure class=\"block-icons-with-text__item-icon-container\">\n                            <img decoding=\"async\" src=\"https:\/\/vdldemeeuw.be\/fr\/wp-content\/uploads\/sites\/2\/2024\/05\/vdldemeeuw-service-onderhoud.svg\"\n                                 loading=\"lazy\"\n                                 class=\"block-icons-with-text__item-icon\"\n                                 alt=\"vdldemeeuw-service-onderhoud\"\n                                                                  \/>\n                        <\/figure>\n                    \n                    <div class=\"block-icons-with-text__item-meta\">\n\n                                                    <span class=\"block-icons-with-text__item-title\">\n                                Type de construction                            <\/span>\n                        \n                                                    <span class=\"block-icons-with-text__item-description\">\n                                Temporaire                            <\/span>\n                        \n                    <\/div>\n\n                    <\/div>\n                <\/article>\n\n            \n                <article class=\"block-icons-with-text__item\">\n\n                    <div class=\"block-icons-with-text__item-inner\">\n                                            <figure class=\"block-icons-with-text__item-icon-container\">\n                            <img decoding=\"async\" src=\"https:\/\/vdldemeeuw.be\/fr\/wp-content\/uploads\/sites\/2\/2024\/05\/vdldemeeuw-service-onderhoud.svg\"\n                                 loading=\"lazy\"\n                                 class=\"block-icons-with-text__item-icon\"\n                                 alt=\"vdldemeeuw-service-onderhoud\"\n                                                                  \/>\n                        <\/figure>\n                    \n                    <div class=\"block-icons-with-text__item-meta\">\n\n                                                    <span class=\"block-icons-with-text__item-title\">\n                                Ann\u00e9e de construction                            <\/span>\n                        \n                                                    <span class=\"block-icons-with-text__item-description\">\n                                2008                            <\/span>\n                        \n                    <\/div>\n\n                    <\/div>\n                <\/article>\n\n            \n                <article class=\"block-icons-with-text__item\">\n\n                    <div class=\"block-icons-with-text__item-inner\">\n                                            <figure class=\"block-icons-with-text__item-icon-container\">\n                            <img decoding=\"async\" src=\"https:\/\/vdldemeeuw.be\/fr\/wp-content\/uploads\/sites\/2\/2024\/05\/vdldemeeuw-service-onderhoud.svg\"\n                                 loading=\"lazy\"\n                                 class=\"block-icons-with-text__item-icon\"\n                                 alt=\"vdldemeeuw-service-onderhoud\"\n                                                                  \/>\n                        <\/figure>\n                    \n                    <div class=\"block-icons-with-text__item-meta\">\n\n                                                    <span class=\"block-icons-with-text__item-title\">\n                                Fonctionnalit\u00e9                            <\/span>\n                        \n                                                    <span class=\"block-icons-with-text__item-description\">\n                                Comfort &amp; Tech                            <\/span>\n                        \n                    <\/div>\n\n                    <\/div>\n                <\/article>\n\n            \n                <article class=\"block-icons-with-text__item\">\n\n                    <div class=\"block-icons-with-text__item-inner\">\n                                            <figure class=\"block-icons-with-text__item-icon-container\">\n                            <img decoding=\"async\" src=\"https:\/\/vdldemeeuw.be\/fr\/wp-content\/uploads\/sites\/2\/2024\/05\/vdldemeeuw-service-onderhoud.svg\"\n                                 loading=\"lazy\"\n                                 class=\"block-icons-with-text__item-icon\"\n                                 alt=\"vdldemeeuw-service-onderhoud\"\n                                                                  \/>\n                        <\/figure>\n                    \n                    <div class=\"block-icons-with-text__item-meta\">\n\n                                                    <span class=\"block-icons-with-text__item-title\">\n                                Lieu                            <\/span>\n                        \n                                                    <span class=\"block-icons-with-text__item-description\">\n                                Nivelles                            <\/span>\n                        \n                    <\/div>\n\n                    <\/div>\n                <\/article>\n\n            \n                <article class=\"block-icons-with-text__item\">\n\n                    <div class=\"block-icons-with-text__item-inner\">\n                                            <figure class=\"block-icons-with-text__item-icon-container\">\n                            <img decoding=\"async\" src=\"https:\/\/vdldemeeuw.be\/fr\/wp-content\/uploads\/sites\/2\/2024\/05\/vdldemeeuw-service-onderhoud.svg\"\n                                 loading=\"lazy\"\n                                 class=\"block-icons-with-text__item-icon\"\n                                 alt=\"vdldemeeuw-service-onderhoud\"\n                                                                  \/>\n                        <\/figure>\n                    \n                    <div class=\"block-icons-with-text__item-meta\">\n\n                                                    <span class=\"block-icons-with-text__item-title\">\n                                Surface de plancher (m\u00b2)                            <\/span>\n                        \n                                                    <span class=\"block-icons-with-text__item-description\">\n                                796 m\u00b2                            <\/span>\n                        \n                    <\/div>\n\n                    <\/div>\n                <\/article>\n\n                    <\/div>\n\n    <\/div>\n\n\n\n                <\/div>\n            <\/div>\n\n            <div class=\"col col--1 col--md-1\/2\">\n\n                <figure class=\"block-split__image-container block-split__image-container--left block-split--hover-effect-default\"\n                                                                                                                                                                        >\n\n                    <picture class=\"block-split__picture\" draggable=\"false\">\n\n                                                    <source media=\"(min-width: 481px)\"\n                                    width=\"704px\"\n                                    height=\"563px\"\n                                    srcset=\"https:\/\/vdldemeeuw.be\/fr\/wp-content\/uploads\/sites\/2\/2025\/06\/FRE2489-Panorama-704x563.jpg\"\/>\n\n                            <source media=\"(min-width: 0px)\"\n                                    width=\"390px\"\n                                    height=\"330px\"\n                                    srcset=\"https:\/\/vdldemeeuw.be\/fr\/wp-content\/uploads\/sites\/2\/2025\/06\/FRE2489-Panorama-680x563.jpg 2x, https:\/\/vdldemeeuw.be\/fr\/wp-content\/uploads\/sites\/2\/2025\/06\/FRE2489-Panorama-390x330.jpg\"\/>\n\n                        \n                        <img decoding=\"async\" loading=\"lazy\"\n                             class=\"block-split__image\"\n                             draggable=\"false\"\n                             src=\"https:\/\/vdldemeeuw.be\/fr\/wp-content\/uploads\/sites\/2\/2025\/06\/FRE2489-Panorama-704x563.jpg\"\n                             alt=\"_FRE2489 Panorama\"\n                             width=\"704px\"                             height=\"563px\"\/>\n\n                    <\/picture>\n\n                                    <\/figure>\n\n            <\/div>\n        <\/div>\n    <\/section>\n\n\n\n\n","protected":false},"featured_media":7102,"template":"","project-category":[32],"class_list":["post-7101","project","type-project","status-publish","has-post-thumbnail","hentry"],"acf":[],"yoast_head":"<title>Espace de travail pour Baxter R&amp;D Europe | VDL De Meeuw<\/title>\n<meta name=\"description\" content=\"Baxter R&amp;D : bureaux temporaires de 796\u202fm\u00b2 \u00e0 Nivelles, con\u00e7us en 2008 pour soutenir la recherche via un espace flexible et collaboratif.\" \/>\n<meta name=\"robots\" content=\"index, follow, max-snippet:-1, max-image-preview:large, max-video-preview:-1\" \/>\n<link rel=\"canonical\" href=\"https:\/\/vdldemeeuw.be\/fr\/projets\/baxter-r-d-europe\/\" \/>\n<meta property=\"og:locale\" content=\"fr_FR\" \/>\n<meta property=\"og:type\" content=\"article\" \/>\n<meta property=\"og:title\" content=\"Espace de travail pour Baxter R&amp;D Europe | VDL De Meeuw\" \/>\n<meta property=\"og:description\" content=\"Baxter R&amp;D : bureaux temporaires de 796\u202fm\u00b2 \u00e0 Nivelles, con\u00e7us en 2008 pour soutenir la recherche via un espace flexible et collaboratif.\" \/>\n<meta property=\"og:url\" content=\"https:\/\/vdldemeeuw.be\/fr\/projets\/baxter-r-d-europe\/\" \/>\n<meta property=\"og:site_name\" content=\"VDL De Meeuw FR\" \/>\n<meta property=\"article:modified_time\" content=\"2025-06-25T16:18:46+00:00\" \/>\n<meta property=\"og:image\" content=\"https:\/\/vdldemeeuw.be\/fr\/wp-content\/uploads\/sites\/2\/2025\/06\/FRE2479.jpg\" \/>\n\t<meta property=\"og:image:width\" content=\"800\" \/>\n\t<meta property=\"og:image:height\" content=\"562\" \/>\n\t<meta property=\"og:image:type\" content=\"image\/jpeg\" \/>\n<meta name=\"twitter:card\" content=\"summary_large_image\" \/>\n<meta name=\"twitter:label1\" content=\"Dur\u00e9e de lecture estim\u00e9e\" \/>\n\t<meta name=\"twitter:data1\" content=\"2 minutes\" \/>\n<script type=\"application\/ld+json\" class=\"yoast-schema-graph\">{\"@context\":\"https:\/\/schema.org\",\"@graph\":[{\"@type\":\"WebPage\",\"@id\":\"https:\/\/vdldemeeuw.be\/fr\/projets\/baxter-r-d-europe\/\",\"url\":\"https:\/\/vdldemeeuw.be\/fr\/projets\/baxter-r-d-europe\/\",\"name\":\"Espace de travail pour Baxter R&D Europe | VDL De Meeuw\",\"isPartOf\":{\"@id\":\"https:\/\/vdldemeeuw.be\/fr\/#website\"},\"primaryImageOfPage\":{\"@id\":\"https:\/\/vdldemeeuw.be\/fr\/projets\/baxter-r-d-europe\/#primaryimage\"},\"image\":{\"@id\":\"https:\/\/vdldemeeuw.be\/fr\/projets\/baxter-r-d-europe\/#primaryimage\"},\"thumbnailUrl\":\"https:\/\/vdldemeeuw.be\/fr\/wp-content\/uploads\/sites\/2\/2025\/06\/FRE2479.jpg\",\"datePublished\":\"2025-06-02T07:48:50+00:00\",\"dateModified\":\"2025-06-25T16:18:46+00:00\",\"description\":\"Baxter R&D : bureaux temporaires de 796\u202fm\u00b2 \u00e0 Nivelles, con\u00e7us en 2008 pour soutenir la recherche via un espace flexible et collaboratif.\",\"breadcrumb\":{\"@id\":\"https:\/\/vdldemeeuw.be\/fr\/projets\/baxter-r-d-europe\/#breadcrumb\"},\"inLanguage\":\"fr-FR\",\"potentialAction\":[{\"@type\":\"ReadAction\",\"target\":[\"https:\/\/vdldemeeuw.be\/fr\/projets\/baxter-r-d-europe\/\"]}]},{\"@type\":\"ImageObject\",\"inLanguage\":\"fr-FR\",\"@id\":\"https:\/\/vdldemeeuw.be\/fr\/projets\/baxter-r-d-europe\/#primaryimage\",\"url\":\"https:\/\/vdldemeeuw.be\/fr\/wp-content\/uploads\/sites\/2\/2025\/06\/FRE2479.jpg\",\"contentUrl\":\"https:\/\/vdldemeeuw.be\/fr\/wp-content\/uploads\/sites\/2\/2025\/06\/FRE2479.jpg\",\"width\":800,\"height\":562},{\"@type\":\"BreadcrumbList\",\"@id\":\"https:\/\/vdldemeeuw.be\/fr\/projets\/baxter-r-d-europe\/#breadcrumb\",\"itemListElement\":[{\"@type\":\"ListItem\",\"position\":1,\"name\":\"\",\"item\":\"https:\/\/vdldemeeuw.be\/fr\/\"},{\"@type\":\"ListItem\",\"position\":2,\"name\":\"Projects\",\"item\":\"https:\/\/vdldemeeuw.be\/fr\/projets\/\"},{\"@type\":\"ListItem\",\"position\":3,\"name\":\"Espace de travail flexible pour Baxter R&amp;D Europe\"}]},{\"@type\":\"WebSite\",\"@id\":\"https:\/\/vdldemeeuw.be\/fr\/#website\",\"url\":\"https:\/\/vdldemeeuw.be\/fr\/\",\"name\":\"VDL De Meeuw FR\",\"description\":\"\",\"potentialAction\":[{\"@type\":\"SearchAction\",\"target\":{\"@type\":\"EntryPoint\",\"urlTemplate\":\"https:\/\/vdldemeeuw.be\/fr\/?search-query={search_term_string}\"},\"query-input\":{\"@type\":\"PropertyValueSpecification\",\"valueRequired\":true,\"valueName\":\"search_term_string\"}}],\"inLanguage\":\"fr-FR\"}]}<\/script>","yoast_head_json":{"title":"Espace de travail pour Baxter R&D Europe | VDL De Meeuw","description":"Baxter R&D : bureaux temporaires de 796\u202fm\u00b2 \u00e0 Nivelles, con\u00e7us en 2008 pour soutenir la recherche via un espace flexible et collaboratif.","robots":{"index":"index","follow":"follow","max-snippet":"max-snippet:-1","max-image-preview":"max-image-preview:large","max-video-preview":"max-video-preview:-1"},"canonical":"https:\/\/vdldemeeuw.be\/fr\/projets\/baxter-r-d-europe\/","og_locale":"fr_FR","og_type":"article","og_title":"Espace de travail pour Baxter R&D Europe | VDL De Meeuw","og_description":"Baxter R&D : bureaux temporaires de 796\u202fm\u00b2 \u00e0 Nivelles, con\u00e7us en 2008 pour soutenir la recherche via un espace flexible et collaboratif.","og_url":"https:\/\/vdldemeeuw.be\/fr\/projets\/baxter-r-d-europe\/","og_site_name":"VDL De Meeuw FR","article_modified_time":"2025-06-25T16:18:46+00:00","og_image":[{"width":800,"height":562,"url":"https:\/\/vdldemeeuw.be\/fr\/wp-content\/uploads\/sites\/2\/2025\/06\/FRE2479.jpg","type":"image\/jpeg"}],"twitter_card":"summary_large_image","twitter_misc":{"Dur\u00e9e de lecture estim\u00e9e":"2 minutes"},"schema":{"@context":"https:\/\/schema.org","@graph":[{"@type":"WebPage","@id":"https:\/\/vdldemeeuw.be\/fr\/projets\/baxter-r-d-europe\/","url":"https:\/\/vdldemeeuw.be\/fr\/projets\/baxter-r-d-europe\/","name":"Espace de travail pour Baxter R&D Europe | VDL De Meeuw","isPartOf":{"@id":"https:\/\/vdldemeeuw.be\/fr\/#website"},"primaryImageOfPage":{"@id":"https:\/\/vdldemeeuw.be\/fr\/projets\/baxter-r-d-europe\/#primaryimage"},"image":{"@id":"https:\/\/vdldemeeuw.be\/fr\/projets\/baxter-r-d-europe\/#primaryimage"},"thumbnailUrl":"https:\/\/vdldemeeuw.be\/fr\/wp-content\/uploads\/sites\/2\/2025\/06\/FRE2479.jpg","datePublished":"2025-06-02T07:48:50+00:00","dateModified":"2025-06-25T16:18:46+00:00","description":"Baxter R&D : bureaux temporaires de 796\u202fm\u00b2 \u00e0 Nivelles, con\u00e7us en 2008 pour soutenir la recherche via un espace flexible et collaboratif.","breadcrumb":{"@id":"https:\/\/vdldemeeuw.be\/fr\/projets\/baxter-r-d-europe\/#breadcrumb"},"inLanguage":"fr-FR","potentialAction":[{"@type":"ReadAction","target":["https:\/\/vdldemeeuw.be\/fr\/projets\/baxter-r-d-europe\/"]}]},{"@type":"ImageObject","inLanguage":"fr-FR","@id":"https:\/\/vdldemeeuw.be\/fr\/projets\/baxter-r-d-europe\/#primaryimage","url":"https:\/\/vdldemeeuw.be\/fr\/wp-content\/uploads\/sites\/2\/2025\/06\/FRE2479.jpg","contentUrl":"https:\/\/vdldemeeuw.be\/fr\/wp-content\/uploads\/sites\/2\/2025\/06\/FRE2479.jpg","width":800,"height":562},{"@type":"BreadcrumbList","@id":"https:\/\/vdldemeeuw.be\/fr\/projets\/baxter-r-d-europe\/#breadcrumb","itemListElement":[{"@type":"ListItem","position":1,"name":"","item":"https:\/\/vdldemeeuw.be\/fr\/"},{"@type":"ListItem","position":2,"name":"Projects","item":"https:\/\/vdldemeeuw.be\/fr\/projets\/"},{"@type":"ListItem","position":3,"name":"Espace de travail flexible pour Baxter R&amp;D Europe"}]},{"@type":"WebSite","@id":"https:\/\/vdldemeeuw.be\/fr\/#website","url":"https:\/\/vdldemeeuw.be\/fr\/","name":"VDL De Meeuw FR","description":"","potentialAction":[{"@type":"SearchAction","target":{"@type":"EntryPoint","urlTemplate":"https:\/\/vdldemeeuw.be\/fr\/?search-query={search_term_string}"},"query-input":{"@type":"PropertyValueSpecification","valueRequired":true,"valueName":"search_term_string"}}],"inLanguage":"fr-FR"}]}},"_links":{"self":[{"href":"https:\/\/vdldemeeuw.be\/fr\/wp-json\/wp\/v2\/project\/7101","targetHints":{"allow":["GET"]}}],"collection":[{"href":"https:\/\/vdldemeeuw.be\/fr\/wp-json\/wp\/v2\/project"}],"about":[{"href":"https:\/\/vdldemeeuw.be\/fr\/wp-json\/wp\/v2\/types\/project"}],"version-history":[{"count":7,"href":"https:\/\/vdldemeeuw.be\/fr\/wp-json\/wp\/v2\/project\/7101\/revisions"}],"predecessor-version":[{"id":10437,"href":"https:\/\/vdldemeeuw.be\/fr\/wp-json\/wp\/v2\/project\/7101\/revisions\/10437"}],"wp:featuredmedia":[{"embeddable":true,"href":"https:\/\/vdldemeeuw.be\/fr\/wp-json\/wp\/v2\/media\/7102"}],"wp:attachment":[{"href":"https:\/\/vdldemeeuw.be\/fr\/wp-json\/wp\/v2\/media?parent=7101"}],"wp:term":[{"taxonomy":"project-category","embeddable":true,"href":"https:\/\/vdldemeeuw.be\/fr\/wp-json\/wp\/v2\/project-category?post=7101"}],"curies":[{"name":"wp","href":"https:\/\/api.w.org\/{rel}","templated":true}]}}