{"id":6529,"date":"2025-05-16T15:05:52","date_gmt":"2025-05-16T13:05:52","guid":{"rendered":"https:\/\/vdldemeeuw.be\/fr\/?post_type=project&#038;p=6529"},"modified":"2025-06-26T15:42:22","modified_gmt":"2025-06-26T13:42:22","slug":"uz-gand-salle-blanche-modulaire","status":"publish","type":"project","link":"https:\/\/vdldemeeuw.be\/fr\/projets\/uz-gand-salle-blanche-modulaire\/","title":{"rendered":"UZ Gand &#8211; salle blanche modulaire de 900 m\u00b2"},"content":{"rendered":"\n<section class=\"novi-block block-row block-row--stretch-narrow\"data-mb=\"larger\">\n    <div class=\"block-row__row row\">\n                \n\n<div class=\"novi-block block-column col col--1 col--lg-1\/1\">\n    \n<h2 class=\"novi-block block-heading h2\"data-mb=\"smaller\" id=\"novi-heading-bfc97087-63be-4e8a-9cf4-3f1a3c11244c\">La plus grande salle blanche modulaire de Belgique sur le campus de l\u2019UZ Gent<\/h2>\n\n<p class=\"novi-block block-paragraph\"data-mb=\"small\"><strong>Afin de r\u00e9pondre aux normes PIC\/S plus strictes qui entreront en vigueur en 2026, la pharmacie hospitali\u00e8re de l\u2019UZ Gent a pris une avance ambitieuse. D\u00e8s 2023, l\u2019h\u00f4pital a ouvert une salle blanche flambant neuve et ultramoderne, install\u00e9e dans un b\u00e2timent modulaire temporaire. R\u00e9sultat : une solution durable alliant rapidit\u00e9, pr\u00e9cision et p\u00e9rennit\u00e9, r\u00e9alis\u00e9e par VDL De Meeuw.<\/strong><\/p>\n\n<p class=\"novi-block block-paragraph\"data-mb=\"small\"><\/p>\n\n<h2 class=\"novi-block block-heading h2\"data-mb=\"smaller\" id=\"novi-heading-eedbf1bf-a2f4-4bb0-98ed-919ba12ffd42\">Une salle blanche d\u2019envergure tourn\u00e9e vers l\u2019avenir<\/h2>\n\n<p class=\"novi-block block-paragraph\"data-mb=\"small\">Avec ses 900\u202fm\u00b2, la salle blanche modulaire de l\u2019UZ Gent est la plus grande d\u2019Europe. Elle offre un environnement parfaitement contr\u00f4l\u00e9 pour la pr\u00e9paration de m\u00e9dicaments st\u00e9riles et non st\u00e9riles, avec des zones d\u00e9di\u00e9es aux \u00e9tudes cliniques, \u00e0 l\u2019\u00e9tiquetage et au stockage.<\/p>\n\n<p class=\"novi-block block-paragraph\"data-mb=\"small\">L\u2019UZ Gent affirme ainsi sa position de partenaire strat\u00e9gique pour d\u2019autres h\u00f4pitaux, chercheurs et entreprises pharmaceutiques.<\/p>\n\n<p class=\"novi-block block-paragraph\"data-mb=\"small\">La salle blanche est int\u00e9gr\u00e9e dans un b\u00e2timent modulaire temporaire de 2.250\u202fm\u00b2, r\u00e9parti sur deux niveaux et compos\u00e9 de 124 modules. La construction est pr\u00e9vue pour une dur\u00e9e de location minimale de dix ans, en ligne avec le plan directeur du Projet U pour l\u2019ensemble du campus hospitalier.<\/p>\n<\/div>\n            <\/div>\n<\/section>\n\n\n\n\n\n    \n    <section class=\"novi-block block-split\"\n             id=\"block-split-block_c4b6b4f1d5a2a57663d8ad6e01660456\"\n             data-mt=\"none\"             data-mb=\"larger\">\n\n        \n        <div class=\"row block-split__row block-split__row--image-content\">\n\n            <div class=\"col col--1 col--md-1\/2\">\n                <div class=\"block-split__content block-split__content--color-light|false block-split__content--right\"\n                     style=\"background: var(--novi-color-light);\">\n                    \n<h3 class=\"novi-block block-heading h4\"data-mb=\"smaller\" id=\"novi-heading-42ce366e-99ff-4ce9-bf35-24b60ac90f22\">Caract\u00e9ristiques<\/h3>\n\n\n\n    <div class=\"novi-block block-icons-with-text block-icons-with-text--is-vertical\"\n         data-mt=\"none\"         data-mb=\"none\">\n\n        <div class=\"block-icons-with-text__items\">\n            \n                <article class=\"block-icons-with-text__item\">\n\n                    <div class=\"block-icons-with-text__item-inner\">\n                                            <figure class=\"block-icons-with-text__item-icon-container\">\n                            <img decoding=\"async\" src=\"https:\/\/vdldemeeuw.be\/fr\/wp-content\/uploads\/sites\/2\/2024\/05\/vdldemeeuw-utiliteit.svg\"\n                                 loading=\"lazy\"\n                                 class=\"block-icons-with-text__item-icon\"\n                                 alt=\"vdldemeeuw-utiliteit\"\n                                                                  \/>\n                        <\/figure>\n                    \n                    <div class=\"block-icons-with-text__item-meta\">\n\n                                                    <span class=\"block-icons-with-text__item-title\">\n                                Client                            <\/span>\n                        \n                                                    <span class=\"block-icons-with-text__item-description\">\n                                UZ Gand                            <\/span>\n                        \n                    <\/div>\n\n                    <\/div>\n                <\/article>\n\n            \n                <article class=\"block-icons-with-text__item\">\n\n                    <div class=\"block-icons-with-text__item-inner\">\n                                            <figure class=\"block-icons-with-text__item-icon-container\">\n                            <img decoding=\"async\" src=\"https:\/\/vdldemeeuw.be\/fr\/wp-content\/uploads\/sites\/2\/2024\/05\/vdldemeeuw-service-onderhoud.svg\"\n                                 loading=\"lazy\"\n                                 class=\"block-icons-with-text__item-icon\"\n                                 alt=\"vdldemeeuw-service-onderhoud\"\n                                                                  \/>\n                        <\/figure>\n                    \n                    <div class=\"block-icons-with-text__item-meta\">\n\n                                                    <span class=\"block-icons-with-text__item-title\">\n                                Projet                            <\/span>\n                        \n                                                    <span class=\"block-icons-with-text__item-description\">\n                                Salle blanche modulaire                            <\/span>\n                        \n                    <\/div>\n\n                    <\/div>\n                <\/article>\n\n            \n                <article class=\"block-icons-with-text__item\">\n\n                    <div class=\"block-icons-with-text__item-inner\">\n                                            <figure class=\"block-icons-with-text__item-icon-container\">\n                            <img decoding=\"async\" src=\"https:\/\/vdldemeeuw.be\/fr\/wp-content\/uploads\/sites\/2\/2024\/05\/vdldemeeuw-service-onderhoud.svg\"\n                                 loading=\"lazy\"\n                                 class=\"block-icons-with-text__item-icon\"\n                                 alt=\"vdldemeeuw-service-onderhoud\"\n                                                                  \/>\n                        <\/figure>\n                    \n                    <div class=\"block-icons-with-text__item-meta\">\n\n                                                    <span class=\"block-icons-with-text__item-title\">\n                                Type de construction                            <\/span>\n                        \n                                                    <span class=\"block-icons-with-text__item-description\">\n                                Temporaire                            <\/span>\n                        \n                    <\/div>\n\n                    <\/div>\n                <\/article>\n\n            \n                <article class=\"block-icons-with-text__item\">\n\n                    <div class=\"block-icons-with-text__item-inner\">\n                                            <figure class=\"block-icons-with-text__item-icon-container\">\n                            <img decoding=\"async\" src=\"https:\/\/vdldemeeuw.be\/fr\/wp-content\/uploads\/sites\/2\/2024\/05\/vdldemeeuw-service-onderhoud.svg\"\n                                 loading=\"lazy\"\n                                 class=\"block-icons-with-text__item-icon\"\n                                 alt=\"vdldemeeuw-service-onderhoud\"\n                                                                  \/>\n                        <\/figure>\n                    \n                    <div class=\"block-icons-with-text__item-meta\">\n\n                                                    <span class=\"block-icons-with-text__item-title\">\n                                Ann\u00e9e de construction                            <\/span>\n                        \n                                                    <span class=\"block-icons-with-text__item-description\">\n                                2022-2023                            <\/span>\n                        \n                    <\/div>\n\n                    <\/div>\n                <\/article>\n\n            \n                <article class=\"block-icons-with-text__item\">\n\n                    <div class=\"block-icons-with-text__item-inner\">\n                                            <figure class=\"block-icons-with-text__item-icon-container\">\n                            <img decoding=\"async\" src=\"https:\/\/vdldemeeuw.be\/fr\/wp-content\/uploads\/sites\/2\/2024\/05\/vdldemeeuw-service-onderhoud.svg\"\n                                 loading=\"lazy\"\n                                 class=\"block-icons-with-text__item-icon\"\n                                 alt=\"vdldemeeuw-service-onderhoud\"\n                                                                  \/>\n                        <\/figure>\n                    \n                    <div class=\"block-icons-with-text__item-meta\">\n\n                                                    <span class=\"block-icons-with-text__item-title\">\n                                Fonctionnalit\u00e9                            <\/span>\n                        \n                                                    <span class=\"block-icons-with-text__item-description\">\n                                Comfort &amp; Tech                            <\/span>\n                        \n                    <\/div>\n\n                    <\/div>\n                <\/article>\n\n            \n                <article class=\"block-icons-with-text__item\">\n\n                    <div class=\"block-icons-with-text__item-inner\">\n                                            <figure class=\"block-icons-with-text__item-icon-container\">\n                            <img decoding=\"async\" src=\"https:\/\/vdldemeeuw.be\/fr\/wp-content\/uploads\/sites\/2\/2024\/05\/vdldemeeuw-service-onderhoud.svg\"\n                                 loading=\"lazy\"\n                                 class=\"block-icons-with-text__item-icon\"\n                                 alt=\"vdldemeeuw-service-onderhoud\"\n                                                                  \/>\n                        <\/figure>\n                    \n                    <div class=\"block-icons-with-text__item-meta\">\n\n                                                    <span class=\"block-icons-with-text__item-title\">\n                                Lieu                            <\/span>\n                        \n                                                    <span class=\"block-icons-with-text__item-description\">\n                                Gand                            <\/span>\n                        \n                    <\/div>\n\n                    <\/div>\n                <\/article>\n\n            \n                <article class=\"block-icons-with-text__item\">\n\n                    <div class=\"block-icons-with-text__item-inner\">\n                                            <figure class=\"block-icons-with-text__item-icon-container\">\n                            <img decoding=\"async\" src=\"https:\/\/vdldemeeuw.be\/fr\/wp-content\/uploads\/sites\/2\/2024\/05\/vdldemeeuw-service-onderhoud.svg\"\n                                 loading=\"lazy\"\n                                 class=\"block-icons-with-text__item-icon\"\n                                 alt=\"vdldemeeuw-service-onderhoud\"\n                                                                  \/>\n                        <\/figure>\n                    \n                    <div class=\"block-icons-with-text__item-meta\">\n\n                                                    <span class=\"block-icons-with-text__item-title\">\n                                Surface de plancher (m\u00b2)                            <\/span>\n                        \n                                                    <span class=\"block-icons-with-text__item-description\">\n                                B\u00e2timent modulaire temporaire de 2.250\u202fm\u00b2 \u2013 Salle blanche de 900\u202fm\u00b2\r\n                            <\/span>\n                        \n                    <\/div>\n\n                    <\/div>\n                <\/article>\n\n                    <\/div>\n\n    <\/div>\n\n\n\n                <\/div>\n            <\/div>\n\n            <div class=\"col col--1 col--md-1\/2\">\n\n                <figure class=\"block-split__image-container block-split__image-container--left block-split--hover-effect-default\"\n                                                                                                                                                                        >\n\n                    <picture class=\"block-split__picture\" draggable=\"false\">\n\n                                                    <source media=\"(min-width: 481px)\"\n                                    width=\"704px\"\n                                    height=\"640px\"\n                                    srcset=\"https:\/\/vdldemeeuw.be\/fr\/wp-content\/uploads\/sites\/2\/2025\/05\/UZ-Gent-Cleanroom-Tijdelijk-2-704x640.jpg\"\/>\n\n                            <source media=\"(min-width: 0px)\"\n                                    width=\"390px\"\n                                    height=\"330px\"\n                                    srcset=\"https:\/\/vdldemeeuw.be\/fr\/wp-content\/uploads\/sites\/2\/2024\/12\/demeeuw-uzgent-hires-2290-edit2_2024-02-10-173112_fviy-680x660.jpg 2x, https:\/\/vdldemeeuw.be\/fr\/wp-content\/uploads\/sites\/2\/2024\/12\/demeeuw-uzgent-hires-2290-edit2_2024-02-10-173112_fviy-390x330.jpg\"\/>\n\n                        \n                        <img decoding=\"async\" loading=\"lazy\"\n                             class=\"block-split__image\"\n                             draggable=\"false\"\n                             src=\"https:\/\/vdldemeeuw.be\/fr\/wp-content\/uploads\/sites\/2\/2025\/05\/UZ-Gent-Cleanroom-Tijdelijk-2-704x640.jpg\"\n                             alt=\"UZ Gent, Cleanroom, Tijdelijk (2)\"\n                             width=\"704px\"                             height=\"640px\"\/>\n\n                    <\/picture>\n\n                                    <\/figure>\n\n            <\/div>\n        <\/div>\n    <\/section>\n\n\n\n\n\n\n\n<section class=\"novi-block block-row\"data-mb=\"regular\">\n    <div class=\"block-row__row row block-row__row--preset-1\/2|1\/2\">\n                \n\n<div class=\"novi-block block-column col col--1 col--lg-1\/2\">\n    \n<h2 class=\"novi-block block-heading h2\"data-mb=\"smaller\" id=\"novi-heading-60660bf6-4f02-4f11-a6bd-e5f2661f04cf\">Qualit\u00e9, rapidit\u00e9 et sur-mesure r\u00e9unis dans un seul projet<\/h2>\n\n<p class=\"novi-block block-paragraph\"data-mb=\"small\">VDL De Meeuw a \u00e9t\u00e9 s\u00e9lectionn\u00e9 comme entrepreneur principal \u00e0 l\u2019issue d\u2019une mini-comp\u00e9tition dans le cadre d\u2019un march\u00e9 \u00e0 bons de commande. Ce qui a fait pencher la balance : une expertise technique \u00e9prouv\u00e9e, un planning r\u00e9aliste et une offre comp\u00e9titive. Gr\u00e2ce au syst\u00e8me de construction modulaire, le projet a pu \u00eatre men\u00e9 \u00e0 bien avec une rapidit\u00e9 exceptionnelle et un contr\u00f4le maximal.<\/p>\n\n<p class=\"novi-block block-paragraph\"data-mb=\"small\">Le montage s\u2019est d\u00e9roul\u00e9 en plusieurs phases\u202f:<\/p>\n\n<p class=\"novi-block block-paragraph\"data-mb=\"small\">Tout d\u2019abord, les travaux de terrassement et de pr\u00e9paration ont permis de rendre le terrain parfaitement constructible.<\/p>\n\n<p class=\"novi-block block-paragraph\"data-mb=\"small\">Une d\u00e9coupe sur mesure dans le volume du b\u00e2timent a permis de pr\u00e9server des arbres remarquables pr\u00e9sents sur le site.<\/p>\n\n<p class=\"novi-block block-paragraph\"data-mb=\"small\">En raison des dimensions exceptionnelles des modules du rez-de-chauss\u00e9e, \u00e0 savoir une hauteur int\u00e9rieure de 4,5 m\u00e8tres et une hauteur ext\u00e9rieure de 5,15 m\u00e8tres, les \u00e9l\u00e9ments ont \u00e9t\u00e9 transport\u00e9s directement jusqu\u2019au campus de l\u2019UZ Gent, puis assembl\u00e9s sur place par nos techniciens exp\u00e9riment\u00e9s. Habituellement, ces modules sont pr\u00e9assembl\u00e9s dans les ateliers de production de VDL De Meeuw Belgium.<\/p>\n\n<p class=\"novi-block block-paragraph\"data-mb=\"small\">Apr\u00e8s la pose du premier niveau, l\u2019enveloppe du b\u00e2timent a \u00e9t\u00e9 rendue parfaitement \u00e9tanche \u00e0 l\u2019air et \u00e0 l\u2019eau afin de garantir le bon fonctionnement de la salle blanche.<\/p>\n\n<p class=\"novi-block block-paragraph\"data-mb=\"small\">La salle blanche elle-m\u00eame a \u00e9t\u00e9 construite selon le principe du \u00ab\u202fbox-in-box \u00bb. Pour garantir un fonctionnement optimal, des techniques intelligentes de ventilation et de climatisation ont \u00e9t\u00e9 mises en \u0153uvre. Elles permettent de r\u00e9guler en continu la qualit\u00e9 et la pression de l\u2019air, tout en assurant une consommation \u00e9nerg\u00e9tique durable.<\/p>\n<\/div>\n\n\n<div class=\"novi-block block-column col col--1 col--lg-1\/2\">\n    \n\n\n\n    <div class=\"novi-block block-image block-image--enable-rounded-corners\"\n         data-mt=\"none\"         data-mb=\"small\"         data-horizontal-align=\"centered\"\n         data-vertical-align=\"centered\"\n         data-mobile-align=\"centered\">\n\n        <figure class=\"block-image__inner\" style=\"max-width: 1620px\">\n\n            \n            <div class=\"block-image__image-container\">\n\n                <picture class=\"block-image__picture\" draggable=\"false\">\n\n                    \n                        <source media=\"(min-width: 414px)\"\n                                width=\"1620px\"\n                                height=\"1080px\"\n                                srcset=\"https:\/\/vdldemeeuw.be\/fr\/wp-content\/uploads\/sites\/2\/2025\/05\/demeeuw-uzgent-hires-2326-EDIT-scaled.jpg\"\/>\n\n                        <source media=\"(min-width: 0px)\"\n                                width=\"360px\"\n                                height=\"240px\"\n                                srcset=\"https:\/\/vdldemeeuw.be\/fr\/wp-content\/uploads\/sites\/2\/2025\/05\/demeeuw-uzgent-hires-2326-EDIT-720x480.jpg 2x, https:\/\/vdldemeeuw.be\/fr\/wp-content\/uploads\/sites\/2\/2025\/05\/demeeuw-uzgent-hires-2326-EDIT-360x240.jpg\"\/>\n\n                    \n                    <img decoding=\"async\" loading=\"lazy\"\n                         class=\"block-image__image\"\n                         alt=\"demeeuw-uzgent-hires-2326 EDIT\"\n                         src=\"https:\/\/vdldemeeuw.be\/fr\/wp-content\/uploads\/sites\/2\/2025\/05\/demeeuw-uzgent-hires-2326-EDIT-scaled.jpg\"\n                         width=\"1620px\"                         height=\"1080px\"\/>\n\n                <\/picture>\n\n                                    <div class=\"block-image__holder block-image__holder--desktop\"\n                         style=\"aspect-ratio: 1620\/1080; max-width: 1620px\">\n                    <\/div>\n                \n                                    <div class=\"block-image__holder block-image__holder--mobile\"\n                         style=\"aspect-ratio: 360\/240; max-width: 360px\">\n                    <\/div>\n                \n            <\/div>\n\n            \n            \n        <\/figure>\n\n    <\/div>\n\n\n\n<\/div>\n            <\/div>\n<\/section>\n\n\n\n<section class=\"novi-block block-row\"data-mb=\"regular\">\n    <div class=\"block-row__row row block-row__row--preset-1\/2|1\/2\">\n                \n\n<div class=\"novi-block block-column col col--1 col--lg-1\/2\">\n    \n\n\n\n    <div class=\"novi-block block-image block-image--enable-rounded-corners\"\n         data-mt=\"none\"         data-mb=\"small\"         data-horizontal-align=\"centered\"\n         data-vertical-align=\"centered\"\n         data-mobile-align=\"centered\">\n\n        <figure class=\"block-image__inner\" style=\"max-width: 1620px\">\n\n            \n            <div class=\"block-image__image-container\">\n\n                <picture class=\"block-image__picture\" draggable=\"false\">\n\n                    \n                        <source media=\"(min-width: 414px)\"\n                                width=\"1620px\"\n                                height=\"1080px\"\n                                srcset=\"https:\/\/vdldemeeuw.be\/fr\/wp-content\/uploads\/sites\/2\/2025\/05\/UZ-Gent-Cleanroom-Tijdelijk-scaled.jpg\"\/>\n\n                        <source media=\"(min-width: 0px)\"\n                                width=\"360px\"\n                                height=\"240px\"\n                                srcset=\"https:\/\/vdldemeeuw.be\/fr\/wp-content\/uploads\/sites\/2\/2025\/05\/UZ-Gent-Cleanroom-Tijdelijk-720x480.jpg 2x, https:\/\/vdldemeeuw.be\/fr\/wp-content\/uploads\/sites\/2\/2025\/05\/UZ-Gent-Cleanroom-Tijdelijk-360x240.jpg\"\/>\n\n                    \n                    <img decoding=\"async\" loading=\"lazy\"\n                         class=\"block-image__image\"\n                         alt=\"UZ Gent, Cleanroom, Tijdelijk\"\n                         src=\"https:\/\/vdldemeeuw.be\/fr\/wp-content\/uploads\/sites\/2\/2025\/05\/UZ-Gent-Cleanroom-Tijdelijk-scaled.jpg\"\n                         width=\"1620px\"                         height=\"1080px\"\/>\n\n                <\/picture>\n\n                                    <div class=\"block-image__holder block-image__holder--desktop\"\n                         style=\"aspect-ratio: 1620\/1080; max-width: 1620px\">\n                    <\/div>\n                \n                                    <div class=\"block-image__holder block-image__holder--mobile\"\n                         style=\"aspect-ratio: 360\/240; max-width: 360px\">\n                    <\/div>\n                \n            <\/div>\n\n            \n            \n        <\/figure>\n\n    <\/div>\n\n\n\n\n\n\n\n    \n    <div class=\"novi-block video-block video-block--hover-effect-default video-block--enable-rounded-corners\"\n         data-video-loading=\"false\"\n         data-video-active=\"false\"\n         data-video-container-id=\"video-container-69f1f9ae2e9df\"\n         data-video-display=\"popup\"\n         data-video-type=\"youtube\"\n         data-video-identifier=\"x173TOdhvZI\"\n         data-mt=\"none\"         data-mb=\"small\">\n\n        <div class=\"video-block__inner\">\n\n            <figure class=\"video-block__image-container\">\n\n                <picture class=\"video-block__picture\" draggable=\"false\">\n\n                    \n                        <source media=\"(min-width: 481px)\" srcset=\"https:\/\/vdldemeeuw.be\/fr\/wp-content\/uploads\/sites\/2\/2025\/05\/demeeuw-uzgent-hires-2262-EDIT-2-1600x900.jpg\"\/>\n\n                        <source media=\"(min-width: 0px)\"\n                                srcset=\"https:\/\/vdldemeeuw.be\/fr\/wp-content\/uploads\/sites\/2\/2025\/05\/demeeuw-uzgent-hires-2262-EDIT-2-800x450.jpg 2x, https:\/\/vdldemeeuw.be\/fr\/wp-content\/uploads\/sites\/2\/2025\/05\/demeeuw-uzgent-hires-2262-EDIT-2-400x225.jpg\"\/>\n\n                    \n                    <img decoding=\"async\" loading=\"lazy\"\n                         class=\"video-block__image\"\n                         draggable=\"false\"\n                         src=\"https:\/\/vdldemeeuw.be\/fr\/wp-content\/uploads\/sites\/2\/2025\/05\/demeeuw-uzgent-hires-2262-EDIT-2-1600x900.jpg\"\n                         alt=\"demeeuw-uzgent-hires-2262 EDIT 2\"\n                         width=\"1600px\"                         height=\"900px\"\/>\n\n                <\/picture>\n\n                \n                <span class=\"video-block__play\">\n                            <span class=\"video-block__play-inner\">\n                                <svg class=\"video-block__play-inner\">\n                                    <use xlink:href=\"https:\/\/vdldemeeuw.be\/fr\/wp-content\/themes\/novionline\/dist\/novionline-icons-9c67b6859f1525585c6967b61fae4ca7.svg#icon-video\"\/>\n                                <\/svg>\n                            <\/span>\n                            \n<div class=\"novi-loader novi-loader--theme-light\" role=\"presentation\">\n\n    <svg class=\"novi-loader__spinner\"\n         width=\"24px\"\n         height=\"24px\"\n         viewBox=\"0 0 66 66\"\n         xmlns=\"http:\/\/www.w3.org\/2000\/svg\">\n        <circle class=\"novi-loader__spinner-circle\"\n                fill=\"none\"\n                stroke-width=\"6\"\n                stroke-linecap=\"round\"\n                cx=\"33\"\n                cy=\"33\"\n                r=\"30\"\/>\n    <\/svg>\n\n    \n<\/div>                        <\/span>\n\n            <\/figure>\n\n        <\/div>\n\n    <\/div>\n\n\n\n\n<\/div>\n\n\n<div class=\"novi-block block-column col col--1 col--lg-1\/2\">\n    \n<h2 class=\"novi-block block-heading h2\"data-mb=\"smaller\" id=\"novi-heading-60660bf6-4f02-4f11-a6bd-e5f2661f04cf\">Am\u00e9nagement intelligent, pens\u00e9 pour le confort et la continuit\u00e9<\/h2>\n\n<p class=\"novi-block block-paragraph\"data-mb=\"small\">Le rez-de-chauss\u00e9e comprend trois zones de stockage avec sas, un local de pes\u00e9e, un ascenseur pour personnes et marchandises, ainsi que la salle blanche proprement dite. Un syst\u00e8me de stockage automatis\u00e9 a \u00e9t\u00e9 int\u00e9gr\u00e9 sur toute la hauteur du b\u00e2timent. Certaines installations ayant une influence sur la charge des planchers, des zones sp\u00e9cifiques ont \u00e9t\u00e9 renforc\u00e9es pour supporter jusqu\u2019\u00e0 10 kN\/m\u00b2 ou ont \u00e9t\u00e9 dot\u00e9es de sols anti-vibrations.<\/p>\n\n<p class=\"novi-block block-paragraph\"data-mb=\"small\">\u00c0 l\u2019\u00e9tage, on trouve des espaces de travail confortables, incluant des bureaux et des salles de r\u00e9union. Pour plus de commodit\u00e9, une plateforme de d\u00e9m\u00e9nagement ind\u00e9pendante a \u00e9t\u00e9 install\u00e9e contre la fa\u00e7ade, garantissant un acc\u00e8s au sec m\u00eame par temps de pluie.<\/p>\n\n<p class=\"novi-block block-paragraph\"data-mb=\"small\">L\u2019esth\u00e9tique du b\u00e2timent s\u2019harmonise parfaitement avec les autres infrastructures modulaires pr\u00e9sentes sur le campus, cr\u00e9ant ainsi une identit\u00e9 architecturale coh\u00e9rente.<\/p>\n\n<h2 class=\"novi-block block-heading h2\"data-mb=\"smaller\" id=\"novi-heading-6da721f9-0bd6-483c-a01a-cb3d2187b0b7\">La collaboration, la cl\u00e9 pour un projet d&rsquo;excellence<\/h2>\n\n<p class=\"novi-block block-paragraph\"data-mb=\"small\">Pour mener \u00e0 bien ce projet complexe, nous avons travaill\u00e9 en \u00e9troite collaboration avec une s\u00e9lection d\u2019entreprises partenaires, toutes reconnues pour leur savoir-faire technique. Le r\u00e9sultat\u202f: une infrastructure temporaire, mais hautement performante, parfaitement adapt\u00e9e aux exigences de la pharmacie hospitali\u00e8re de demain.<\/p>\n\n<p class=\"novi-block block-paragraph\"data-mb=\"small\">Nous sommes fiers d\u2019avoir contribu\u00e9 \u00e0 cette r\u00e9alisation innovante, o\u00f9 construction modulaire et technologie de salle blanche se rejoignent dans un partenariat exemplaire.<\/p>\n\n\n\n    <div class=\"novi-block block-container block-container--rounded-corner-regular block-container--has-background novi-has-light-background\"\n                  data-mt=\"none\"         data-mb=\"none\">\n\n        \n        \n        <div class=\"block-container__inner\" style=\"background: var(--novi-color-light);\">\n                        \n<p class=\"novi-block block-paragraph\"data-mb=\"smaller\"><strong>Ex\u00e9cution flexible sur mesure<\/strong><\/p>\n\n<p class=\"novi-block block-paragraph\"data-mb=\"smaller\">Travaux de terrassement et pr\u00e9paration du terrain<\/p>\n\n<p class=\"novi-block block-paragraph\"data-mb=\"smaller\">Conservation des arbres gr\u00e2ce \u00e0 la d\u00e9coupe sur mesure<\/p>\n\n<p class=\"novi-block block-paragraph\"data-mb=\"smaller\">Montage sur site de modules de grande hauteur par nos propres techniciens<\/p>\n\n<p class=\"novi-block block-paragraph\"data-mb=\"smaller\">Enveloppe parfaitement \u00e9tanche pour la salle blanche<\/p>\n\n<p class=\"novi-block block-paragraph\"data-mb=\"smaller\">Planchers sans vibrations et capacit\u00e9 de charge renforc\u00e9e aux endroits strat\u00e9giques<\/p>\n\n<p class=\"novi-block block-paragraph\"data-mb=\"smaller\">Gestion climatique intelligente et techniques \u00e9co\u00e9nerg\u00e9tiques<\/p>\n\n<p class=\"novi-block block-paragraph\">Une architecture harmonis\u00e9e avec le reste du campus<\/p>\n\n                    <\/div>\n\n        \n    <\/div>\n\n\n<\/div>\n            <\/div>\n<\/section>\n\n\n\n\n    <section class=\"novi-block block-outer-container block-outer-container--has-background novi-has-light-background block-outer-container--stretch-full-width-regular-content\"\n                          data-mt=\"none\"             data-mb=\"none\">\n\n        \n        \n        <div class=\"block-outer-container__bg-inner\" style=\"background: var(--novi-color-light);\">\n            <div class=\"block-outer-container__inner container\">\n                                \n\n<section class=\"novi-block block-row\">\n    <div class=\"block-row__row row block-row__row--preset-2\/3|1\/3\">\n                \n\n<div class=\"novi-block block-column col col--1 col--lg-2\/3\">\n    \n<p class=\"novi-block block-paragraph\"style=\"font-size: 1.5rem\">Brochure<\/p>\n\n<h3 class=\"novi-block block-heading h3\"data-mb=\"smaller\" id=\"novi-heading-37ed4c8d-1a76-4d70-8f62-e6f611d7c48e\">Salle blanche modulaire : toujours l&rsquo;espace qu&rsquo;il vous faut<\/h3>\n\n<p class=\"novi-block block-paragraph\"data-mb=\"smaller\">T\u00e9l\u00e9chargez la brochure ici.<\/p>\n\n\n\n    <div class=\"novi-block form-block\"\n         data-mt=\"none\"         data-mb=\"none\">\n        <script type=\"text\/javascript\">\n\/* <![CDATA[ *\/\nvar gform;gform||(document.addEventListener(\"gform_main_scripts_loaded\",function(){gform.scriptsLoaded=!0}),document.addEventListener(\"gform\/theme\/scripts_loaded\",function(){gform.themeScriptsLoaded=!0}),window.addEventListener(\"DOMContentLoaded\",function(){gform.domLoaded=!0}),gform={domLoaded:!1,scriptsLoaded:!1,themeScriptsLoaded:!1,isFormEditor:()=>\"function\"==typeof InitializeEditor,callIfLoaded:function(o){return!(!gform.domLoaded||!gform.scriptsLoaded||!gform.themeScriptsLoaded&&!gform.isFormEditor()||(gform.isFormEditor()&&console.warn(\"The use of gform.initializeOnLoaded() is deprecated in the form editor context and will be removed in Gravity Forms 3.1.\"),o(),0))},initializeOnLoaded:function(o){gform.callIfLoaded(o)||(document.addEventListener(\"gform_main_scripts_loaded\",()=>{gform.scriptsLoaded=!0,gform.callIfLoaded(o)}),document.addEventListener(\"gform\/theme\/scripts_loaded\",()=>{gform.themeScriptsLoaded=!0,gform.callIfLoaded(o)}),window.addEventListener(\"DOMContentLoaded\",()=>{gform.domLoaded=!0,gform.callIfLoaded(o)}))},hooks:{action:{},filter:{}},addAction:function(o,r,e,t){gform.addHook(\"action\",o,r,e,t)},addFilter:function(o,r,e,t){gform.addHook(\"filter\",o,r,e,t)},doAction:function(o){gform.doHook(\"action\",o,arguments)},applyFilters:function(o){return gform.doHook(\"filter\",o,arguments)},removeAction:function(o,r){gform.removeHook(\"action\",o,r)},removeFilter:function(o,r,e){gform.removeHook(\"filter\",o,r,e)},addHook:function(o,r,e,t,n){null==gform.hooks[o][r]&&(gform.hooks[o][r]=[]);var d=gform.hooks[o][r];null==n&&(n=r+\"_\"+d.length),gform.hooks[o][r].push({tag:n,callable:e,priority:t=null==t?10:t})},doHook:function(r,o,e){var t;if(e=Array.prototype.slice.call(e,1),null!=gform.hooks[r][o]&&((o=gform.hooks[r][o]).sort(function(o,r){return o.priority-r.priority}),o.forEach(function(o){\"function\"!=typeof(t=o.callable)&&(t=window[t]),\"action\"==r?t.apply(null,e):e[0]=t.apply(null,e)})),\"filter\"==r)return e[0]},removeHook:function(o,r,t,n){var e;null!=gform.hooks[o][r]&&(e=(e=gform.hooks[o][r]).filter(function(o,r,e){return!!(null!=n&&n!=o.tag||null!=t&&t!=o.priority)}),gform.hooks[o][r]=e)}});\n\/* ]]> *\/\n<\/script>\n\n                <div class='gf_browser_gecko gform_wrapper gravity-theme gform-theme--no-framework' data-form-theme='gravity-theme' data-form-index='0' id='gform_wrapper_13' ><div id='gf_13' class='gform_anchor' tabindex='-1'><\/div>\n                        <div class='gform_heading'>\n\t\t\t\t\t\t\t<p class='gform_required_legend'>\u00ab\u00a0<span class=\"gfield_required gfield_required_asterisk\">*<\/span>\u00a0\u00bb indique les champs n\u00e9cessaires<\/p>\n                        <\/div><form method='post' enctype='multipart\/form-data' target='gform_ajax_frame_13' id='gform_13'  action='\/fr\/wp-json\/wp\/v2\/project\/6529#gf_13' data-formid='13' novalidate>\n                        <div class='gform-body gform_body'><div id='gform_fields_13' class='gform_fields top_label form_sublabel_below description_below validation_below'><div id=\"field_13_19\" class=\"gfield gfield--type-honeypot gform_validation_container field_sublabel_below gfield--has-description field_description_below field_validation_below gfield_visibility_visible type-honeypot\"  data-field-class=\"type-honeypot\" ><label class='gfield_label gform-field-label' for='input_13_19'>Phone<\/label><div class='ginput_container'><input name='input_19' id='input_13_19' type='text' value='' autocomplete='new-password'\/><\/div><div class='gfield_description' id='gfield_description_13_19'>Ce champ n\u2019est utilis\u00e9 qu\u2019\u00e0 des fins de validation et devrait rester inchang\u00e9.<\/div><\/div><div id=\"field_13_1\" class=\"gfield gfield--type-text gfield--input-type-text gfield--width-third gfield_contains_required field_sublabel_below gfield--no-description field_description_below field_validation_below gfield_visibility_visible type-text material-input\"  data-field-class=\"type-text material-input\" ><label class='gfield_label gform-field-label' for='input_13_1'>Pr\u00e9nom<span class=\"gfield_required\"><span class=\"gfield_required gfield_required_asterisk\">*<\/span><\/span><\/label><div class='ginput_container ginput_container_text'><input name='input_1' id='input_13_1' type='text' value='' class='large'     aria-required=\"true\" aria-invalid=\"false\"   \/><\/div><\/div><div id=\"field_13_3\" class=\"gfield gfield--type-text gfield--input-type-text gfield--width-third gfield_contains_required field_sublabel_below gfield--no-description field_description_below field_validation_below gfield_visibility_visible type-text material-input\"  data-field-class=\"type-text material-input\" ><label class='gfield_label gform-field-label' for='input_13_3'>Nom de famille<span class=\"gfield_required\"><span class=\"gfield_required gfield_required_asterisk\">*<\/span><\/span><\/label><div class='ginput_container ginput_container_text'><input name='input_3' id='input_13_3' type='text' value='' class='large'     aria-required=\"true\" aria-invalid=\"false\"   \/><\/div><\/div><div id=\"field_13_4\" class=\"gfield gfield--type-text gfield--input-type-text gfield--width-third field_sublabel_below gfield--no-description field_description_below field_validation_below gfield_visibility_visible type-text material-input\"  data-field-class=\"type-text material-input\" ><label class='gfield_label gform-field-label' for='input_13_4'>Soci\u00e9t\u00e9<\/label><div class='ginput_container ginput_container_text'><input name='input_4' id='input_13_4' type='text' value='' class='large'      aria-invalid=\"false\"   \/><\/div><\/div><div id=\"field_13_5\" class=\"gfield gfield--type-email gfield--input-type-email gfield--width-half gfield_contains_required field_sublabel_below gfield--no-description field_description_below field_validation_below gfield_visibility_visible type-email material-input\"  data-field-class=\"type-email material-input\" ><label class='gfield_label gform-field-label' for='input_13_5'>Adresse e-mail<span class=\"gfield_required\"><span class=\"gfield_required gfield_required_asterisk\">*<\/span><\/span><\/label><div class='ginput_container ginput_container_email'>\n                            <input name='input_5' id='input_13_5' type='email' value='' class='large'    aria-required=\"true\" aria-invalid=\"false\"  \/>\n                        <\/div><\/div><div id=\"field_13_6\" class=\"gfield gfield--type-phone gfield--input-type-phone gfield--width-half gfield_contains_required field_sublabel_below gfield--no-description field_description_below field_validation_below gfield_visibility_visible type-phone material-input\"  data-field-class=\"type-phone material-input\" ><label class='gfield_label gform-field-label' for='input_13_6'>T\u00e9l\u00e9phone<span class=\"gfield_required\"><span class=\"gfield_required gfield_required_asterisk\">*<\/span><\/span><\/label><div class='ginput_container ginput_container_phone'><input name='input_6' id='input_13_6' type='tel' value='' class='large'   aria-required=\"true\" aria-invalid=\"false\"   \/><\/div><\/div><div id=\"field_13_12\" class=\"gfield gfield--type-select gfield--input-type-select gfield--width-full gfield_contains_required field_sublabel_below gfield--no-description field_description_below field_validation_below gfield_visibility_visible type-select\"  data-field-class=\"type-select\" ><label class='gfield_label gform-field-label' for='input_13_12'>Par quel canal \u00eates-vous arriv\u00e9 chez nous ?<span class=\"gfield_required\"><span class=\"gfield_required gfield_required_asterisk\">*<\/span><\/span><\/label><div class='ginput_container ginput_container_select'><select name='input_12' id='input_13_12' class='large gfield_select'    aria-required=\"true\" aria-invalid=\"false\" ><option value='Google' >Google<\/option><option value='Social Media' >Social Media<\/option><option value='Mailing' >Mailing<\/option><option value='Beurs\/evenement' >Beurs\/evenement<\/option><option value='Collega\/kennis' >Collega\/kennis<\/option><option value='Klant\/partner' >Klant\/partner<\/option><option value='Artikels\/publicaties' >Artikels\/publicaties<\/option><option value='Opgemerkt langs de A12' >Opgemerkt langs de A12<\/option><option value='' >Andere<\/option><\/select><\/div><\/div><fieldset id=\"field_13_11\" class=\"gfield gfield--type-consent gfield--type-choice gfield--input-type-consent gfield--width-full gfield_contains_required field_sublabel_below gfield--no-description field_description_below hidden_label field_validation_below gfield_visibility_visible type-consent\"  data-field-class=\"type-consent\" ><legend class='gfield_label gform-field-label gfield_label_before_complex' >Consentement<span class=\"gfield_required\"><span class=\"gfield_required gfield_required_asterisk\">*<\/span><\/span><\/legend><div class='ginput_container ginput_container_consent'><input name='input_11.1' id='input_13_11_1' type='checkbox' value='1'   aria-required=\"true\" aria-invalid=\"false\"   \/> <label class=\"gform-field-label gform-field-label--type-inline gfield_consent_label\" for='input_13_11_1' >J&rsquo;accepte la <a href=\"https:\/\/vdldemeeuw.be\/fr\/privacyverklaring\/\" target=\"_blank\">politique de confidentialit\u00e9<\/a><span class=\"gfield_required gfield_required_asterisk\">*<\/span><\/label><input type='hidden' name='input_11.2' value='J&#039;accepte la &lt;a href=&quot;https:\/\/vdldemeeuw.be\/fr\/privacyverklaring\/&quot; target=&quot;_blank&quot;&gt;politique de confidentialit\u00e9&lt;\/a&gt;' class='gform_hidden' \/><input type='hidden' name='input_11.3' value='11' class='gform_hidden' \/><\/div><\/fieldset><fieldset id=\"field_13_8\" class=\"gfield gfield--type-checkbox gfield--type-choice gfield--input-type-checkbox field_sublabel_below gfield--no-description field_description_below hidden_label field_validation_below gfield_visibility_visible type-checkbox\"  data-field-class=\"type-checkbox\" ><legend class='gfield_label gform-field-label gfield_label_before_complex' >Newsletter<\/legend><div class='ginput_container ginput_container_checkbox'><div class='gfield_checkbox ' id='input_13_8'><div class='gchoice gchoice_13_8_1'>\n\t\t\t\t\t\t\t\t<input class='gfield-choice-input' name='input_8.1' type='checkbox'  value='Inscrivez-vous \u00e0 notre newsletter'  id='choice_13_8_1'   \/>\n\t\t\t\t\t\t\t\t<label for='choice_13_8_1' id='label_13_8_1' class='gform-field-label gform-field-label--type-inline'>Inscrivez-vous \u00e0 notre newsletter<\/label>\n\t\t\t\t\t\t\t<\/div><\/div><\/div><\/fieldset><div id=\"field_13_10\" class=\"gfield gfield--type-multiselect gfield--input-type-multiselect gfield--width-full gfield_contains_required field_sublabel_below gfield--no-description field_description_below field_validation_below gfield_visibility_visible type-multiselect\"  data-field-class=\"type-multiselect\" ><label class='gfield_label gform-field-label' for='input_13_10'>Interess\u00e9(e) par<span class=\"gfield_required\"><span class=\"gfield_required gfield_required_asterisk\">*<\/span><\/span><\/label><div class='ginput_container ginput_container_multiselect'><select multiple='multiple' data- size='7' name='input_10[]' id='input_13_10' class='large gfield_select'   aria-invalid=\"false\" aria-required=\"true\" ><option value='Entreprises' >Entreprises<\/option><option value='Enseignement' >Enseignement<\/option><option value='Soins de sant\u00e9' >Soins de sant\u00e9<\/option><option value='Logement' >Logement<\/option><option value='H\u00e9bergement temporaire' >H\u00e9bergement temporaire<\/option><option value='Service et entretien' >Service et entretien<\/option><\/select><\/div><\/div><div id=\"field_13_13\" class=\"gfield gfield--type-text gfield--input-type-text gfield--width-full field_sublabel_below gfield--no-description field_description_below field_validation_below gfield_visibility_hidden type-text material-input\"  data-field-class=\"type-text material-input\" ><div class=\"admin-hidden-markup\"><i class=\"gform-icon gform-icon--hidden\" aria-hidden=\"true\" title=\"Ce champ est masqu\u00e9 lorsque l\u2018on voit le formulaire.\"><\/i><span>Ce champ est masqu\u00e9 lorsque l\u2018on voit le formulaire.<\/span><\/div><label class='gfield_label gform-field-label' for='input_13_13'>gclid<\/label><div class='ginput_container ginput_container_text'><input name='input_13' id='input_13_13' type='text' value='' class='large'      aria-invalid=\"false\"   \/><\/div><\/div><div id=\"field_13_14\" class=\"gfield gfield--type-text gfield--input-type-text gfield--width-full field_sublabel_below gfield--no-description field_description_below field_validation_below gfield_visibility_hidden type-text material-input\"  data-field-class=\"type-text material-input\" ><div class=\"admin-hidden-markup\"><i class=\"gform-icon gform-icon--hidden\" aria-hidden=\"true\" title=\"Ce champ est masqu\u00e9 lorsque l\u2018on voit le formulaire.\"><\/i><span>Ce champ est masqu\u00e9 lorsque l\u2018on voit le formulaire.<\/span><\/div><label class='gfield_label gform-field-label' for='input_13_14'>utm_content<\/label><div class='ginput_container ginput_container_text'><input name='input_14' id='input_13_14' type='text' value='' class='large'      aria-invalid=\"false\"   \/><\/div><\/div><div id=\"field_13_16\" class=\"gfield gfield--type-text gfield--input-type-text gfield--width-full field_sublabel_below gfield--no-description field_description_below field_validation_below gfield_visibility_hidden type-text material-input\"  data-field-class=\"type-text material-input\" ><div class=\"admin-hidden-markup\"><i class=\"gform-icon gform-icon--hidden\" aria-hidden=\"true\" title=\"Ce champ est masqu\u00e9 lorsque l\u2018on voit le formulaire.\"><\/i><span>Ce champ est masqu\u00e9 lorsque l\u2018on voit le formulaire.<\/span><\/div><label class='gfield_label gform-field-label' for='input_13_16'>utm_term<\/label><div class='ginput_container ginput_container_text'><input name='input_16' id='input_13_16' type='text' value='' class='large'      aria-invalid=\"false\"   \/><\/div><\/div><div id=\"field_13_18\" class=\"gfield gfield--type-text gfield--input-type-text gfield--width-full field_sublabel_below gfield--no-description field_description_below field_validation_below gfield_visibility_hidden type-text material-input\"  data-field-class=\"type-text material-input\" ><div class=\"admin-hidden-markup\"><i class=\"gform-icon gform-icon--hidden\" aria-hidden=\"true\" title=\"Ce champ est masqu\u00e9 lorsque l\u2018on voit le formulaire.\"><\/i><span>Ce champ est masqu\u00e9 lorsque l\u2018on voit le formulaire.<\/span><\/div><label class='gfield_label gform-field-label' for='input_13_18'>utm_medium<\/label><div class='ginput_container ginput_container_text'><input name='input_18' id='input_13_18' type='text' value='' class='large'      aria-invalid=\"false\"   \/><\/div><\/div><div id=\"field_13_17\" class=\"gfield gfield--type-text gfield--input-type-text gfield--width-full field_sublabel_below gfield--no-description field_description_below field_validation_below gfield_visibility_hidden type-text material-input\"  data-field-class=\"type-text material-input\" ><div class=\"admin-hidden-markup\"><i class=\"gform-icon gform-icon--hidden\" aria-hidden=\"true\" title=\"Ce champ est masqu\u00e9 lorsque l\u2018on voit le formulaire.\"><\/i><span>Ce champ est masqu\u00e9 lorsque l\u2018on voit le formulaire.<\/span><\/div><label class='gfield_label gform-field-label' for='input_13_17'>utm_source<\/label><div class='ginput_container ginput_container_text'><input name='input_17' id='input_13_17' type='text' value='' class='large'      aria-invalid=\"false\"   \/><\/div><\/div><div id=\"field_13_15\" class=\"gfield gfield--type-text gfield--input-type-text gfield--width-full field_sublabel_below gfield--no-description field_description_below field_validation_below gfield_visibility_hidden type-text material-input\"  data-field-class=\"type-text material-input\" ><div class=\"admin-hidden-markup\"><i class=\"gform-icon gform-icon--hidden\" aria-hidden=\"true\" title=\"Ce champ est masqu\u00e9 lorsque l\u2018on voit le formulaire.\"><\/i><span>Ce champ est masqu\u00e9 lorsque l\u2018on voit le formulaire.<\/span><\/div><label class='gfield_label gform-field-label' for='input_13_15'>utm_campaign<\/label><div class='ginput_container ginput_container_text'><input name='input_15' id='input_13_15' type='text' value='' class='large'      aria-invalid=\"false\"   \/><\/div><\/div><\/div><\/div>\n        <div class='gform-footer gform_footer top_label'> \n            <button  type='submit' id='gform_submit_button_13' class='gform_button button' onclick='gform.submission.handleButtonClick(this);' data-submission-type='submit'                 role=\"button\"\n                data-button-color=\"secondary\"\n                data-button-txtcolor=\"light\"\n                data-button-style=\"filled\"\n                data-button-size=\"large\">\n                <span>\n                    T\u00e9l\u00e9charger la brochure                <\/span>\n            <\/button>\n\n             <input type='hidden' name='gform_ajax' value='form_id=13&amp;title=&amp;description=&amp;tabindex=0&amp;theme=gravity-theme&amp;hash=1c25d4803bbdf49e80831e077fdd492c' \/>\n            <input type='hidden' class='gform_hidden' name='gform_submission_method' data-js='gform_submission_method_13' value='iframe' \/>\n            <input type='hidden' class='gform_hidden' name='gform_theme' data-js='gform_theme_13' id='gform_theme_13' value='gravity-theme' \/>\n            <input type='hidden' class='gform_hidden' name='gform_style_settings' data-js='gform_style_settings_13' id='gform_style_settings_13' value='' \/>\n            <input type='hidden' class='gform_hidden' name='is_submit_13' value='1' \/>\n            <input type='hidden' class='gform_hidden' name='gform_submit' value='13' \/>\n            \n            <input type='hidden' class='gform_hidden' name='gform_currency' data-currency='USD' value='fRyzjOBpeq2zZ1rywR9ha10U6NWyN+auT6OEDHJZvhIHLxm7GDnZz+GGwCuWokWEj\/jepzDvPt+PnAM3IDZynyEVCOmkwYhKqBC1PDeNnnGSwiI=' \/>\n            <input type='hidden' class='gform_hidden' name='gform_unique_id' value='' \/>\n            <input type='hidden' class='gform_hidden' name='state_13' value='WyJ7XCIxMlwiOltcIjRlMGM2MGY0Y2M5MGUzYWJhMzc3YjEwNzI2ZWFkNTU5XCIsXCI0Yzk5ZGZiMTNmZmUzYzMxNjdjZjczMmIyYTRhYmNkMVwiLFwiZGI2NjViZWNjZjBhNDUwZDAxOTJjYWYxNmNmZWIwYzNcIixcIjQxNGU4OWQ5MGQ0NDA0MGI2MTZiN2IwNDYyYjEyZjBmXCIsXCIwY2VmMDY5ODM3NjQwYTkzMDIzOTU2OTQwMjcwOWQ5OVwiLFwiNmRhMjIxOTIwOWJlNTg4ZWM5M2IyNjBmOGMzZjFmMzdcIixcIjJhODMzMmFhMDZhN2FkMThkMDExMjgwZDljNmYwYzUwXCIsXCIwYzcyMzc5ZjY4YjkzYjI1M2QxNGRmZDI3YmY3OWNmOFwiLFwiZjcwYjQwMDE3NWFiMDQ2ZDlkYmFhOTQ5MWE3OGFkY2VcIl0sXCIxMS4xXCI6XCI0NGQ4MDJhNzI2YzM3YjllZDYyYmM1ODEwNmMzYjczZFwiLFwiMTEuMlwiOlwiYjU1ZTNjMWIwNzdjOTE1OTFiNjBjZmRkMWJhNmM0NzhcIixcIjExLjNcIjpcIjkyNDdiNTJlYmFmY2M0MzU3YmM3OTFlODc5OTE3OTE2XCIsXCI4LjFcIjpcIjk0M2Q4YjkyYzgyNTJiMjc2OWFmYjQwNzczNjZlNzA1XCJ9IiwiYjQyNzgyNzVkNzk1OTY0NGUyNDg1YTZmOGZmNThkODAiXQ==' \/>\n            <input type='hidden' autocomplete='off' class='gform_hidden' name='gform_target_page_number_13' id='gform_target_page_number_13' value='0' \/>\n            <input type='hidden' autocomplete='off' class='gform_hidden' name='gform_source_page_number_13' id='gform_source_page_number_13' value='1' \/>\n            <input type='hidden' name='gform_field_values' value='' \/>\n            \n        <\/div>\n                        <p style=\"display: none !important;\" class=\"akismet-fields-container\" data-prefix=\"ak_\"><label>&#916;<textarea name=\"ak_hp_textarea\" cols=\"45\" rows=\"8\" maxlength=\"100\"><\/textarea><\/label><input type=\"hidden\" id=\"ak_js_1\" name=\"ak_js\" value=\"189\"\/><script>document.getElementById( \"ak_js_1\" ).setAttribute( \"value\", ( new Date() ).getTime() );<\/script><\/p><\/form>\n                        <\/div>\n\t\t                <iframe style='display:none;width:0px;height:0px;' src='about:blank' name='gform_ajax_frame_13' id='gform_ajax_frame_13' title='Cette iframe contient la logique n\u00e9cessaire pour manipuler Gravity Forms avec Ajax.'><\/iframe>\n\t\t                <script type=\"text\/javascript\">\n\/* <![CDATA[ *\/\n gform.initializeOnLoaded( function() {gformInitSpinner( 13, 'https:\/\/vdldemeeuw.be\/fr\/wp-content\/plugins\/gravityforms\/images\/spinner.svg', true );jQuery('#gform_ajax_frame_13').on('load',function(){var contents = jQuery(this).contents().find('*').html();var is_postback = contents.indexOf('GF_AJAX_POSTBACK') >= 0;if(!is_postback){return;}var form_content = jQuery(this).contents().find('#gform_wrapper_13');var is_confirmation = jQuery(this).contents().find('#gform_confirmation_wrapper_13').length > 0;var is_redirect = contents.indexOf('gformRedirect(){') >= 0;var is_form = form_content.length > 0 && ! is_redirect && ! is_confirmation;var mt = parseInt(jQuery('html').css('margin-top'), 10) + parseInt(jQuery('body').css('margin-top'), 10) + 100;if(is_form){jQuery('#gform_wrapper_13').html(form_content.html());if(form_content.hasClass('gform_validation_error')){jQuery('#gform_wrapper_13').addClass('gform_validation_error');} else {jQuery('#gform_wrapper_13').removeClass('gform_validation_error');}setTimeout( function() { \/* delay the scroll by 50 milliseconds to fix a bug in chrome *\/ jQuery(document).scrollTop(jQuery('#gform_wrapper_13').offset().top - mt); }, 50 );if(window['gformInitDatepicker']) {gformInitDatepicker();}if(window['gformInitPriceFields']) {gformInitPriceFields();}var current_page = jQuery('#gform_source_page_number_13').val();gformInitSpinner( 13, 'https:\/\/vdldemeeuw.be\/fr\/wp-content\/plugins\/gravityforms\/images\/spinner.svg', true );jQuery(document).trigger('gform_page_loaded', [13, current_page]);window['gf_submitting_13'] = false;}else if(!is_redirect){var confirmation_content = jQuery(this).contents().find('.GF_AJAX_POSTBACK').html();if(!confirmation_content){confirmation_content = contents;}jQuery('#gform_wrapper_13').replaceWith(confirmation_content);jQuery(document).scrollTop(jQuery('#gf_13').offset().top - mt);jQuery(document).trigger('gform_confirmation_loaded', [13]);window['gf_submitting_13'] = false;wp.a11y.speak(jQuery('#gform_confirmation_message_13').text());}else{jQuery('#gform_13').append(contents);if(window['gformRedirect']) {gformRedirect();}}jQuery(document).trigger(\"gform_pre_post_render\", [{ formId: \"13\", currentPage: \"current_page\", abort: function() { this.preventDefault(); } }]);        if (event && event.defaultPrevented) {                return;        }        const gformWrapperDiv = document.getElementById( \"gform_wrapper_13\" );        if ( gformWrapperDiv ) {            const visibilitySpan = document.createElement( \"span\" );            visibilitySpan.id = \"gform_visibility_test_13\";            gformWrapperDiv.insertAdjacentElement( \"afterend\", visibilitySpan );        }        const visibilityTestDiv = document.getElementById( \"gform_visibility_test_13\" );        let postRenderFired = false;        function triggerPostRender() {            if ( postRenderFired ) {                return;            }            postRenderFired = true;            gform.core.triggerPostRenderEvents( 13, current_page );            if ( visibilityTestDiv ) {                visibilityTestDiv.parentNode.removeChild( visibilityTestDiv );            }        }        function debounce( func, wait, immediate ) {            var timeout;            return function() {                var context = this, args = arguments;                var later = function() {                    timeout = null;                    if ( !immediate ) func.apply( context, args );                };                var callNow = immediate && !timeout;                clearTimeout( timeout );                timeout = setTimeout( later, wait );                if ( callNow ) func.apply( context, args );            };        }        const debouncedTriggerPostRender = debounce( function() {            triggerPostRender();        }, 200 );        if ( visibilityTestDiv && visibilityTestDiv.offsetParent === null ) {            const observer = new MutationObserver( ( mutations ) => {                mutations.forEach( ( mutation ) => {                    if ( mutation.type === 'attributes' && visibilityTestDiv.offsetParent !== null ) {                        debouncedTriggerPostRender();                        observer.disconnect();                    }                });            });            observer.observe( document.body, {                attributes: true,                childList: false,                subtree: true,                attributeFilter: [ 'style', 'class' ],            });        } else {            triggerPostRender();        }    } );} ); \n\/* ]]> *\/\n<\/script>\n    <\/div>\n\n\n<\/div>\n\n\n<div class=\"novi-block block-column col col--1 col--lg-1\/3\">\n    \n\n\n\n    <div class=\"novi-block block-image block-image--enable-rounded-corners\"\n         data-mt=\"none\"         data-mb=\"none\"         data-horizontal-align=\"centered\"\n         data-vertical-align=\"centered\"\n         data-mobile-align=\"centered\">\n\n        <figure class=\"block-image__inner\" style=\"max-width: 1526px\">\n\n            \n            <div class=\"block-image__image-container\">\n\n                <picture class=\"block-image__picture\" draggable=\"false\">\n\n                    \n                        <source media=\"(min-width: 414px)\"\n                                width=\"1526px\"\n                                height=\"1080px\"\n                                srcset=\"https:\/\/vdldemeeuw.be\/fr\/wp-content\/uploads\/sites\/2\/2025\/06\/VDL-De-Meeuw_covers-brochures_CR-scaled.jpg\"\/>\n\n                        <source media=\"(min-width: 0px)\"\n                                width=\"360px\"\n                                height=\"255px\"\n                                srcset=\"https:\/\/vdldemeeuw.be\/fr\/wp-content\/uploads\/sites\/2\/2025\/06\/VDL-De-Meeuw_covers-brochures_CR-720x509.jpg 2x, https:\/\/vdldemeeuw.be\/fr\/wp-content\/uploads\/sites\/2\/2025\/06\/VDL-De-Meeuw_covers-brochures_CR-360x255.jpg\"\/>\n\n                    \n                    <img decoding=\"async\" loading=\"lazy\"\n                         class=\"block-image__image\"\n                         alt=\"B\u00e2timents de remplacement dans le cadre de r\u00e9novations\"\n                         src=\"https:\/\/vdldemeeuw.be\/fr\/wp-content\/uploads\/sites\/2\/2025\/06\/VDL-De-Meeuw_covers-brochures_CR-scaled.jpg\"\n                         width=\"1526px\"                         height=\"1080px\"\/>\n\n                <\/picture>\n\n                                    <div class=\"block-image__holder block-image__holder--desktop\"\n                         style=\"aspect-ratio: 1526\/1080; max-width: 1526px\">\n                    <\/div>\n                \n                                    <div class=\"block-image__holder block-image__holder--mobile\"\n                         style=\"aspect-ratio: 360\/255; max-width: 360px\">\n                    <\/div>\n                \n            <\/div>\n\n            \n            \n        <\/figure>\n\n    <\/div>\n\n\n\n<\/div>\n            <\/div>\n<\/section>\n\n\n                            <\/div>\n        <\/div>\n\n        \n    <\/section>\n\n\n\n\n<section class=\"novi-block block-row block-row--stretch-narrow\">\n    <div class=\"block-row__row row\">\n                \n\n<div class=\"novi-block block-column col col--1 col--lg-1\/1\">\n    <\/div>\n            <\/div>\n<\/section>\n\n\n<p class=\"novi-block block-paragraph\"data-mb=\"small\"><\/p>","protected":false},"featured_media":6532,"template":"","project-category":[10],"class_list":["post-6529","project","type-project","status-publish","has-post-thumbnail","hentry"],"acf":[],"yoast_head":"<title>UZ Gand - salle blanche modulaire | VDL De Meeuw<\/title>\n<meta name=\"description\" content=\"VDL De Meeuw livre \u00e0 l\u2019UZ Gent la plus grande salle blanche modulaire de Belgique : 900\u202fm\u00b2 high-tech dans un b\u00e2timent temporaire de 2.250\u202fm\u00b2.\" \/>\n<meta name=\"robots\" content=\"index, follow, max-snippet:-1, max-image-preview:large, max-video-preview:-1\" \/>\n<link rel=\"canonical\" href=\"https:\/\/vdldemeeuw.be\/fr\/projets\/uz-gand-salle-blanche-modulaire\/\" \/>\n<meta property=\"og:locale\" content=\"fr_FR\" \/>\n<meta property=\"og:type\" content=\"article\" \/>\n<meta property=\"og:title\" content=\"UZ Gand - salle blanche modulaire | VDL De Meeuw\" \/>\n<meta property=\"og:description\" content=\"VDL De Meeuw livre \u00e0 l\u2019UZ Gent la plus grande salle blanche modulaire de Belgique : 900\u202fm\u00b2 high-tech dans un b\u00e2timent temporaire de 2.250\u202fm\u00b2.\" \/>\n<meta property=\"og:url\" content=\"https:\/\/vdldemeeuw.be\/fr\/projets\/uz-gand-salle-blanche-modulaire\/\" \/>\n<meta property=\"og:site_name\" content=\"VDL De Meeuw FR\" \/>\n<meta property=\"article:modified_time\" content=\"2025-06-26T13:42:22+00:00\" \/>\n<meta property=\"og:image\" content=\"https:\/\/vdldemeeuw.be\/fr\/wp-content\/uploads\/sites\/2\/2025\/05\/demeeuw-uzgent-hires-2262-EDIT-2-scaled.jpg\" \/>\n\t<meta property=\"og:image:width\" content=\"1620\" \/>\n\t<meta property=\"og:image:height\" content=\"1080\" \/>\n\t<meta property=\"og:image:type\" content=\"image\/jpeg\" \/>\n<meta name=\"twitter:card\" content=\"summary_large_image\" \/>\n<meta name=\"twitter:label1\" content=\"Dur\u00e9e de lecture estim\u00e9e\" \/>\n\t<meta name=\"twitter:data1\" content=\"4 minutes\" \/>\n<script type=\"application\/ld+json\" class=\"yoast-schema-graph\">{\"@context\":\"https:\/\/schema.org\",\"@graph\":[{\"@type\":\"WebPage\",\"@id\":\"https:\/\/vdldemeeuw.be\/fr\/projets\/uz-gand-salle-blanche-modulaire\/\",\"url\":\"https:\/\/vdldemeeuw.be\/fr\/projets\/uz-gand-salle-blanche-modulaire\/\",\"name\":\"UZ Gand - salle blanche modulaire | VDL De Meeuw\",\"isPartOf\":{\"@id\":\"https:\/\/vdldemeeuw.be\/fr\/#website\"},\"primaryImageOfPage\":{\"@id\":\"https:\/\/vdldemeeuw.be\/fr\/projets\/uz-gand-salle-blanche-modulaire\/#primaryimage\"},\"image\":{\"@id\":\"https:\/\/vdldemeeuw.be\/fr\/projets\/uz-gand-salle-blanche-modulaire\/#primaryimage\"},\"thumbnailUrl\":\"https:\/\/vdldemeeuw.be\/fr\/wp-content\/uploads\/sites\/2\/2025\/05\/demeeuw-uzgent-hires-2262-EDIT-2-scaled.jpg\",\"datePublished\":\"2025-05-16T13:05:52+00:00\",\"dateModified\":\"2025-06-26T13:42:22+00:00\",\"description\":\"VDL De Meeuw livre \u00e0 l\u2019UZ Gent la plus grande salle blanche modulaire de Belgique : 900\u202fm\u00b2 high-tech dans un b\u00e2timent temporaire de 2.250\u202fm\u00b2.\",\"breadcrumb\":{\"@id\":\"https:\/\/vdldemeeuw.be\/fr\/projets\/uz-gand-salle-blanche-modulaire\/#breadcrumb\"},\"inLanguage\":\"fr-FR\",\"potentialAction\":[{\"@type\":\"ReadAction\",\"target\":[\"https:\/\/vdldemeeuw.be\/fr\/projets\/uz-gand-salle-blanche-modulaire\/\"]}]},{\"@type\":\"ImageObject\",\"inLanguage\":\"fr-FR\",\"@id\":\"https:\/\/vdldemeeuw.be\/fr\/projets\/uz-gand-salle-blanche-modulaire\/#primaryimage\",\"url\":\"https:\/\/vdldemeeuw.be\/fr\/wp-content\/uploads\/sites\/2\/2025\/05\/demeeuw-uzgent-hires-2262-EDIT-2-scaled.jpg\",\"contentUrl\":\"https:\/\/vdldemeeuw.be\/fr\/wp-content\/uploads\/sites\/2\/2025\/05\/demeeuw-uzgent-hires-2262-EDIT-2-scaled.jpg\",\"width\":1620,\"height\":1080},{\"@type\":\"BreadcrumbList\",\"@id\":\"https:\/\/vdldemeeuw.be\/fr\/projets\/uz-gand-salle-blanche-modulaire\/#breadcrumb\",\"itemListElement\":[{\"@type\":\"ListItem\",\"position\":1,\"name\":\"\",\"item\":\"https:\/\/vdldemeeuw.be\/fr\/\"},{\"@type\":\"ListItem\",\"position\":2,\"name\":\"Projects\",\"item\":\"https:\/\/vdldemeeuw.be\/fr\/projets\/\"},{\"@type\":\"ListItem\",\"position\":3,\"name\":\"UZ Gand &#8211; salle blanche modulaire de 900 m\u00b2\"}]},{\"@type\":\"WebSite\",\"@id\":\"https:\/\/vdldemeeuw.be\/fr\/#website\",\"url\":\"https:\/\/vdldemeeuw.be\/fr\/\",\"name\":\"VDL De Meeuw FR\",\"description\":\"\",\"potentialAction\":[{\"@type\":\"SearchAction\",\"target\":{\"@type\":\"EntryPoint\",\"urlTemplate\":\"https:\/\/vdldemeeuw.be\/fr\/?search-query={search_term_string}\"},\"query-input\":{\"@type\":\"PropertyValueSpecification\",\"valueRequired\":true,\"valueName\":\"search_term_string\"}}],\"inLanguage\":\"fr-FR\"}]}<\/script>","yoast_head_json":{"title":"UZ Gand - salle blanche modulaire | VDL De Meeuw","description":"VDL De Meeuw livre \u00e0 l\u2019UZ Gent la plus grande salle blanche modulaire de Belgique : 900\u202fm\u00b2 high-tech dans un b\u00e2timent temporaire de 2.250\u202fm\u00b2.","robots":{"index":"index","follow":"follow","max-snippet":"max-snippet:-1","max-image-preview":"max-image-preview:large","max-video-preview":"max-video-preview:-1"},"canonical":"https:\/\/vdldemeeuw.be\/fr\/projets\/uz-gand-salle-blanche-modulaire\/","og_locale":"fr_FR","og_type":"article","og_title":"UZ Gand - salle blanche modulaire | VDL De Meeuw","og_description":"VDL De Meeuw livre \u00e0 l\u2019UZ Gent la plus grande salle blanche modulaire de Belgique : 900\u202fm\u00b2 high-tech dans un b\u00e2timent temporaire de 2.250\u202fm\u00b2.","og_url":"https:\/\/vdldemeeuw.be\/fr\/projets\/uz-gand-salle-blanche-modulaire\/","og_site_name":"VDL De Meeuw FR","article_modified_time":"2025-06-26T13:42:22+00:00","og_image":[{"width":1620,"height":1080,"url":"https:\/\/vdldemeeuw.be\/fr\/wp-content\/uploads\/sites\/2\/2025\/05\/demeeuw-uzgent-hires-2262-EDIT-2-scaled.jpg","type":"image\/jpeg"}],"twitter_card":"summary_large_image","twitter_misc":{"Dur\u00e9e de lecture estim\u00e9e":"4 minutes"},"schema":{"@context":"https:\/\/schema.org","@graph":[{"@type":"WebPage","@id":"https:\/\/vdldemeeuw.be\/fr\/projets\/uz-gand-salle-blanche-modulaire\/","url":"https:\/\/vdldemeeuw.be\/fr\/projets\/uz-gand-salle-blanche-modulaire\/","name":"UZ Gand - salle blanche modulaire | VDL De Meeuw","isPartOf":{"@id":"https:\/\/vdldemeeuw.be\/fr\/#website"},"primaryImageOfPage":{"@id":"https:\/\/vdldemeeuw.be\/fr\/projets\/uz-gand-salle-blanche-modulaire\/#primaryimage"},"image":{"@id":"https:\/\/vdldemeeuw.be\/fr\/projets\/uz-gand-salle-blanche-modulaire\/#primaryimage"},"thumbnailUrl":"https:\/\/vdldemeeuw.be\/fr\/wp-content\/uploads\/sites\/2\/2025\/05\/demeeuw-uzgent-hires-2262-EDIT-2-scaled.jpg","datePublished":"2025-05-16T13:05:52+00:00","dateModified":"2025-06-26T13:42:22+00:00","description":"VDL De Meeuw livre \u00e0 l\u2019UZ Gent la plus grande salle blanche modulaire de Belgique : 900\u202fm\u00b2 high-tech dans un b\u00e2timent temporaire de 2.250\u202fm\u00b2.","breadcrumb":{"@id":"https:\/\/vdldemeeuw.be\/fr\/projets\/uz-gand-salle-blanche-modulaire\/#breadcrumb"},"inLanguage":"fr-FR","potentialAction":[{"@type":"ReadAction","target":["https:\/\/vdldemeeuw.be\/fr\/projets\/uz-gand-salle-blanche-modulaire\/"]}]},{"@type":"ImageObject","inLanguage":"fr-FR","@id":"https:\/\/vdldemeeuw.be\/fr\/projets\/uz-gand-salle-blanche-modulaire\/#primaryimage","url":"https:\/\/vdldemeeuw.be\/fr\/wp-content\/uploads\/sites\/2\/2025\/05\/demeeuw-uzgent-hires-2262-EDIT-2-scaled.jpg","contentUrl":"https:\/\/vdldemeeuw.be\/fr\/wp-content\/uploads\/sites\/2\/2025\/05\/demeeuw-uzgent-hires-2262-EDIT-2-scaled.jpg","width":1620,"height":1080},{"@type":"BreadcrumbList","@id":"https:\/\/vdldemeeuw.be\/fr\/projets\/uz-gand-salle-blanche-modulaire\/#breadcrumb","itemListElement":[{"@type":"ListItem","position":1,"name":"","item":"https:\/\/vdldemeeuw.be\/fr\/"},{"@type":"ListItem","position":2,"name":"Projects","item":"https:\/\/vdldemeeuw.be\/fr\/projets\/"},{"@type":"ListItem","position":3,"name":"UZ Gand &#8211; salle blanche modulaire de 900 m\u00b2"}]},{"@type":"WebSite","@id":"https:\/\/vdldemeeuw.be\/fr\/#website","url":"https:\/\/vdldemeeuw.be\/fr\/","name":"VDL De Meeuw FR","description":"","potentialAction":[{"@type":"SearchAction","target":{"@type":"EntryPoint","urlTemplate":"https:\/\/vdldemeeuw.be\/fr\/?search-query={search_term_string}"},"query-input":{"@type":"PropertyValueSpecification","valueRequired":true,"valueName":"search_term_string"}}],"inLanguage":"fr-FR"}]}},"_links":{"self":[{"href":"https:\/\/vdldemeeuw.be\/fr\/wp-json\/wp\/v2\/project\/6529","targetHints":{"allow":["GET"]}}],"collection":[{"href":"https:\/\/vdldemeeuw.be\/fr\/wp-json\/wp\/v2\/project"}],"about":[{"href":"https:\/\/vdldemeeuw.be\/fr\/wp-json\/wp\/v2\/types\/project"}],"version-history":[{"count":50,"href":"https:\/\/vdldemeeuw.be\/fr\/wp-json\/wp\/v2\/project\/6529\/revisions"}],"predecessor-version":[{"id":10751,"href":"https:\/\/vdldemeeuw.be\/fr\/wp-json\/wp\/v2\/project\/6529\/revisions\/10751"}],"wp:featuredmedia":[{"embeddable":true,"href":"https:\/\/vdldemeeuw.be\/fr\/wp-json\/wp\/v2\/media\/6532"}],"wp:attachment":[{"href":"https:\/\/vdldemeeuw.be\/fr\/wp-json\/wp\/v2\/media?parent=6529"}],"wp:term":[{"taxonomy":"project-category","embeddable":true,"href":"https:\/\/vdldemeeuw.be\/fr\/wp-json\/wp\/v2\/project-category?post=6529"}],"curies":[{"name":"wp","href":"https:\/\/api.w.org\/{rel}","templated":true}]}}