{"id":6511,"date":"2025-05-16T13:49:42","date_gmt":"2025-05-16T11:49:42","guid":{"rendered":"https:\/\/vdldemeeuw.be\/fr\/?post_type=project&#038;p=6511"},"modified":"2025-06-25T09:48:57","modified_gmt":"2025-06-25T07:48:57","slug":"psa-antwerp","status":"publish","type":"project","link":"https:\/\/vdldemeeuw.be\/fr\/projets\/psa-antwerp\/","title":{"rendered":"PSA Antwerp"},"content":{"rendered":"\n<section class=\"novi-block block-row block-row--stretch-narrow\"data-mb=\"larger\">\n    <div class=\"block-row__row row\">\n                \n\n<div class=\"novi-block block-column col col--1 col--lg-1\/1\">\n    \n<h2 class=\"novi-block block-heading h2\"data-mb=\"smaller\" id=\"novi-heading-bfc97087-63be-4e8a-9cf4-3f1a3c11244c\">Nouveau complexe pour les ouvriers portuaires<\/h2>\n\n<p class=\"novi-block block-paragraph\"data-mb=\"smaller\" style=\"font-size: 1.25rem\"><strong>Le Port d&rsquo;Anvers-Bruges et PSA Antwerp ont donn\u00e9 le coup d\u2019envoi officiel de la r\u00e9novation de l\u2019Europa Terminal. Le Port d\u2019Anvers-Bruges s\u2019occupera de la r\u00e9novation du mur de quai, tandis que PSA prendra en charge l\u2019am\u00e9nagement complet d\u2019un nouveau terminal.<\/strong><\/p>\n<\/div>\n            <\/div>\n<\/section>\n\n\n\n\n\n    \n    <section class=\"novi-block block-split\"\n             id=\"block-split-block_17f798067dd0929e0adb18a811e5569b\"\n             data-mt=\"none\"             data-mb=\"larger\">\n\n        \n        <div class=\"row block-split__row block-split__row--image-content\">\n\n            <div class=\"col col--1 col--md-1\/2\">\n                <div class=\"block-split__content block-split__content--color-light|false block-split__content--right\"\n                     style=\"background: var(--novi-color-light);\">\n                    \n<h3 class=\"novi-block block-heading h4\"data-mb=\"smaller\" id=\"novi-heading-42ce366e-99ff-4ce9-bf35-24b60ac90f22\">Caract\u00e9ristiques<\/h3>\n\n\n\n    <div class=\"novi-block block-icons-with-text block-icons-with-text--is-vertical\"\n         data-mt=\"none\"         data-mb=\"none\">\n\n        <div class=\"block-icons-with-text__items\">\n            \n                <article class=\"block-icons-with-text__item\">\n\n                    <div class=\"block-icons-with-text__item-inner\">\n                                            <figure class=\"block-icons-with-text__item-icon-container\">\n                            <img decoding=\"async\" src=\"https:\/\/vdldemeeuw.be\/fr\/wp-content\/uploads\/sites\/2\/2024\/05\/vdldemeeuw-utiliteit.svg\"\n                                 loading=\"lazy\"\n                                 class=\"block-icons-with-text__item-icon\"\n                                 alt=\"vdldemeeuw-utiliteit\"\n                                                                  \/>\n                        <\/figure>\n                    \n                    <div class=\"block-icons-with-text__item-meta\">\n\n                                                    <span class=\"block-icons-with-text__item-title\">\n                                Client                            <\/span>\n                        \n                                                    <span class=\"block-icons-with-text__item-description\">\n                                PSA Antwerp                            <\/span>\n                        \n                    <\/div>\n\n                    <\/div>\n                <\/article>\n\n            \n                <article class=\"block-icons-with-text__item\">\n\n                    <div class=\"block-icons-with-text__item-inner\">\n                                            <figure class=\"block-icons-with-text__item-icon-container\">\n                            <img decoding=\"async\" src=\"https:\/\/vdldemeeuw.be\/fr\/wp-content\/uploads\/sites\/2\/2024\/05\/vdldemeeuw-service-onderhoud.svg\"\n                                 loading=\"lazy\"\n                                 class=\"block-icons-with-text__item-icon\"\n                                 alt=\"vdldemeeuw-service-onderhoud\"\n                                                                  \/>\n                        <\/figure>\n                    \n                    <div class=\"block-icons-with-text__item-meta\">\n\n                                                    <span class=\"block-icons-with-text__item-title\">\n                                Projet                            <\/span>\n                        \n                                                    <span class=\"block-icons-with-text__item-description\">\n                                Complexe pour les ouvriers portuaires                            <\/span>\n                        \n                    <\/div>\n\n                    <\/div>\n                <\/article>\n\n            \n                <article class=\"block-icons-with-text__item\">\n\n                    <div class=\"block-icons-with-text__item-inner\">\n                                            <figure class=\"block-icons-with-text__item-icon-container\">\n                            <img decoding=\"async\" src=\"https:\/\/vdldemeeuw.be\/fr\/wp-content\/uploads\/sites\/2\/2024\/05\/vdldemeeuw-service-onderhoud.svg\"\n                                 loading=\"lazy\"\n                                 class=\"block-icons-with-text__item-icon\"\n                                 alt=\"vdldemeeuw-service-onderhoud\"\n                                                                  \/>\n                        <\/figure>\n                    \n                    <div class=\"block-icons-with-text__item-meta\">\n\n                                                    <span class=\"block-icons-with-text__item-title\">\n                                Type de construction                            <\/span>\n                        \n                                                    <span class=\"block-icons-with-text__item-description\">\n                                Temporaire                            <\/span>\n                        \n                    <\/div>\n\n                    <\/div>\n                <\/article>\n\n            \n                <article class=\"block-icons-with-text__item\">\n\n                    <div class=\"block-icons-with-text__item-inner\">\n                                            <figure class=\"block-icons-with-text__item-icon-container\">\n                            <img decoding=\"async\" src=\"https:\/\/vdldemeeuw.be\/fr\/wp-content\/uploads\/sites\/2\/2024\/05\/vdldemeeuw-service-onderhoud.svg\"\n                                 loading=\"lazy\"\n                                 class=\"block-icons-with-text__item-icon\"\n                                 alt=\"vdldemeeuw-service-onderhoud\"\n                                                                  \/>\n                        <\/figure>\n                    \n                    <div class=\"block-icons-with-text__item-meta\">\n\n                                                    <span class=\"block-icons-with-text__item-title\">\n                                Ann\u00e9e de construction                            <\/span>\n                        \n                                                    <span class=\"block-icons-with-text__item-description\">\n                                2023                            <\/span>\n                        \n                    <\/div>\n\n                    <\/div>\n                <\/article>\n\n            \n                <article class=\"block-icons-with-text__item\">\n\n                    <div class=\"block-icons-with-text__item-inner\">\n                                            <figure class=\"block-icons-with-text__item-icon-container\">\n                            <img decoding=\"async\" src=\"https:\/\/vdldemeeuw.be\/fr\/wp-content\/uploads\/sites\/2\/2024\/05\/vdldemeeuw-service-onderhoud.svg\"\n                                 loading=\"lazy\"\n                                 class=\"block-icons-with-text__item-icon\"\n                                 alt=\"vdldemeeuw-service-onderhoud\"\n                                                                  \/>\n                        <\/figure>\n                    \n                    <div class=\"block-icons-with-text__item-meta\">\n\n                                                    <span class=\"block-icons-with-text__item-title\">\n                                Fonctionnalit\u00e9                            <\/span>\n                        \n                                                    <span class=\"block-icons-with-text__item-description\">\n                                Comfort &amp; Tech                            <\/span>\n                        \n                    <\/div>\n\n                    <\/div>\n                <\/article>\n\n            \n                <article class=\"block-icons-with-text__item\">\n\n                    <div class=\"block-icons-with-text__item-inner\">\n                                            <figure class=\"block-icons-with-text__item-icon-container\">\n                            <img decoding=\"async\" src=\"https:\/\/vdldemeeuw.be\/fr\/wp-content\/uploads\/sites\/2\/2024\/05\/vdldemeeuw-service-onderhoud.svg\"\n                                 loading=\"lazy\"\n                                 class=\"block-icons-with-text__item-icon\"\n                                 alt=\"vdldemeeuw-service-onderhoud\"\n                                                                  \/>\n                        <\/figure>\n                    \n                    <div class=\"block-icons-with-text__item-meta\">\n\n                                                    <span class=\"block-icons-with-text__item-title\">\n                                Lieu                            <\/span>\n                        \n                                                    <span class=\"block-icons-with-text__item-description\">\n                                Gand                            <\/span>\n                        \n                    <\/div>\n\n                    <\/div>\n                <\/article>\n\n            \n                <article class=\"block-icons-with-text__item\">\n\n                    <div class=\"block-icons-with-text__item-inner\">\n                                            <figure class=\"block-icons-with-text__item-icon-container\">\n                            <img decoding=\"async\" src=\"https:\/\/vdldemeeuw.be\/fr\/wp-content\/uploads\/sites\/2\/2024\/05\/vdldemeeuw-service-onderhoud.svg\"\n                                 loading=\"lazy\"\n                                 class=\"block-icons-with-text__item-icon\"\n                                 alt=\"vdldemeeuw-service-onderhoud\"\n                                                                  \/>\n                        <\/figure>\n                    \n                    <div class=\"block-icons-with-text__item-meta\">\n\n                                                    <span class=\"block-icons-with-text__item-title\">\n                                Surface de plancher (m\u00b2)                            <\/span>\n                        \n                                                    <span class=\"block-icons-with-text__item-description\">\n                                226,20 m\u00b2                            <\/span>\n                        \n                    <\/div>\n\n                    <\/div>\n                <\/article>\n\n                    <\/div>\n\n    <\/div>\n\n\n\n                <\/div>\n            <\/div>\n\n            <div class=\"col col--1 col--md-1\/2\">\n\n                <figure class=\"block-split__image-container block-split__image-container--left block-split--hover-effect-default\"\n                                                                                                                                                                        >\n\n                    <picture class=\"block-split__picture\" draggable=\"false\">\n\n                                                    <source media=\"(min-width: 481px)\"\n                                    width=\"704px\"\n                                    height=\"640px\"\n                                    srcset=\"https:\/\/vdldemeeuw.be\/fr\/wp-content\/uploads\/sites\/2\/2024\/11\/PSA-Antwerp-Havenbedrijf_2023-11-06-094147_qzzv-2-704x640.jpeg\"\/>\n\n                            <source media=\"(min-width: 0px)\"\n                                    width=\"390px\"\n                                    height=\"330px\"\n                                    srcset=\"https:\/\/vdldemeeuw.be\/fr\/wp-content\/uploads\/sites\/2\/2024\/11\/PSA-Antwerp-Havenbedrijf_2023-11-06-094147_qzzv-2-680x660.jpeg 2x, https:\/\/vdldemeeuw.be\/fr\/wp-content\/uploads\/sites\/2\/2024\/11\/PSA-Antwerp-Havenbedrijf_2023-11-06-094147_qzzv-2-390x330.jpeg\"\/>\n\n                        \n                        <img decoding=\"async\" loading=\"lazy\"\n                             class=\"block-split__image\"\n                             draggable=\"false\"\n                             src=\"https:\/\/vdldemeeuw.be\/fr\/wp-content\/uploads\/sites\/2\/2024\/11\/PSA-Antwerp-Havenbedrijf_2023-11-06-094147_qzzv-2-704x640.jpeg\"\n                             alt=\"Industrie &#038; kantoren\"\n                             width=\"704px\"                             height=\"640px\"\/>\n\n                    <\/picture>\n\n                                    <\/figure>\n\n            <\/div>\n        <\/div>\n    <\/section>\n\n\n\n\n\n\n\n<section class=\"novi-block block-row\"data-mb=\"regular\">\n    <div class=\"block-row__row row\">\n                \n\n<div class=\"novi-block block-column col col--1 col--lg-1\/1\">\n    \n<p class=\"novi-block block-paragraph\"data-mb=\"small\">Les vastes travaux, qui s\u2019\u00e9tendront sur environ neuf ans et seront r\u00e9alis\u00e9s en trois phases, visent \u00e0 rendre le fonctionnement du terminal plus durable et \u00e0 permettre \u00e0 la nouvelle g\u00e9n\u00e9ration de porte-conteneurs de continuer \u00e0 accoster \u00e0 Anvers. Les porte-conteneurs deviennent de plus en plus grands, ce qui n\u00e9cessite une adaptation des quais \u00e0 cette croissance, y compris en profondeur. Cette modernisation aboutira \u00e0 un terminal \u00e0 conteneurs deepsea plus efficace et durable, contribuant \u00e0 la transition vers un port climatiquement neutre.<\/p>\n\n<p class=\"novi-block block-paragraph\"data-mb=\"small\">Pour PSA Antwerp, VDL De Meeuw Belgium est loin d\u2019\u00eatre un inconnu. Notre partenariat professionnel remonte \u00e0 plus de dix ans. Nous aimons collaborer avec des entreprises portuaires, d\u2019autant plus que nos ambitions sont toujours align\u00e9es sur la m\u00eame trajectoire : une confiance dans l\u2019avenir port\u00e9e par une croissance durable.<\/p>\n\n<p class=\"novi-block block-paragraph\"data-mb=\"small\">Lorsque le besoin s\u2019est fait sentir d\u2019installer un b\u00e2timent temporaire pour les travailleurs portuaires, en attendant la r\u00e9alisation d\u2019un nouveau complexe d\u00e9finitif, la demande est rapidement arriv\u00e9e chez nous.<\/p>\n<\/div>\n            <\/div>\n<\/section>\n\n\n\n<section class=\"novi-block block-row\"data-mb=\"regular\">\n    <div class=\"block-row__row row\">\n                \n\n<div class=\"novi-block block-column col col--1 col--lg-1\/1\">\n    \n<h2 class=\"novi-block block-heading h1\"data-mb=\"smaller\" id=\"novi-heading-c44ad675-dc31-437f-a3e2-ce87bc4088ae\">Pourquoi PSA Antwerp opte-t-elle pour un b\u00e2timent flexible\u202f?<\/h2>\n\n<p class=\"novi-block block-paragraph\"data-mb=\"small\">Parce que tout au long de la transformation du site terminal, l\u2019affectation du b\u00e2timent pourrait \u00e9voluer. Ce qui est aujourd\u2019hui un local pour les dockers pourrait demain devenir un espace de bureaux ou un centre de formation. C\u2019est l\u00e0 toute la force des b\u00e2timents modulaires hybrides sign\u00e9s VDL De Meeuw.<\/p>\n\n<p class=\"novi-block block-paragraph\"data-mb=\"small\">La fa\u00e7ade de ce b\u00e2timent \u00e0 deux \u00e9tages s\u2019int\u00e8gre parfaitement \u00e0 l\u2019environnement industriel du port. Les grandes fen\u00eatres apportent non seulement une belle luminosit\u00e9 naturelle, mais renforcent \u00e9galement l\u2019apparence soign\u00e9e du b\u00e2timent. \u00c0 l\u2019int\u00e9rieur, on d\u00e9couvre 737\u202fm\u00b2 d\u2019espace fonctionnel, compos\u00e9s de 39\u202funit\u00e9s Comfort &amp; Tech, enti\u00e8rement \u00e9quip\u00e9es des techniques HVAC n\u00e9cessaires.<\/p>\n<\/div>\n            <\/div>\n<\/section>\n\n\n\n<section class=\"novi-block block-row\"data-mb=\"regular\">\n    <div class=\"block-row__row row\">\n                \n\n<div class=\"novi-block block-column col col--1 col--lg-1\/1\">\n    \n<h2 class=\"novi-block block-heading h2\"data-mb=\"smaller\" id=\"novi-heading-c44ad675-dc31-437f-a3e2-ce87bc4088ae\">Am\u00e9nagement flexible et sur mesure<\/h2>\n\n<p class=\"novi-block block-paragraph\"data-mb=\"small\">Au rez-de-chauss\u00e9e, on trouve un poste de s\u00e9curit\u00e9 enti\u00e8rement \u00e9quip\u00e9 avec guichet, un local de premiers secours am\u00e9nag\u00e9 et un grand r\u00e9fectoire pour 64 personnes avec kitchenette. Les sanitaires pour dames et messieurs sont superpos\u00e9s au rez-de-chauss\u00e9e et au premier \u00e9tage.<\/p>\n\n<p class=\"novi-block block-paragraph\"data-mb=\"small\">L\u2019\u00e9tage abrite \u00e9galement les vestiaires solides pour dames et messieurs, avec douches int\u00e9gr\u00e9es et casiers individuels. On y trouve aussi une salle de r\u00e9union confortable ainsi qu\u2019un local informatique.<\/p>\n\n<p class=\"novi-block block-paragraph\"data-mb=\"small\">Le c\u00e2blage informatique et les autres conduites techniques sont discr\u00e8tement int\u00e9gr\u00e9s dans des planchers techniques sur\u00e9lev\u00e9s et des plafonds suspendus.<\/p>\n\n<p class=\"novi-block block-paragraph\"data-mb=\"small\">L\u2019ensemble du b\u00e2timent est con\u00e7u pour une grande flexibilit\u00e9\u202f: les cloisons mobiles, les douches modulaires, les planchers techniques et les plafonds suspendus peuvent \u00eatre facilement d\u00e9mont\u00e9s ou r\u00e9agenc\u00e9s, permettant une r\u00e9affectation totale des espaces.<\/p>\n\n<p class=\"novi-block block-paragraph\"data-mb=\"small\">Une solution d\u2019avenir pertinente, dans un contexte o\u00f9 des postes de travail confortables et efficaces font souvent d\u00e9faut.<\/p>\n<\/div>\n            <\/div>\n<\/section>\n\n\n\n<section class=\"novi-block block-row block-row--stretch-narrow\">\n    <div class=\"block-row__row row\">\n                \n\n<div class=\"novi-block block-column col col--1 col--lg-1\/1\">\n    \n<p class=\"novi-block block-paragraph\"data-mb=\"small\"><\/p>\n<\/div>\n            <\/div>\n<\/section>\n","protected":false},"featured_media":3933,"template":"","project-category":[32],"class_list":["post-6511","project","type-project","status-publish","has-post-thumbnail","hentry"],"acf":[],"yoast_head":"<title>PSA Antwerp | VDL De Meeuw<\/title>\n<meta name=\"description\" content=\"VDL De Meeuw livre \u00e0 PSA Antwerp un b\u00e2timent modulaire temporaire et flexible pour ouvriers portuaires, avec r\u00e9fectoire, vestiaires et salles techniques.\" \/>\n<meta name=\"robots\" content=\"index, follow, max-snippet:-1, max-image-preview:large, max-video-preview:-1\" \/>\n<link rel=\"canonical\" href=\"https:\/\/vdldemeeuw.be\/fr\/projets\/psa-antwerp\/\" \/>\n<meta property=\"og:locale\" content=\"fr_FR\" \/>\n<meta property=\"og:type\" content=\"article\" \/>\n<meta property=\"og:title\" content=\"PSA Antwerp | VDL De Meeuw\" \/>\n<meta property=\"og:description\" content=\"VDL De Meeuw livre \u00e0 PSA Antwerp un b\u00e2timent modulaire temporaire et flexible pour ouvriers portuaires, avec r\u00e9fectoire, vestiaires et salles techniques.\" \/>\n<meta property=\"og:url\" content=\"https:\/\/vdldemeeuw.be\/fr\/projets\/psa-antwerp\/\" \/>\n<meta property=\"og:site_name\" content=\"VDL De Meeuw FR\" \/>\n<meta property=\"article:modified_time\" content=\"2025-06-25T07:48:57+00:00\" \/>\n<meta property=\"og:image\" content=\"https:\/\/vdldemeeuw.be\/fr\/wp-content\/uploads\/sites\/2\/2024\/11\/PSA-Antwerp-Havenbedrijf_2023-11-06-094147_qzzv-1.jpeg\" \/>\n\t<meta property=\"og:image:width\" content=\"1920\" \/>\n\t<meta property=\"og:image:height\" content=\"640\" \/>\n\t<meta property=\"og:image:type\" content=\"image\/jpeg\" \/>\n<meta name=\"twitter:card\" content=\"summary_large_image\" \/>\n<meta name=\"twitter:label1\" content=\"Dur\u00e9e de lecture estim\u00e9e\" \/>\n\t<meta name=\"twitter:data1\" content=\"3 minutes\" \/>\n<script type=\"application\/ld+json\" class=\"yoast-schema-graph\">{\"@context\":\"https:\/\/schema.org\",\"@graph\":[{\"@type\":\"WebPage\",\"@id\":\"https:\/\/vdldemeeuw.be\/fr\/projets\/psa-antwerp\/\",\"url\":\"https:\/\/vdldemeeuw.be\/fr\/projets\/psa-antwerp\/\",\"name\":\"PSA Antwerp | VDL De Meeuw\",\"isPartOf\":{\"@id\":\"https:\/\/vdldemeeuw.be\/fr\/#website\"},\"primaryImageOfPage\":{\"@id\":\"https:\/\/vdldemeeuw.be\/fr\/projets\/psa-antwerp\/#primaryimage\"},\"image\":{\"@id\":\"https:\/\/vdldemeeuw.be\/fr\/projets\/psa-antwerp\/#primaryimage\"},\"thumbnailUrl\":\"https:\/\/vdldemeeuw.be\/fr\/wp-content\/uploads\/sites\/2\/2024\/11\/PSA-Antwerp-Havenbedrijf_2023-11-06-094147_qzzv-1.jpeg\",\"datePublished\":\"2025-05-16T11:49:42+00:00\",\"dateModified\":\"2025-06-25T07:48:57+00:00\",\"description\":\"VDL De Meeuw livre \u00e0 PSA Antwerp un b\u00e2timent modulaire temporaire et flexible pour ouvriers portuaires, avec r\u00e9fectoire, vestiaires et salles techniques.\",\"breadcrumb\":{\"@id\":\"https:\/\/vdldemeeuw.be\/fr\/projets\/psa-antwerp\/#breadcrumb\"},\"inLanguage\":\"fr-FR\",\"potentialAction\":[{\"@type\":\"ReadAction\",\"target\":[\"https:\/\/vdldemeeuw.be\/fr\/projets\/psa-antwerp\/\"]}]},{\"@type\":\"ImageObject\",\"inLanguage\":\"fr-FR\",\"@id\":\"https:\/\/vdldemeeuw.be\/fr\/projets\/psa-antwerp\/#primaryimage\",\"url\":\"https:\/\/vdldemeeuw.be\/fr\/wp-content\/uploads\/sites\/2\/2024\/11\/PSA-Antwerp-Havenbedrijf_2023-11-06-094147_qzzv-1.jpeg\",\"contentUrl\":\"https:\/\/vdldemeeuw.be\/fr\/wp-content\/uploads\/sites\/2\/2024\/11\/PSA-Antwerp-Havenbedrijf_2023-11-06-094147_qzzv-1.jpeg\",\"width\":1920,\"height\":640,\"caption\":\"Industrie & kantoren\"},{\"@type\":\"BreadcrumbList\",\"@id\":\"https:\/\/vdldemeeuw.be\/fr\/projets\/psa-antwerp\/#breadcrumb\",\"itemListElement\":[{\"@type\":\"ListItem\",\"position\":1,\"name\":\"\",\"item\":\"https:\/\/vdldemeeuw.be\/fr\/\"},{\"@type\":\"ListItem\",\"position\":2,\"name\":\"Projects\",\"item\":\"https:\/\/vdldemeeuw.be\/fr\/projets\/\"},{\"@type\":\"ListItem\",\"position\":3,\"name\":\"PSA Antwerp\"}]},{\"@type\":\"WebSite\",\"@id\":\"https:\/\/vdldemeeuw.be\/fr\/#website\",\"url\":\"https:\/\/vdldemeeuw.be\/fr\/\",\"name\":\"VDL De Meeuw FR\",\"description\":\"\",\"potentialAction\":[{\"@type\":\"SearchAction\",\"target\":{\"@type\":\"EntryPoint\",\"urlTemplate\":\"https:\/\/vdldemeeuw.be\/fr\/?search-query={search_term_string}\"},\"query-input\":{\"@type\":\"PropertyValueSpecification\",\"valueRequired\":true,\"valueName\":\"search_term_string\"}}],\"inLanguage\":\"fr-FR\"}]}<\/script>","yoast_head_json":{"title":"PSA Antwerp | VDL De Meeuw","description":"VDL De Meeuw livre \u00e0 PSA Antwerp un b\u00e2timent modulaire temporaire et flexible pour ouvriers portuaires, avec r\u00e9fectoire, vestiaires et salles techniques.","robots":{"index":"index","follow":"follow","max-snippet":"max-snippet:-1","max-image-preview":"max-image-preview:large","max-video-preview":"max-video-preview:-1"},"canonical":"https:\/\/vdldemeeuw.be\/fr\/projets\/psa-antwerp\/","og_locale":"fr_FR","og_type":"article","og_title":"PSA Antwerp | VDL De Meeuw","og_description":"VDL De Meeuw livre \u00e0 PSA Antwerp un b\u00e2timent modulaire temporaire et flexible pour ouvriers portuaires, avec r\u00e9fectoire, vestiaires et salles techniques.","og_url":"https:\/\/vdldemeeuw.be\/fr\/projets\/psa-antwerp\/","og_site_name":"VDL De Meeuw FR","article_modified_time":"2025-06-25T07:48:57+00:00","og_image":[{"width":1920,"height":640,"url":"https:\/\/vdldemeeuw.be\/fr\/wp-content\/uploads\/sites\/2\/2024\/11\/PSA-Antwerp-Havenbedrijf_2023-11-06-094147_qzzv-1.jpeg","type":"image\/jpeg"}],"twitter_card":"summary_large_image","twitter_misc":{"Dur\u00e9e de lecture estim\u00e9e":"3 minutes"},"schema":{"@context":"https:\/\/schema.org","@graph":[{"@type":"WebPage","@id":"https:\/\/vdldemeeuw.be\/fr\/projets\/psa-antwerp\/","url":"https:\/\/vdldemeeuw.be\/fr\/projets\/psa-antwerp\/","name":"PSA Antwerp | VDL De Meeuw","isPartOf":{"@id":"https:\/\/vdldemeeuw.be\/fr\/#website"},"primaryImageOfPage":{"@id":"https:\/\/vdldemeeuw.be\/fr\/projets\/psa-antwerp\/#primaryimage"},"image":{"@id":"https:\/\/vdldemeeuw.be\/fr\/projets\/psa-antwerp\/#primaryimage"},"thumbnailUrl":"https:\/\/vdldemeeuw.be\/fr\/wp-content\/uploads\/sites\/2\/2024\/11\/PSA-Antwerp-Havenbedrijf_2023-11-06-094147_qzzv-1.jpeg","datePublished":"2025-05-16T11:49:42+00:00","dateModified":"2025-06-25T07:48:57+00:00","description":"VDL De Meeuw livre \u00e0 PSA Antwerp un b\u00e2timent modulaire temporaire et flexible pour ouvriers portuaires, avec r\u00e9fectoire, vestiaires et salles techniques.","breadcrumb":{"@id":"https:\/\/vdldemeeuw.be\/fr\/projets\/psa-antwerp\/#breadcrumb"},"inLanguage":"fr-FR","potentialAction":[{"@type":"ReadAction","target":["https:\/\/vdldemeeuw.be\/fr\/projets\/psa-antwerp\/"]}]},{"@type":"ImageObject","inLanguage":"fr-FR","@id":"https:\/\/vdldemeeuw.be\/fr\/projets\/psa-antwerp\/#primaryimage","url":"https:\/\/vdldemeeuw.be\/fr\/wp-content\/uploads\/sites\/2\/2024\/11\/PSA-Antwerp-Havenbedrijf_2023-11-06-094147_qzzv-1.jpeg","contentUrl":"https:\/\/vdldemeeuw.be\/fr\/wp-content\/uploads\/sites\/2\/2024\/11\/PSA-Antwerp-Havenbedrijf_2023-11-06-094147_qzzv-1.jpeg","width":1920,"height":640,"caption":"Industrie & kantoren"},{"@type":"BreadcrumbList","@id":"https:\/\/vdldemeeuw.be\/fr\/projets\/psa-antwerp\/#breadcrumb","itemListElement":[{"@type":"ListItem","position":1,"name":"","item":"https:\/\/vdldemeeuw.be\/fr\/"},{"@type":"ListItem","position":2,"name":"Projects","item":"https:\/\/vdldemeeuw.be\/fr\/projets\/"},{"@type":"ListItem","position":3,"name":"PSA Antwerp"}]},{"@type":"WebSite","@id":"https:\/\/vdldemeeuw.be\/fr\/#website","url":"https:\/\/vdldemeeuw.be\/fr\/","name":"VDL De Meeuw FR","description":"","potentialAction":[{"@type":"SearchAction","target":{"@type":"EntryPoint","urlTemplate":"https:\/\/vdldemeeuw.be\/fr\/?search-query={search_term_string}"},"query-input":{"@type":"PropertyValueSpecification","valueRequired":true,"valueName":"search_term_string"}}],"inLanguage":"fr-FR"}]}},"_links":{"self":[{"href":"https:\/\/vdldemeeuw.be\/fr\/wp-json\/wp\/v2\/project\/6511","targetHints":{"allow":["GET"]}}],"collection":[{"href":"https:\/\/vdldemeeuw.be\/fr\/wp-json\/wp\/v2\/project"}],"about":[{"href":"https:\/\/vdldemeeuw.be\/fr\/wp-json\/wp\/v2\/types\/project"}],"version-history":[{"count":13,"href":"https:\/\/vdldemeeuw.be\/fr\/wp-json\/wp\/v2\/project\/6511\/revisions"}],"predecessor-version":[{"id":9586,"href":"https:\/\/vdldemeeuw.be\/fr\/wp-json\/wp\/v2\/project\/6511\/revisions\/9586"}],"wp:featuredmedia":[{"embeddable":true,"href":"https:\/\/vdldemeeuw.be\/fr\/wp-json\/wp\/v2\/media\/3933"}],"wp:attachment":[{"href":"https:\/\/vdldemeeuw.be\/fr\/wp-json\/wp\/v2\/media?parent=6511"}],"wp:term":[{"taxonomy":"project-category","embeddable":true,"href":"https:\/\/vdldemeeuw.be\/fr\/wp-json\/wp\/v2\/project-category?post=6511"}],"curies":[{"name":"wp","href":"https:\/\/api.w.org\/{rel}","templated":true}]}}