{"id":5940,"date":"2025-04-29T15:39:39","date_gmt":"2025-04-29T13:39:39","guid":{"rendered":"https:\/\/vdldemeeuw.be\/fr\/?post_type=project&#038;p=5940"},"modified":"2025-06-26T15:42:37","modified_gmt":"2025-06-26T13:42:37","slug":"lab-puurs-sint-amands","status":"publish","type":"project","link":"https:\/\/vdldemeeuw.be\/fr\/projets\/lab-puurs-sint-amands\/","title":{"rendered":"\u00c9cole LAB Puurs-Sint-Amands"},"content":{"rendered":"\n<section class=\"novi-block block-row block-row--stretch-narrow\"data-mb=\"larger\">\n    <div class=\"block-row__row row\">\n                \n\n<div class=\"novi-block block-column col col--1 col--lg-1\/1\">\n    \n<h2 class=\"novi-block block-heading h2\"data-mb=\"smaller\" id=\"novi-heading-bfc97087-63be-4e8a-9cf4-3f1a3c11244c\">VDL De Meeuw construit l&rsquo;\u00e9cole du futur \u00e0 Puurs &#8211; Sint-Amands<\/h2>\n\n<p class=\"novi-block block-paragraph\"style=\"font-size: 1.25rem\"><strong>La directrice et inspiratrice Kristien Bruggeman nous guide avec fiert\u00e9 dans son \u00e9cole LAB. Sa r\u00e9alisation force le respect : cette p\u00e9dagogue a lanc\u00e9 sa toute premi\u00e8re \u00e9cole LAB \u00e0 partir de rien, posant les bases d\u2019une approche \u00e9ducative innovante. Pour concr\u00e9tiser ses ambitions aux c\u00f4t\u00e9s d\u2019une \u00e9quipe enseignante passionn\u00e9e, elle avait besoin d\u2019un b\u00e2timent scolaire \u00e0 la hauteur de sa vision. Elle a trouv\u00e9 en VDL De Meeuw le partenaire de construction innovant id\u00e9al.<br><\/strong><\/p>\n\n<p class=\"novi-block block-paragraph\"style=\"font-size: 1.25rem\"><br>L\u2019\u00e9cole LAB a une allure et une ambiance r\u00e9solument diff\u00e9rentes. Oubliez les couloirs interminables, les classes identiques et impersonnelles, le vacarme typique des \u00e9coles et l\u2019acoustique r\u00e9sonnante, les espaces sombres, poussi\u00e9reux ou \u00e9touffants. Ce b\u00e2timent sans couloirs mise sur la transparence et la lumi\u00e8re naturelle. Il y r\u00e8gne une atmosph\u00e8re de calme et de s\u00e9r\u00e9nit\u00e9. Et pourtant, on y travaille avec une intensit\u00e9 remarquable.<\/p>\n\n<p class=\"novi-block block-paragraph\"style=\"font-size: 1.25rem\"><br><\/p>\n\n\n\n\n    \n    <div class=\"novi-block video-block video-block--hover-effect-default video-block--enable-rounded-corners\"\n         data-video-loading=\"false\"\n         data-video-active=\"false\"\n         data-video-container-id=\"video-container-69f4d09a3a8cf\"\n         data-video-display=\"inline\"\n         data-video-type=\"youtube\"\n         data-video-identifier=\"fJ5mSxo8GeU\"\n         data-mt=\"none\"         data-mb=\"small\">\n\n        <div class=\"video-block__inner\">\n\n            <figure class=\"video-block__image-container\">\n\n                <picture class=\"video-block__picture\" draggable=\"false\">\n\n                    \n                        <source media=\"(min-width: 481px)\" srcset=\"https:\/\/vdldemeeuw.be\/fr\/wp-content\/uploads\/sites\/2\/2025\/04\/Thumbnail-LAB.jpg\"\/>\n\n                        <source media=\"(min-width: 0px)\"\n                                srcset=\"https:\/\/vdldemeeuw.be\/fr\/wp-content\/uploads\/sites\/2\/2025\/04\/Thumbnail-LAB-640x450.jpg 2x, https:\/\/vdldemeeuw.be\/fr\/wp-content\/uploads\/sites\/2\/2025\/04\/Thumbnail-LAB-400x225.jpg\"\/>\n\n                    \n                    <img decoding=\"async\" loading=\"lazy\"\n                         class=\"video-block__image\"\n                         draggable=\"false\"\n                         src=\"https:\/\/vdldemeeuw.be\/fr\/wp-content\/uploads\/sites\/2\/2025\/04\/Thumbnail-LAB.jpg\"\n                         alt=\"Thumbnail LAB\"\n                         width=\"640px\"                         height=\"480px\"\/>\n\n                <\/picture>\n\n                \n                <span class=\"video-block__play\">\n                            <span class=\"video-block__play-inner\">\n                                <svg class=\"video-block__play-inner\">\n                                    <use xlink:href=\"https:\/\/vdldemeeuw.be\/fr\/wp-content\/themes\/novionline\/dist\/novionline-icons-9c67b6859f1525585c6967b61fae4ca7.svg#icon-video\"\/>\n                                <\/svg>\n                            <\/span>\n                            \n<div class=\"novi-loader novi-loader--theme-light\" role=\"presentation\">\n\n    <svg class=\"novi-loader__spinner\"\n         width=\"24px\"\n         height=\"24px\"\n         viewBox=\"0 0 66 66\"\n         xmlns=\"http:\/\/www.w3.org\/2000\/svg\">\n        <circle class=\"novi-loader__spinner-circle\"\n                fill=\"none\"\n                stroke-width=\"6\"\n                stroke-linecap=\"round\"\n                cx=\"33\"\n                cy=\"33\"\n                r=\"30\"\/>\n    <\/svg>\n\n    \n<\/div>                        <\/span>\n\n            <\/figure>\n\n        <\/div>\n\n    <\/div>\n\n\n\n\n<\/div>\n            <\/div>\n<\/section>\n\n\n\n\n\n    \n    <section class=\"novi-block block-split\"\n             id=\"block-split-block_3245d065f227b81199bd193739e9b02a\"\n             data-mt=\"none\"             data-mb=\"larger\">\n\n        \n        <div class=\"row block-split__row block-split__row--image-content\">\n\n            <div class=\"col col--1 col--md-1\/2\">\n                <div class=\"block-split__content block-split__content--color-light|false block-split__content--right\"\n                     style=\"background: var(--novi-color-light);\">\n                    \n<h3 class=\"novi-block block-heading h4\"data-mb=\"smaller\" id=\"novi-heading-42ce366e-99ff-4ce9-bf35-24b60ac90f22\">Caract\u00e9ristiques<\/h3>\n\n\n\n    <div class=\"novi-block block-icons-with-text block-icons-with-text--is-vertical\"\n         data-mt=\"none\"         data-mb=\"none\">\n\n        <div class=\"block-icons-with-text__items\">\n            \n                <article class=\"block-icons-with-text__item\">\n\n                    <div class=\"block-icons-with-text__item-inner\">\n                                            <figure class=\"block-icons-with-text__item-icon-container\">\n                            <img decoding=\"async\" src=\"https:\/\/vdldemeeuw.be\/fr\/wp-content\/uploads\/sites\/2\/2024\/05\/vdldemeeuw-utiliteit.svg\"\n                                 loading=\"lazy\"\n                                 class=\"block-icons-with-text__item-icon\"\n                                 alt=\"vdldemeeuw-utiliteit\"\n                                                                  \/>\n                        <\/figure>\n                    \n                    <div class=\"block-icons-with-text__item-meta\">\n\n                                                    <span class=\"block-icons-with-text__item-title\">\n                                Client                            <\/span>\n                        \n                                                    <span class=\"block-icons-with-text__item-description\">\n                                LAB Puurs-Sint-Amands                            <\/span>\n                        \n                    <\/div>\n\n                    <\/div>\n                <\/article>\n\n            \n                <article class=\"block-icons-with-text__item\">\n\n                    <div class=\"block-icons-with-text__item-inner\">\n                                            <figure class=\"block-icons-with-text__item-icon-container\">\n                            <img decoding=\"async\" src=\"https:\/\/vdldemeeuw.be\/fr\/wp-content\/uploads\/sites\/2\/2024\/05\/vdldemeeuw-service-onderhoud.svg\"\n                                 loading=\"lazy\"\n                                 class=\"block-icons-with-text__item-icon\"\n                                 alt=\"vdldemeeuw-service-onderhoud\"\n                                                                  \/>\n                        <\/figure>\n                    \n                    <div class=\"block-icons-with-text__item-meta\">\n\n                                                    <span class=\"block-icons-with-text__item-title\">\n                                Projet                            <\/span>\n                        \n                                                    <span class=\"block-icons-with-text__item-description\">\n                                B\u00e2timent scolaire permanent                            <\/span>\n                        \n                    <\/div>\n\n                    <\/div>\n                <\/article>\n\n            \n                <article class=\"block-icons-with-text__item\">\n\n                    <div class=\"block-icons-with-text__item-inner\">\n                                            <figure class=\"block-icons-with-text__item-icon-container\">\n                            <img decoding=\"async\" src=\"https:\/\/vdldemeeuw.be\/fr\/wp-content\/uploads\/sites\/2\/2024\/05\/vdldemeeuw-service-onderhoud.svg\"\n                                 loading=\"lazy\"\n                                 class=\"block-icons-with-text__item-icon\"\n                                 alt=\"vdldemeeuw-service-onderhoud\"\n                                                                  \/>\n                        <\/figure>\n                    \n                    <div class=\"block-icons-with-text__item-meta\">\n\n                                                    <span class=\"block-icons-with-text__item-title\">\n                                Type de construction                            <\/span>\n                        \n                                                    <span class=\"block-icons-with-text__item-description\">\n                                Permanente                            <\/span>\n                        \n                    <\/div>\n\n                    <\/div>\n                <\/article>\n\n            \n                <article class=\"block-icons-with-text__item\">\n\n                    <div class=\"block-icons-with-text__item-inner\">\n                                            <figure class=\"block-icons-with-text__item-icon-container\">\n                            <img decoding=\"async\" src=\"https:\/\/vdldemeeuw.be\/fr\/wp-content\/uploads\/sites\/2\/2024\/05\/vdldemeeuw-service-onderhoud.svg\"\n                                 loading=\"lazy\"\n                                 class=\"block-icons-with-text__item-icon\"\n                                 alt=\"vdldemeeuw-service-onderhoud\"\n                                                                  \/>\n                        <\/figure>\n                    \n                    <div class=\"block-icons-with-text__item-meta\">\n\n                                                    <span class=\"block-icons-with-text__item-title\">\n                                Ann\u00e9e de construction                            <\/span>\n                        \n                                                    <span class=\"block-icons-with-text__item-description\">\n                                2019                            <\/span>\n                        \n                    <\/div>\n\n                    <\/div>\n                <\/article>\n\n            \n                <article class=\"block-icons-with-text__item\">\n\n                    <div class=\"block-icons-with-text__item-inner\">\n                                            <figure class=\"block-icons-with-text__item-icon-container\">\n                            <img decoding=\"async\" src=\"https:\/\/vdldemeeuw.be\/fr\/wp-content\/uploads\/sites\/2\/2024\/05\/vdldemeeuw-service-onderhoud.svg\"\n                                 loading=\"lazy\"\n                                 class=\"block-icons-with-text__item-icon\"\n                                 alt=\"vdldemeeuw-service-onderhoud\"\n                                                                  \/>\n                        <\/figure>\n                    \n                    <div class=\"block-icons-with-text__item-meta\">\n\n                                                    <span class=\"block-icons-with-text__item-title\">\n                                Fonctionnalit\u00e9                            <\/span>\n                        \n                                                    <span class=\"block-icons-with-text__item-description\">\n                                Comfort &amp; Tech                            <\/span>\n                        \n                    <\/div>\n\n                    <\/div>\n                <\/article>\n\n            \n                <article class=\"block-icons-with-text__item\">\n\n                    <div class=\"block-icons-with-text__item-inner\">\n                                            <figure class=\"block-icons-with-text__item-icon-container\">\n                            <img decoding=\"async\" src=\"https:\/\/vdldemeeuw.be\/fr\/wp-content\/uploads\/sites\/2\/2024\/05\/vdldemeeuw-service-onderhoud.svg\"\n                                 loading=\"lazy\"\n                                 class=\"block-icons-with-text__item-icon\"\n                                 alt=\"vdldemeeuw-service-onderhoud\"\n                                                                  \/>\n                        <\/figure>\n                    \n                    <div class=\"block-icons-with-text__item-meta\">\n\n                                                    <span class=\"block-icons-with-text__item-title\">\n                                Lieu                            <\/span>\n                        \n                                                    <span class=\"block-icons-with-text__item-description\">\n                                Puurs-Sint-Amands                            <\/span>\n                        \n                    <\/div>\n\n                    <\/div>\n                <\/article>\n\n            \n                <article class=\"block-icons-with-text__item\">\n\n                    <div class=\"block-icons-with-text__item-inner\">\n                                            <figure class=\"block-icons-with-text__item-icon-container\">\n                            <img decoding=\"async\" src=\"https:\/\/vdldemeeuw.be\/fr\/wp-content\/uploads\/sites\/2\/2024\/11\/movable-construction-2.svg\"\n                                 loading=\"lazy\"\n                                 class=\"block-icons-with-text__item-icon\"\n                                 alt=\"Oppervlakte\"\n                                                                  \/>\n                        <\/figure>\n                    \n                    <div class=\"block-icons-with-text__item-meta\">\n\n                                                    <span class=\"block-icons-with-text__item-title\">\n                                Surface de plancher (m\u00b2)                            <\/span>\n                        \n                                                    <span class=\"block-icons-with-text__item-description\">\n                                2 015 m\u00b2                            <\/span>\n                        \n                    <\/div>\n\n                    <\/div>\n                <\/article>\n\n                    <\/div>\n\n    <\/div>\n\n\n\n                <\/div>\n            <\/div>\n\n            <div class=\"col col--1 col--md-1\/2\">\n\n                <figure class=\"block-split__image-container block-split__image-container--left block-split--hover-effect-default\"\n                                                                                                                                                                        >\n\n                    <picture class=\"block-split__picture\" draggable=\"false\">\n\n                                                    <source media=\"(min-width: 481px)\"\n                                    width=\"704px\"\n                                    height=\"640px\"\n                                    srcset=\"https:\/\/vdldemeeuw.be\/fr\/wp-content\/uploads\/sites\/2\/2025\/04\/demeeuw-puurs-3598-704x640.jpg\"\/>\n\n                            <source media=\"(min-width: 0px)\"\n                                    width=\"390px\"\n                                    height=\"330px\"\n                                    srcset=\"https:\/\/vdldemeeuw.be\/fr\/wp-content\/uploads\/sites\/2\/2024\/06\/UZ-gent-p-680x660.jpg 2x, https:\/\/vdldemeeuw.be\/fr\/wp-content\/uploads\/sites\/2\/2024\/06\/UZ-gent-p-390x330.jpg\"\/>\n\n                        \n                        <img decoding=\"async\" loading=\"lazy\"\n                             class=\"block-split__image\"\n                             draggable=\"false\"\n                             src=\"https:\/\/vdldemeeuw.be\/fr\/wp-content\/uploads\/sites\/2\/2025\/04\/demeeuw-puurs-3598-704x640.jpg\"\n                             alt=\"demeeuw-puurs-3598\"\n                             width=\"704px\"                             height=\"640px\"\/>\n\n                    <\/picture>\n\n                                    <\/figure>\n\n            <\/div>\n        <\/div>\n    <\/section>\n\n\n\n\n\n\n\n<section class=\"novi-block block-row\"data-mb=\"regular\">\n    <div class=\"block-row__row row block-row__row--preset-1\/2|1\/2\">\n                \n\n<div class=\"novi-block block-column col col--1 col--lg-1\/2\">\n    \n<h2 class=\"novi-block block-heading h2\"data-mb=\"smaller\" id=\"novi-heading-60660bf6-4f02-4f11-a6bd-e5f2661f04cf\">Inspirer pour exceller ?<\/h2>\n\n<p class=\"novi-block block-paragraph\"data-mb=\"small\" style=\"font-size: 1.25rem\">\u00c0 l\u2019\u00e9cole LAB, l\u2019apprentissage actif est un principe fondamental. Chaque \u00e9l\u00e8ve est encourag\u00e9, inspir\u00e9 et soutenu pour atteindre l\u2019excellence \u00e0 son propre rythme. L\u2019envie d\u2019apprendre est au c\u0153ur de tout. Kristien Bruggeman explique : \u00ab\u202fNos \u00e9l\u00e8ves alternent les moments d\u2019enseignement en grand groupe avec des instructions individuelles ou des \u00e9changes en petits groupes. Apr\u00e8s une s\u00e9ance, ce ne sont pas seulement les enseignants qui ont transpir\u00e9\u2026 ce sont surtout les \u00e9l\u00e8ves.\u202f\u00bb<\/p>\n<\/div>\n\n\n<div class=\"novi-block block-column col col--1 col--lg-1\/2\">\n    \n\n\n\n    <div class=\"novi-block block-image block-image--enable-rounded-corners\"\n         data-mt=\"none\"         data-mb=\"small\"         data-horizontal-align=\"centered\"\n         data-vertical-align=\"centered\"\n         data-mobile-align=\"centered\">\n\n        <figure class=\"block-image__inner\" style=\"max-width: 1620px\">\n\n            \n            <div class=\"block-image__image-container\">\n\n                <picture class=\"block-image__picture\" draggable=\"false\">\n\n                    \n                        <source media=\"(min-width: 414px)\"\n                                width=\"1620px\"\n                                height=\"1080px\"\n                                srcset=\"https:\/\/vdldemeeuw.be\/fr\/wp-content\/uploads\/sites\/2\/2025\/04\/demeeuw-puurs-3597-scaled.jpg\"\/>\n\n                        <source media=\"(min-width: 0px)\"\n                                width=\"360px\"\n                                height=\"240px\"\n                                srcset=\"https:\/\/vdldemeeuw.be\/fr\/wp-content\/uploads\/sites\/2\/2025\/04\/demeeuw-puurs-3597-720x480.jpg 2x, https:\/\/vdldemeeuw.be\/fr\/wp-content\/uploads\/sites\/2\/2025\/04\/demeeuw-puurs-3597-360x240.jpg\"\/>\n\n                    \n                    <img decoding=\"async\" loading=\"lazy\"\n                         class=\"block-image__image\"\n                         alt=\"demeeuw-puurs-3597\"\n                         src=\"https:\/\/vdldemeeuw.be\/fr\/wp-content\/uploads\/sites\/2\/2025\/04\/demeeuw-puurs-3597-scaled.jpg\"\n                         width=\"1620px\"                         height=\"1080px\"\/>\n\n                <\/picture>\n\n                                    <div class=\"block-image__holder block-image__holder--desktop\"\n                         style=\"aspect-ratio: 1620\/1080; max-width: 1620px\">\n                    <\/div>\n                \n                                    <div class=\"block-image__holder block-image__holder--mobile\"\n                         style=\"aspect-ratio: 360\/240; max-width: 360px\">\n                    <\/div>\n                \n            <\/div>\n\n            \n            \n        <\/figure>\n\n    <\/div>\n\n\n\n<\/div>\n            <\/div>\n<\/section>\n\n\n\n<section class=\"novi-block block-row\"data-mb=\"regular\">\n    <div class=\"block-row__row row block-row__row--preset-1\/2|1\/2\">\n                \n\n<div class=\"novi-block block-column col col--1 col--lg-1\/2\">\n    \n\n\n\n    <div class=\"novi-block block-image block-image--enable-rounded-corners\"\n         data-mt=\"none\"         data-mb=\"small\"         data-horizontal-align=\"centered\"\n         data-vertical-align=\"centered\"\n         data-mobile-align=\"centered\">\n\n        <figure class=\"block-image__inner\" style=\"max-width: 1620px\">\n\n            \n            <div class=\"block-image__image-container\">\n\n                <picture class=\"block-image__picture\" draggable=\"false\">\n\n                    \n                        <source media=\"(min-width: 414px)\"\n                                width=\"1620px\"\n                                height=\"1080px\"\n                                srcset=\"https:\/\/vdldemeeuw.be\/fr\/wp-content\/uploads\/sites\/2\/2025\/04\/demeeuw-puurs-3630-scaled.jpg\"\/>\n\n                        <source media=\"(min-width: 0px)\"\n                                width=\"360px\"\n                                height=\"240px\"\n                                srcset=\"https:\/\/vdldemeeuw.be\/fr\/wp-content\/uploads\/sites\/2\/2025\/04\/demeeuw-puurs-3630-720x480.jpg 2x, https:\/\/vdldemeeuw.be\/fr\/wp-content\/uploads\/sites\/2\/2025\/04\/demeeuw-puurs-3630-360x240.jpg\"\/>\n\n                    \n                    <img decoding=\"async\" loading=\"lazy\"\n                         class=\"block-image__image\"\n                         alt=\"demeeuw-puurs-3630\"\n                         src=\"https:\/\/vdldemeeuw.be\/fr\/wp-content\/uploads\/sites\/2\/2025\/04\/demeeuw-puurs-3630-scaled.jpg\"\n                         width=\"1620px\"                         height=\"1080px\"\/>\n\n                <\/picture>\n\n                                    <div class=\"block-image__holder block-image__holder--desktop\"\n                         style=\"aspect-ratio: 1620\/1080; max-width: 1620px\">\n                    <\/div>\n                \n                                    <div class=\"block-image__holder block-image__holder--mobile\"\n                         style=\"aspect-ratio: 360\/240; max-width: 360px\">\n                    <\/div>\n                \n            <\/div>\n\n            \n            \n        <\/figure>\n\n    <\/div>\n\n\n\n<\/div>\n\n\n<div class=\"novi-block block-column col col--1 col--lg-1\/2\">\n    \n<h2 class=\"novi-block block-heading h2\"data-mb=\"smaller\" id=\"novi-heading-60660bf6-4f02-4f11-a6bd-e5f2661f04cf\">Sortir du cadre<\/h2>\n\n<p class=\"novi-block block-paragraph\"data-mb=\"small\" style=\"font-size: 1.25rem\">Ici, pas de pens\u00e9e en cases ni d\u2019enseignement fig\u00e9. Les enseignants pratiquent le co-enseignement, disposent du temps et de l\u2019espace pour d\u00e9velopper ensemble des projets, tout en donnant aussi parfois cours seuls. \u00ab\u202fLes \u00e9l\u00e8ves collaborent \u00e9troitement lors de projets ou de travaux. Ces formes d\u2019apprentissage vari\u00e9es exigent une grande diversit\u00e9 d\u2019espaces, avec la possibilit\u00e9 de transformer rapidement les lieux selon les besoins. Tout le mobilier, qu\u2019il soit pour s\u2019asseoir ou pour se tenir debout, peut \u00eatre r\u00e9organis\u00e9 en un clin d\u2019\u0153il.\u202f\u00bb<\/p>\n<\/div>\n            <\/div>\n<\/section>\n\n\n\n<section class=\"novi-block block-row\"data-mb=\"regular\">\n    <div class=\"block-row__row row block-row__row--preset-1\/2|1\/2\">\n                \n\n<div class=\"novi-block block-column col col--1 col--lg-1\/2\">\n    \n<h2 class=\"novi-block block-heading h2\"data-mb=\"smaller\" id=\"novi-heading-60660bf6-4f02-4f11-a6bd-e5f2661f04cf\">Un partenaire de construction \u00e0 la hauteur<\/h2>\n\n<p class=\"novi-block block-paragraph\"data-mb=\"small\" style=\"font-size: 1.25rem\">Dans sa qu\u00eate du partenaire id\u00e9al, Kristien Bruggeman a trouv\u00e9 chez VDL De Meeuw exactement ce dont elle avait besoin. \u00ab\u202fIl fallait d\u2019abord aller tr\u00e8s vite \u00bb, explique-t-elle. \u00ab\u202fQuand on lance une nouvelle \u00e9cole, on n\u2019a tout simplement pas deux ans devant soi pour poser des briques. Nous avions \u00e0 peine quelques mois.\u202f\u00bb<\/p>\n\n<p class=\"novi-block block-paragraph\"data-mb=\"small\" style=\"font-size: 1.25rem\">Le b\u00e2timent a en outre \u00e9t\u00e9 r\u00e9alis\u00e9 en deux phases, une approche parfaitement compatible avec la construction modulaire. \u00ab\u202fIl y avait peu de temps entre les deux phases, mais c\u2019\u00e9tait la seule option financi\u00e8rement viable. Nous devions pouvoir utiliser la premi\u00e8re partie d\u00e8s l\u2019ann\u00e9e scolaire suivante. En tant qu\u2019\u00e9cole jeune et en pleine croissance, on ne sait pas d\u2019avance combien d\u2019\u00e9l\u00e8ves il y aura l\u2019ann\u00e9e suivante. Ici, construction et d\u00e9veloppement vont de pair. Et le fait que notre \u00e9cole modulaire ait co\u00fbt\u00e9 moins cher qu\u2019un b\u00e2timent classique \u00e9tait une aubaine \u2013 c\u2019est ce qui a rendu le projet possible.\u202f\u00bb<\/p>\n<\/div>\n\n\n<div class=\"novi-block block-column col col--1 col--lg-1\/2\">\n    \n\n\n\n    <div class=\"novi-block block-image block-image--enable-rounded-corners\"\n         data-mt=\"none\"         data-mb=\"small\"         data-horizontal-align=\"centered\"\n         data-vertical-align=\"centered\"\n         data-mobile-align=\"centered\">\n\n        <figure class=\"block-image__inner\" style=\"max-width: 720px\">\n\n            \n            <div class=\"block-image__image-container\">\n\n                <picture class=\"block-image__picture\" draggable=\"false\">\n\n                    \n                        <source media=\"(min-width: 414px)\"\n                                width=\"720px\"\n                                height=\"1080px\"\n                                srcset=\"https:\/\/vdldemeeuw.be\/fr\/wp-content\/uploads\/sites\/2\/2025\/04\/demeeuw-puurs-3587-scaled.jpg\"\/>\n\n                        <source media=\"(min-width: 0px)\"\n                                width=\"360px\"\n                                height=\"540px\"\n                                srcset=\"https:\/\/vdldemeeuw.be\/fr\/wp-content\/uploads\/sites\/2\/2025\/04\/demeeuw-puurs-3587-720x1080.jpg 2x, https:\/\/vdldemeeuw.be\/fr\/wp-content\/uploads\/sites\/2\/2025\/04\/demeeuw-puurs-3587-360x540.jpg\"\/>\n\n                    \n                    <img decoding=\"async\" loading=\"lazy\"\n                         class=\"block-image__image\"\n                         alt=\"demeeuw-puurs-3587\"\n                         src=\"https:\/\/vdldemeeuw.be\/fr\/wp-content\/uploads\/sites\/2\/2025\/04\/demeeuw-puurs-3587-scaled.jpg\"\n                         width=\"720px\"                         height=\"1080px\"\/>\n\n                <\/picture>\n\n                                    <div class=\"block-image__holder block-image__holder--desktop\"\n                         style=\"aspect-ratio: 720\/1080; max-width: 720px\">\n                    <\/div>\n                \n                                    <div class=\"block-image__holder block-image__holder--mobile\"\n                         style=\"aspect-ratio: 360\/540; max-width: 360px\">\n                    <\/div>\n                \n            <\/div>\n\n            \n            \n        <\/figure>\n\n    <\/div>\n\n\n\n<\/div>\n            <\/div>\n<\/section>\n\n\n\n<section class=\"novi-block block-row\"data-mb=\"regular\">\n    <div class=\"block-row__row row block-row__row--preset-1\/2|1\/2\">\n                \n\n<div class=\"novi-block block-column col col--1 col--lg-1\/2\">\n    \n\n\n\n    <div class=\"novi-block block-image block-image--enable-rounded-corners\"\n         data-mt=\"none\"         data-mb=\"small\"         data-horizontal-align=\"centered\"\n         data-vertical-align=\"centered\"\n         data-mobile-align=\"centered\">\n\n        <figure class=\"block-image__inner\" style=\"max-width: 800px\">\n\n            \n            <div class=\"block-image__image-container\">\n\n                <picture class=\"block-image__picture\" draggable=\"false\">\n\n                    \n                        <source media=\"(min-width: 414px)\"\n                                width=\"800px\"\n                                height=\"533px\"\n                                srcset=\"https:\/\/vdldemeeuw.be\/fr\/wp-content\/uploads\/sites\/2\/2025\/04\/demeeuw-puurs-3382.jpg\"\/>\n\n                        <source media=\"(min-width: 0px)\"\n                                width=\"360px\"\n                                height=\"240px\"\n                                srcset=\"https:\/\/vdldemeeuw.be\/fr\/wp-content\/uploads\/sites\/2\/2025\/04\/demeeuw-puurs-3382-720x480.jpg 2x, https:\/\/vdldemeeuw.be\/fr\/wp-content\/uploads\/sites\/2\/2025\/04\/demeeuw-puurs-3382-360x240.jpg\"\/>\n\n                    \n                    <img decoding=\"async\" loading=\"lazy\"\n                         class=\"block-image__image\"\n                         alt=\"demeeuw-puurs-3382\"\n                         src=\"https:\/\/vdldemeeuw.be\/fr\/wp-content\/uploads\/sites\/2\/2025\/04\/demeeuw-puurs-3382.jpg\"\n                         width=\"800px\"                         height=\"533px\"\/>\n\n                <\/picture>\n\n                                    <div class=\"block-image__holder block-image__holder--desktop\"\n                         style=\"aspect-ratio: 800\/533; max-width: 800px\">\n                    <\/div>\n                \n                                    <div class=\"block-image__holder block-image__holder--mobile\"\n                         style=\"aspect-ratio: 360\/240; max-width: 360px\">\n                    <\/div>\n                \n            <\/div>\n\n            \n            \n        <\/figure>\n\n    <\/div>\n\n\n\n<\/div>\n\n\n<div class=\"novi-block block-column col col--1 col--lg-1\/2\">\n    \n<h2 class=\"novi-block block-heading h2\"data-mb=\"smaller\" id=\"novi-heading-60660bf6-4f02-4f11-a6bd-e5f2661f04cf\">Une collaboration dynamique et sur mesure<\/h2>\n\n<p class=\"novi-block block-paragraph\"data-mb=\"small\" style=\"font-size: 1.25rem\">La phase de conception s\u2019est elle aussi d\u00e9roul\u00e9e sans accroc. \u00ab\u202fVDL De Meeuw avait d\u00e9j\u00e0 construit de nombreuses \u00e9coles. Cette exp\u00e9rience s\u2019est r\u00e9v\u00e9l\u00e9e tr\u00e8s pr\u00e9cieuse. Mais ce qui m\u2019a surtout frapp\u00e9e, c\u2019est leur ouverture d\u2019esprit et leur volont\u00e9 de faire les choses un peu autrement, avec nous,\u202f\u00bb explique Kristien Bruggeman. \u00ab\u202fNous avons \u00e9chang\u00e9 en continu des id\u00e9es, ce qui a permis \u00e0 la conception de prendre forme de mani\u00e8re organique. Les collaborateurs de VDL De Meeuw se sont r\u00e9ellement impr\u00e9gn\u00e9s de nos m\u00e9thodes p\u00e9dagogiques innovantes. Leur implication \u00e9troite s\u2019est traduite dans un b\u00e2timent qui nous va comme un gant.\u202f\u00bb<\/p>\n<\/div>\n            <\/div>\n<\/section>\n\n\n\n<section class=\"novi-block block-row\"data-mb=\"regular\">\n    <div class=\"block-row__row row block-row__row--preset-1\/2|1\/2\">\n                \n\n<div class=\"novi-block block-column col col--1 col--lg-1\/2\">\n    \n<h2 class=\"novi-block block-heading h2\"data-mb=\"smaller\" id=\"novi-heading-60660bf6-4f02-4f11-a6bd-e5f2661f04cf\">Une \u00e9cole o\u00f9 l\u2019on a envie d\u2019apprendre<\/h2>\n\n<p class=\"novi-block block-paragraph\"data-mb=\"small\" style=\"font-size: 1.25rem\">Les nouveaux \u00e9l\u00e8ves qui d\u00e9couvrent l\u2019\u00e9cole n\u2019ont souvent besoin que de quelques minutes pour \u00eatre conquis. \u00ab\u202fC\u2019est ici que je veux aller \u00e0 l\u2019\u00e9cole\u202f!\u202f\u00bb, s\u2019exclament-ils r\u00e9guli\u00e8rement. Kristien Bruggeman explique : \u00ab\u202fL\u2019ouverture vers l\u2019ext\u00e9rieur et la transparence int\u00e9rieure procurent un sentiment d\u2019espace et de fra\u00eecheur. Le syst\u00e8me de climatisation performant avec renouvellement d\u2019air constant cr\u00e9e un cadre sain et agr\u00e9able pour apprendre et travailler. Quant \u00e0 l\u2019acoustique \u2014 un d\u00e9fi dans bon nombre d\u2019\u00e9coles \u2014 elle est ici parfaitement ma\u00eetris\u00e9e, m\u00eame lorsque les \u00e9l\u00e8ves travaillent en groupe dans de grands espaces.\u202f\u00bb<\/p>\n<\/div>\n\n\n<div class=\"novi-block block-column col col--1 col--lg-1\/2\">\n    \n\n\n\n    <div class=\"novi-block block-image block-image--enable-rounded-corners\"\n         data-mt=\"none\"         data-mb=\"small\"         data-horizontal-align=\"centered\"\n         data-vertical-align=\"centered\"\n         data-mobile-align=\"centered\">\n\n        <figure class=\"block-image__inner\" style=\"max-width: 800px\">\n\n            \n            <div class=\"block-image__image-container\">\n\n                <picture class=\"block-image__picture\" draggable=\"false\">\n\n                    \n                        <source media=\"(min-width: 414px)\"\n                                width=\"800px\"\n                                height=\"533px\"\n                                srcset=\"https:\/\/vdldemeeuw.be\/fr\/wp-content\/uploads\/sites\/2\/2025\/04\/demeeuw-puurs-3635-web.jpg\"\/>\n\n                        <source media=\"(min-width: 0px)\"\n                                width=\"360px\"\n                                height=\"240px\"\n                                srcset=\"https:\/\/vdldemeeuw.be\/fr\/wp-content\/uploads\/sites\/2\/2025\/04\/demeeuw-puurs-3635-web-720x480.jpg 2x, https:\/\/vdldemeeuw.be\/fr\/wp-content\/uploads\/sites\/2\/2025\/04\/demeeuw-puurs-3635-web-360x240.jpg\"\/>\n\n                    \n                    <img decoding=\"async\" loading=\"lazy\"\n                         class=\"block-image__image\"\n                         alt=\"demeeuw-puurs-3635 web\"\n                         src=\"https:\/\/vdldemeeuw.be\/fr\/wp-content\/uploads\/sites\/2\/2025\/04\/demeeuw-puurs-3635-web.jpg\"\n                         width=\"800px\"                         height=\"533px\"\/>\n\n                <\/picture>\n\n                                    <div class=\"block-image__holder block-image__holder--desktop\"\n                         style=\"aspect-ratio: 800\/533; max-width: 800px\">\n                    <\/div>\n                \n                                    <div class=\"block-image__holder block-image__holder--mobile\"\n                         style=\"aspect-ratio: 360\/240; max-width: 360px\">\n                    <\/div>\n                \n            <\/div>\n\n            \n            \n        <\/figure>\n\n    <\/div>\n\n\n\n<\/div>\n            <\/div>\n<\/section>\n\n\n\n<section class=\"novi-block block-row\"data-mb=\"regular\">\n    <div class=\"block-row__row row block-row__row--preset-1\/2|1\/2\">\n                \n\n<div class=\"novi-block block-column col col--1 col--lg-1\/2\">\n    \n\n\n\n    <div class=\"novi-block block-image block-image--enable-rounded-corners\"\n         data-mt=\"none\"         data-mb=\"small\"         data-horizontal-align=\"centered\"\n         data-vertical-align=\"centered\"\n         data-mobile-align=\"centered\">\n\n        <figure class=\"block-image__inner\" style=\"max-width: 800px\">\n\n            \n            <div class=\"block-image__image-container\">\n\n                <picture class=\"block-image__picture\" draggable=\"false\">\n\n                    \n                        <source media=\"(min-width: 414px)\"\n                                width=\"800px\"\n                                height=\"533px\"\n                                srcset=\"https:\/\/vdldemeeuw.be\/fr\/wp-content\/uploads\/sites\/2\/2025\/04\/demeeuw-puurs-3430-web.jpg\"\/>\n\n                        <source media=\"(min-width: 0px)\"\n                                width=\"360px\"\n                                height=\"240px\"\n                                srcset=\"https:\/\/vdldemeeuw.be\/fr\/wp-content\/uploads\/sites\/2\/2025\/04\/demeeuw-puurs-3430-web-720x480.jpg 2x, https:\/\/vdldemeeuw.be\/fr\/wp-content\/uploads\/sites\/2\/2025\/04\/demeeuw-puurs-3430-web-360x240.jpg\"\/>\n\n                    \n                    <img decoding=\"async\" loading=\"lazy\"\n                         class=\"block-image__image\"\n                         alt=\"demeeuw-puurs-3430 web\"\n                         src=\"https:\/\/vdldemeeuw.be\/fr\/wp-content\/uploads\/sites\/2\/2025\/04\/demeeuw-puurs-3430-web.jpg\"\n                         width=\"800px\"                         height=\"533px\"\/>\n\n                <\/picture>\n\n                                    <div class=\"block-image__holder block-image__holder--desktop\"\n                         style=\"aspect-ratio: 800\/533; max-width: 800px\">\n                    <\/div>\n                \n                                    <div class=\"block-image__holder block-image__holder--mobile\"\n                         style=\"aspect-ratio: 360\/240; max-width: 360px\">\n                    <\/div>\n                \n            <\/div>\n\n            \n            \n        <\/figure>\n\n    <\/div>\n\n\n\n<\/div>\n\n\n<div class=\"novi-block block-column col col--1 col--lg-1\/2\">\n    \n<h2 class=\"novi-block block-heading h2\"data-mb=\"smaller\" id=\"novi-heading-60660bf6-4f02-4f11-a6bd-e5f2661f04cf\">Circularit\u00e9<\/h2>\n\n<p class=\"novi-block block-paragraph\"data-mb=\"small\" style=\"font-size: 1.25rem\">La durabilit\u00e9 et la circularit\u00e9 s\u00e9duisent \u00e9galement Kristien Bruggeman : \u00ab Ce b\u00e2timent a la m\u00eame dur\u00e9e de vie et offre des performances \u00e9nerg\u00e9tiques au moins \u00e9quivalentes \u00e0 celles d\u2019une \u00e9cole classique moderne \u00bb, explique-t-elle. \u00ab Mais ici, il ne sera jamais question de d\u00e9molition. Une fois le b\u00e2timent arriv\u00e9 en fin de vie (apr\u00e8s une dur\u00e9e d\u2019utilisation comparable \u00e0 celle des constructions traditionnelles), VDL De Meeuw d\u00e9montera soigneusement tous les modules et mat\u00e9riaux pour les r\u00e9utiliser. Cette philosophie s\u2019aligne parfaitement sur les valeurs de notre \u00e9cole : rien ni personne n\u2019est jamais perdu, nous prenons soin de nous-m\u00eames, des autres et de la soci\u00e9t\u00e9. \u00bb<\/p>\n<\/div>\n            <\/div>\n<\/section>\n\n\n\n<section class=\"novi-block block-row\"data-mb=\"regular\">\n    <div class=\"block-row__row row block-row__row--preset-1\/2|1\/2\">\n                \n\n<div class=\"novi-block block-column col col--1 col--lg-1\/2\">\n    \n<h2 class=\"novi-block block-heading h2\"data-mb=\"smaller\" id=\"novi-heading-60660bf6-4f02-4f11-a6bd-e5f2661f04cf\">Une impression d\u2019espace amplifi\u00e9e<\/h2>\n\n<p class=\"novi-block block-paragraph\"data-mb=\"small\" style=\"font-size: 1.25rem\">Pour une sensation d\u2019espace maximale, VDL De Meeuw a con\u00e7u ce b\u00e2timent scolaire \u00e0 partir de 40 modules pr\u00e9fabriqu\u00e9s de 3,15 sur 6,30 m\u00e8tres, avec une hauteur d\u2019\u00e9tage de 3,76 m\u00e8tres. \u00c0 l\u2019int\u00e9rieur, cela laisse une hauteur sous plafond g\u00e9n\u00e9reuse de 3,10 m\u00e8tres.<\/p>\n<\/div>\n\n\n<div class=\"novi-block block-column col col--1 col--lg-1\/2\">\n    \n\n\n\n    <div class=\"novi-block block-image block-image--enable-rounded-corners\"\n         data-mt=\"none\"         data-mb=\"small\"         data-horizontal-align=\"centered\"\n         data-vertical-align=\"centered\"\n         data-mobile-align=\"centered\">\n\n        <figure class=\"block-image__inner\" style=\"max-width: 800px\">\n\n            \n            <div class=\"block-image__image-container\">\n\n                <picture class=\"block-image__picture\" draggable=\"false\">\n\n                    \n                        <source media=\"(min-width: 414px)\"\n                                width=\"800px\"\n                                height=\"533px\"\n                                srcset=\"https:\/\/vdldemeeuw.be\/fr\/wp-content\/uploads\/sites\/2\/2025\/04\/demeeuw-puurs-3515-web.jpg\"\/>\n\n                        <source media=\"(min-width: 0px)\"\n                                width=\"360px\"\n                                height=\"240px\"\n                                srcset=\"https:\/\/vdldemeeuw.be\/fr\/wp-content\/uploads\/sites\/2\/2025\/04\/demeeuw-puurs-3515-web-720x480.jpg 2x, https:\/\/vdldemeeuw.be\/fr\/wp-content\/uploads\/sites\/2\/2025\/04\/demeeuw-puurs-3515-web-360x240.jpg\"\/>\n\n                    \n                    <img decoding=\"async\" loading=\"lazy\"\n                         class=\"block-image__image\"\n                         alt=\"demeeuw-puurs-3515 web\"\n                         src=\"https:\/\/vdldemeeuw.be\/fr\/wp-content\/uploads\/sites\/2\/2025\/04\/demeeuw-puurs-3515-web.jpg\"\n                         width=\"800px\"                         height=\"533px\"\/>\n\n                <\/picture>\n\n                                    <div class=\"block-image__holder block-image__holder--desktop\"\n                         style=\"aspect-ratio: 800\/533; max-width: 800px\">\n                    <\/div>\n                \n                                    <div class=\"block-image__holder block-image__holder--mobile\"\n                         style=\"aspect-ratio: 360\/240; max-width: 360px\">\n                    <\/div>\n                \n            <\/div>\n\n            \n            \n        <\/figure>\n\n    <\/div>\n\n\n\n<\/div>\n            <\/div>\n<\/section>\n\n\n\n\n    <div class=\"novi-block block-container block-container--rounded-corner-regular block-container--has-background novi-has-light-background\"\n                  data-mt=\"none\"         data-mb=\"none\">\n\n        \n        \n        <div class=\"block-container__inner\" style=\"background: var(--novi-color-light);\">\n                        \n<p class=\"novi-block block-paragraph\"data-mb=\"small\" style=\"font-size: 1.25rem\">\u00ab Notre b\u00e2timent n\u2019a rien d\u2019un ensemble de conteneurs. Il a fi\u00e8re allure, avec une esth\u00e9tique soign\u00e9e et rafra\u00eechissante. Le caract\u00e8re modulaire se traduit surtout par une flexibilit\u00e9 remarquable \u2013 aujourd\u2019hui et demain. Le b\u00e2timent est un grand volume dont l\u2019am\u00e9nagement int\u00e9rieur peut toujours \u00eatre adapt\u00e9. De futures extensions ? Aucun probl\u00e8me : elles s\u2019int\u00e8grent parfaitement, tant sur le plan visuel que fonctionnel. \u00bb<br><br>&#8211; Kristien Bruggeman, Directrice, LAB Puurs-Sint-Amands<\/p>\n\n                    <\/div>\n\n        \n    <\/div>\n\n\n\n\n<section class=\"novi-block block-row block-row--stretch-narrow\">\n    <div class=\"block-row__row row\">\n                \n\n<div class=\"novi-block block-column col col--1 col--lg-1\/1\">\n    <\/div>\n            <\/div>\n<\/section>\n\n\n\n<section class=\"novi-block block-row block-row--stretch-narrow\"data-mb=\"regular\">\n    <div class=\"block-row__row row\">\n                \n\n<div class=\"novi-block block-column col col--1 col--lg-1\/1\">\n    <\/div>\n            <\/div>\n<\/section>\n\n\n\n\n    <section class=\"novi-block block-outer-container block-outer-container--has-background novi-has-light-background block-outer-container--stretch-full-width-regular-content\"\n                          data-mt=\"none\"             data-mb=\"none\">\n\n        \n        \n        <div class=\"block-outer-container__bg-inner\" style=\"background: var(--novi-color-light);\">\n            <div class=\"block-outer-container__inner container\">\n                                \n\n<section class=\"novi-block block-row\">\n    <div class=\"block-row__row row block-row__row--preset-2\/3|1\/3\">\n                \n\n<div class=\"novi-block block-column col col--1 col--lg-2\/3\">\n    \n<p class=\"novi-block block-paragraph\"style=\"font-size: 1.5rem\">Brochure<\/p>\n\n<h3 class=\"novi-block block-heading h3\"data-mb=\"smaller\" id=\"novi-heading-37ed4c8d-1a76-4d70-8f62-e6f611d7c48e\">B\u00e2timents scolaires modulaires, toujours l&rsquo;espace qu&rsquo;il vous faut<\/h3>\n\n<p class=\"novi-block block-paragraph\"data-mb=\"smaller\">T\u00e9l\u00e9chargez la brochure ici.<\/p>\n\n\n\n    <div class=\"novi-block form-block\"\n         data-mt=\"none\"         data-mb=\"none\">\n        <script type=\"text\/javascript\">\n\/* <![CDATA[ *\/\nvar gform;gform||(document.addEventListener(\"gform_main_scripts_loaded\",function(){gform.scriptsLoaded=!0}),document.addEventListener(\"gform\/theme\/scripts_loaded\",function(){gform.themeScriptsLoaded=!0}),window.addEventListener(\"DOMContentLoaded\",function(){gform.domLoaded=!0}),gform={domLoaded:!1,scriptsLoaded:!1,themeScriptsLoaded:!1,isFormEditor:()=>\"function\"==typeof InitializeEditor,callIfLoaded:function(o){return!(!gform.domLoaded||!gform.scriptsLoaded||!gform.themeScriptsLoaded&&!gform.isFormEditor()||(gform.isFormEditor()&&console.warn(\"The use of gform.initializeOnLoaded() is deprecated in the form editor context and will be removed in Gravity Forms 3.1.\"),o(),0))},initializeOnLoaded:function(o){gform.callIfLoaded(o)||(document.addEventListener(\"gform_main_scripts_loaded\",()=>{gform.scriptsLoaded=!0,gform.callIfLoaded(o)}),document.addEventListener(\"gform\/theme\/scripts_loaded\",()=>{gform.themeScriptsLoaded=!0,gform.callIfLoaded(o)}),window.addEventListener(\"DOMContentLoaded\",()=>{gform.domLoaded=!0,gform.callIfLoaded(o)}))},hooks:{action:{},filter:{}},addAction:function(o,r,e,t){gform.addHook(\"action\",o,r,e,t)},addFilter:function(o,r,e,t){gform.addHook(\"filter\",o,r,e,t)},doAction:function(o){gform.doHook(\"action\",o,arguments)},applyFilters:function(o){return gform.doHook(\"filter\",o,arguments)},removeAction:function(o,r){gform.removeHook(\"action\",o,r)},removeFilter:function(o,r,e){gform.removeHook(\"filter\",o,r,e)},addHook:function(o,r,e,t,n){null==gform.hooks[o][r]&&(gform.hooks[o][r]=[]);var d=gform.hooks[o][r];null==n&&(n=r+\"_\"+d.length),gform.hooks[o][r].push({tag:n,callable:e,priority:t=null==t?10:t})},doHook:function(r,o,e){var t;if(e=Array.prototype.slice.call(e,1),null!=gform.hooks[r][o]&&((o=gform.hooks[r][o]).sort(function(o,r){return o.priority-r.priority}),o.forEach(function(o){\"function\"!=typeof(t=o.callable)&&(t=window[t]),\"action\"==r?t.apply(null,e):e[0]=t.apply(null,e)})),\"filter\"==r)return e[0]},removeHook:function(o,r,t,n){var e;null!=gform.hooks[o][r]&&(e=(e=gform.hooks[o][r]).filter(function(o,r,e){return!!(null!=n&&n!=o.tag||null!=t&&t!=o.priority)}),gform.hooks[o][r]=e)}});\n\/* ]]> *\/\n<\/script>\n\n                <div class='gf_browser_gecko gform_wrapper gravity-theme gform-theme--no-framework' data-form-theme='gravity-theme' data-form-index='0' id='gform_wrapper_1' ><div id='gf_1' class='gform_anchor' tabindex='-1'><\/div>\n                        <div class='gform_heading'>\n\t\t\t\t\t\t\t<p class='gform_required_legend'>\u00ab\u00a0<span class=\"gfield_required gfield_required_asterisk\">*<\/span>\u00a0\u00bb indique les champs n\u00e9cessaires<\/p>\n                        <\/div><form method='post' enctype='multipart\/form-data' target='gform_ajax_frame_1' id='gform_1'  action='\/fr\/wp-json\/wp\/v2\/project\/5940#gf_1' data-formid='1' novalidate>\n                        <div class='gform-body gform_body'><div id='gform_fields_1' class='gform_fields top_label form_sublabel_below description_below validation_below'><div id=\"field_1_19\" class=\"gfield gfield--type-honeypot gform_validation_container field_sublabel_below gfield--has-description field_description_below field_validation_below gfield_visibility_visible type-honeypot\"  data-field-class=\"type-honeypot\" ><label class='gfield_label gform-field-label' for='input_1_19'>LinkedIn<\/label><div class='ginput_container'><input name='input_19' id='input_1_19' type='text' value='' autocomplete='new-password'\/><\/div><div class='gfield_description' id='gfield_description_1_19'>Ce champ n\u2019est utilis\u00e9 qu\u2019\u00e0 des fins de validation et devrait rester inchang\u00e9.<\/div><\/div><div id=\"field_1_1\" class=\"gfield gfield--type-text gfield--input-type-text gfield--width-third gfield_contains_required field_sublabel_below gfield--no-description field_description_below field_validation_below gfield_visibility_visible type-text material-input\"  data-field-class=\"type-text material-input\" ><label class='gfield_label gform-field-label' for='input_1_1'>Pr\u00e9nom<span class=\"gfield_required\"><span class=\"gfield_required gfield_required_asterisk\">*<\/span><\/span><\/label><div class='ginput_container ginput_container_text'><input name='input_1' id='input_1_1' type='text' value='' class='large'     aria-required=\"true\" aria-invalid=\"false\"   \/><\/div><\/div><div id=\"field_1_3\" class=\"gfield gfield--type-text gfield--input-type-text gfield--width-third gfield_contains_required field_sublabel_below gfield--no-description field_description_below field_validation_below gfield_visibility_visible type-text material-input\"  data-field-class=\"type-text material-input\" ><label class='gfield_label gform-field-label' for='input_1_3'>Nom de famille<span class=\"gfield_required\"><span class=\"gfield_required gfield_required_asterisk\">*<\/span><\/span><\/label><div class='ginput_container ginput_container_text'><input name='input_3' id='input_1_3' type='text' value='' class='large'     aria-required=\"true\" aria-invalid=\"false\"   \/><\/div><\/div><div id=\"field_1_4\" class=\"gfield gfield--type-text gfield--input-type-text gfield--width-third field_sublabel_below gfield--no-description field_description_below field_validation_below gfield_visibility_visible type-text material-input\"  data-field-class=\"type-text material-input\" ><label class='gfield_label gform-field-label' for='input_1_4'>Soci\u00e9t\u00e9<\/label><div class='ginput_container ginput_container_text'><input name='input_4' id='input_1_4' type='text' value='' class='large'      aria-invalid=\"false\"   \/><\/div><\/div><div id=\"field_1_5\" class=\"gfield gfield--type-email gfield--input-type-email gfield--width-half gfield_contains_required field_sublabel_below gfield--no-description field_description_below field_validation_below gfield_visibility_visible type-email material-input\"  data-field-class=\"type-email material-input\" ><label class='gfield_label gform-field-label' for='input_1_5'>Adresse e-mail<span class=\"gfield_required\"><span class=\"gfield_required gfield_required_asterisk\">*<\/span><\/span><\/label><div class='ginput_container ginput_container_email'>\n                            <input name='input_5' id='input_1_5' type='email' value='' class='large'    aria-required=\"true\" aria-invalid=\"false\"  \/>\n                        <\/div><\/div><div id=\"field_1_6\" class=\"gfield gfield--type-phone gfield--input-type-phone gfield--width-half gfield_contains_required field_sublabel_below gfield--no-description field_description_below field_validation_below gfield_visibility_visible type-phone material-input\"  data-field-class=\"type-phone material-input\" ><label class='gfield_label gform-field-label' for='input_1_6'>T\u00e9l\u00e9phone<span class=\"gfield_required\"><span class=\"gfield_required gfield_required_asterisk\">*<\/span><\/span><\/label><div class='ginput_container ginput_container_phone'><input name='input_6' id='input_1_6' type='tel' value='' class='large'   aria-required=\"true\" aria-invalid=\"false\"   \/><\/div><\/div><div id=\"field_1_12\" class=\"gfield gfield--type-select gfield--input-type-select gfield--width-full gfield_contains_required field_sublabel_below gfield--no-description field_description_below field_validation_below gfield_visibility_visible type-select\"  data-field-class=\"type-select\" ><label class='gfield_label gform-field-label' for='input_1_12'>Par quel canal \u00eates-vous arriv\u00e9 chez nous ?<span class=\"gfield_required\"><span class=\"gfield_required gfield_required_asterisk\">*<\/span><\/span><\/label><div class='ginput_container ginput_container_select'><select name='input_12' id='input_1_12' class='large gfield_select'    aria-required=\"true\" aria-invalid=\"false\" ><option value='Google' >Google<\/option><option value='R\u00e9seaux sociaux' >R\u00e9seaux sociaux<\/option><option value='Mailing' >Mailing<\/option><option value='Salon \/ \u00c9v\u00e9nement' >Salon \/ \u00c9v\u00e9nement<\/option><option value='Coll\u00e8gue \/ Connaissance' >Coll\u00e8gue \/ Connaissance<\/option><option value='Client \/ Partenaire' >Client \/ Partenaire<\/option><option value='Articles \/ Publications' >Articles \/ Publications<\/option><option value='Remarqu\u00e9 le long de l&#039;A12' >Remarqu\u00e9 le long de l&#039;A12<\/option><option value='Autre' >Autre<\/option><\/select><\/div><\/div><fieldset id=\"field_1_11\" class=\"gfield gfield--type-consent gfield--type-choice gfield--input-type-consent gfield--width-full gfield_contains_required field_sublabel_below gfield--no-description field_description_below hidden_label field_validation_below gfield_visibility_visible type-consent\"  data-field-class=\"type-consent\" ><legend class='gfield_label gform-field-label gfield_label_before_complex' >Consentement<span class=\"gfield_required\"><span class=\"gfield_required gfield_required_asterisk\">*<\/span><\/span><\/legend><div class='ginput_container ginput_container_consent'><input name='input_11.1' id='input_1_11_1' type='checkbox' value='1'   aria-required=\"true\" aria-invalid=\"false\"   \/> <label class=\"gform-field-label gform-field-label--type-inline gfield_consent_label\" for='input_1_11_1' >J&rsquo;accepte la <a href=\"https:\/\/vdldemeeuw.be\/fr\/privacyverklaring\/\" target=\"_blank\">politique de confidentialit\u00e9<\/a><span class=\"gfield_required gfield_required_asterisk\">*<\/span><\/label><input type='hidden' name='input_11.2' value='J&#039;accepte la &lt;a href=&quot;https:\/\/vdldemeeuw.be\/fr\/privacyverklaring\/&quot; target=&quot;_blank&quot;&gt;politique de confidentialit\u00e9&lt;\/a&gt;' class='gform_hidden' \/><input type='hidden' name='input_11.3' value='1' class='gform_hidden' \/><\/div><\/fieldset><fieldset id=\"field_1_8\" class=\"gfield gfield--type-checkbox gfield--type-choice gfield--input-type-checkbox field_sublabel_below gfield--no-description field_description_below hidden_label field_validation_below gfield_visibility_visible type-checkbox\"  data-field-class=\"type-checkbox\" ><legend class='gfield_label gform-field-label gfield_label_before_complex' >Newsletter<\/legend><div class='ginput_container ginput_container_checkbox'><div class='gfield_checkbox ' id='input_1_8'><div class='gchoice gchoice_1_8_1'>\n\t\t\t\t\t\t\t\t<input class='gfield-choice-input' name='input_8.1' type='checkbox'  value='Inscrivez-vous \u00e0 notre newsletter.'  id='choice_1_8_1'   \/>\n\t\t\t\t\t\t\t\t<label for='choice_1_8_1' id='label_1_8_1' class='gform-field-label gform-field-label--type-inline'>Inscrivez-vous \u00e0 notre newsletter.<\/label>\n\t\t\t\t\t\t\t<\/div><\/div><\/div><\/fieldset><div id=\"field_1_10\" class=\"gfield gfield--type-multiselect gfield--input-type-multiselect gfield--width-full gfield_contains_required field_sublabel_below gfield--no-description field_description_below field_validation_below gfield_visibility_visible type-multiselect\"  data-field-class=\"type-multiselect\" ><label class='gfield_label gform-field-label' for='input_1_10'>Int\u00e9ress\u00e9(e) par<span class=\"gfield_required\"><span class=\"gfield_required gfield_required_asterisk\">*<\/span><\/span><\/label><div class='ginput_container ginput_container_multiselect'><select multiple='multiple' data- size='7' name='input_10[]' id='input_1_10' class='large gfield_select'   aria-invalid=\"false\" aria-required=\"true\" ><option value='Entreprises' >Entreprises<\/option><option value='Enseignement' >Enseignement<\/option><option value='Soins de sant\u00e9' >Soins de sant\u00e9<\/option><option value='Logement' >Logement<\/option><option value='H\u00e9bergement temporaire' >H\u00e9bergement temporaire<\/option><option value='Service et entretien' >Service et entretien<\/option><\/select><\/div><\/div><div id=\"field_1_13\" class=\"gfield gfield--type-text gfield--input-type-text gfield--width-full field_sublabel_below gfield--no-description field_description_below field_validation_below gfield_visibility_hidden type-text material-input\"  data-field-class=\"type-text material-input\" ><div class=\"admin-hidden-markup\"><i class=\"gform-icon gform-icon--hidden\" aria-hidden=\"true\" title=\"Ce champ est masqu\u00e9 lorsque l\u2018on voit le formulaire.\"><\/i><span>Ce champ est masqu\u00e9 lorsque l\u2018on voit le formulaire.<\/span><\/div><label class='gfield_label gform-field-label' for='input_1_13'>gclid<\/label><div class='ginput_container ginput_container_text'><input name='input_13' id='input_1_13' type='text' value='' class='large'      aria-invalid=\"false\"   \/><\/div><\/div><div id=\"field_1_14\" class=\"gfield gfield--type-text gfield--input-type-text gfield--width-full field_sublabel_below gfield--no-description field_description_below field_validation_below gfield_visibility_hidden type-text material-input\"  data-field-class=\"type-text material-input\" ><div class=\"admin-hidden-markup\"><i class=\"gform-icon gform-icon--hidden\" aria-hidden=\"true\" title=\"Ce champ est masqu\u00e9 lorsque l\u2018on voit le formulaire.\"><\/i><span>Ce champ est masqu\u00e9 lorsque l\u2018on voit le formulaire.<\/span><\/div><label class='gfield_label gform-field-label' for='input_1_14'>utm_source<\/label><div class='ginput_container ginput_container_text'><input name='input_14' id='input_1_14' type='text' value='' class='large'      aria-invalid=\"false\"   \/><\/div><\/div><div id=\"field_1_15\" class=\"gfield gfield--type-text gfield--input-type-text gfield--width-full field_sublabel_below gfield--no-description field_description_below field_validation_below gfield_visibility_hidden type-text material-input\"  data-field-class=\"type-text material-input\" ><div class=\"admin-hidden-markup\"><i class=\"gform-icon gform-icon--hidden\" aria-hidden=\"true\" title=\"Ce champ est masqu\u00e9 lorsque l\u2018on voit le formulaire.\"><\/i><span>Ce champ est masqu\u00e9 lorsque l\u2018on voit le formulaire.<\/span><\/div><label class='gfield_label gform-field-label' for='input_1_15'>utm_medium<\/label><div class='ginput_container ginput_container_text'><input name='input_15' id='input_1_15' type='text' value='' class='large'      aria-invalid=\"false\"   \/><\/div><\/div><div id=\"field_1_16\" class=\"gfield gfield--type-text gfield--input-type-text gfield--width-full field_sublabel_below gfield--no-description field_description_below field_validation_below gfield_visibility_hidden type-text material-input\"  data-field-class=\"type-text material-input\" ><div class=\"admin-hidden-markup\"><i class=\"gform-icon gform-icon--hidden\" aria-hidden=\"true\" title=\"Ce champ est masqu\u00e9 lorsque l\u2018on voit le formulaire.\"><\/i><span>Ce champ est masqu\u00e9 lorsque l\u2018on voit le formulaire.<\/span><\/div><label class='gfield_label gform-field-label' for='input_1_16'>utm_campaign<\/label><div class='ginput_container ginput_container_text'><input name='input_16' id='input_1_16' type='text' value='' class='large'      aria-invalid=\"false\"   \/><\/div><\/div><div id=\"field_1_17\" class=\"gfield gfield--type-text gfield--input-type-text gfield--width-full field_sublabel_below gfield--no-description field_description_below field_validation_below gfield_visibility_hidden type-text material-input\"  data-field-class=\"type-text material-input\" ><div class=\"admin-hidden-markup\"><i class=\"gform-icon gform-icon--hidden\" aria-hidden=\"true\" title=\"Ce champ est masqu\u00e9 lorsque l\u2018on voit le formulaire.\"><\/i><span>Ce champ est masqu\u00e9 lorsque l\u2018on voit le formulaire.<\/span><\/div><label class='gfield_label gform-field-label' for='input_1_17'>utm_term<\/label><div class='ginput_container ginput_container_text'><input name='input_17' id='input_1_17' type='text' value='' class='large'      aria-invalid=\"false\"   \/><\/div><\/div><div id=\"field_1_18\" class=\"gfield gfield--type-text gfield--input-type-text gfield--width-full field_sublabel_below gfield--no-description field_description_below field_validation_below gfield_visibility_hidden type-text material-input\"  data-field-class=\"type-text material-input\" ><div class=\"admin-hidden-markup\"><i class=\"gform-icon gform-icon--hidden\" aria-hidden=\"true\" title=\"Ce champ est masqu\u00e9 lorsque l\u2018on voit le formulaire.\"><\/i><span>Ce champ est masqu\u00e9 lorsque l\u2018on voit le formulaire.<\/span><\/div><label class='gfield_label gform-field-label' for='input_1_18'>utm_content<\/label><div class='ginput_container ginput_container_text'><input name='input_18' id='input_1_18' type='text' value='' class='large'      aria-invalid=\"false\"   \/><\/div><\/div><\/div><\/div>\n        <div class='gform-footer gform_footer top_label'> \n            <button  type='submit' id='gform_submit_button_1' class='gform_button button' onclick='gform.submission.handleButtonClick(this);' data-submission-type='submit'                 role=\"button\"\n                data-button-color=\"secondary\"\n                data-button-txtcolor=\"light\"\n                data-button-style=\"filled\"\n                data-button-size=\"large\">\n                <span>\n                    T\u00e9l\u00e9chargez la brochure                <\/span>\n            <\/button>\n\n             <input type='hidden' name='gform_ajax' value='form_id=1&amp;title=&amp;description=&amp;tabindex=0&amp;theme=gravity-theme&amp;hash=c7bc3c10b2f6becc6499d46161ec0a7e' \/>\n            <input type='hidden' class='gform_hidden' name='gform_submission_method' data-js='gform_submission_method_1' value='iframe' \/>\n            <input type='hidden' class='gform_hidden' name='gform_theme' data-js='gform_theme_1' id='gform_theme_1' value='gravity-theme' \/>\n            <input type='hidden' class='gform_hidden' name='gform_style_settings' data-js='gform_style_settings_1' id='gform_style_settings_1' value='' \/>\n            <input type='hidden' class='gform_hidden' name='is_submit_1' value='1' \/>\n            <input type='hidden' class='gform_hidden' name='gform_submit' value='1' \/>\n            \n            <input type='hidden' class='gform_hidden' name='gform_currency' data-currency='USD' value='iWRE8tnItswjih1tjt+5vQ1lKHCt3BLRS2Re3I7DTw0J+We3HTKn4fi\/pCd2IiSwrCW7cCHShNnRzXnnTyAARcBZGr6ZRJ0F6qNJMc+ndhSl2CE=' \/>\n            <input type='hidden' class='gform_hidden' name='gform_unique_id' value='' \/>\n            <input type='hidden' class='gform_hidden' name='state_1' value='WyJ7XCIxMlwiOltcIjRlMGM2MGY0Y2M5MGUzYWJhMzc3YjEwNzI2ZWFkNTU5XCIsXCJlMTYwZTZmODYzYTVmM2NmNGFlYmQ3YmFiZGNkOWEwNlwiLFwiZGI2NjViZWNjZjBhNDUwZDAxOTJjYWYxNmNmZWIwYzNcIixcImUyNzBmNTk5NjY4YWJkZTIzMDRmMjYzYTY3ZjRkYWU1XCIsXCIzNWVlNjA4ZGUzODExZjQyODBlMmQ2ZGZiMWQzYWVlYlwiLFwiMDdiNDkxMjU1NDU4YTY4NjA4NDdlYTg3MmM3MzJmMGVcIixcIjM0YmU4ZWI4NTVkM2YwNGRhNzhjNDI0NWRjNzdiMThlXCIsXCJjN2ZhYTM5ODQ4ZDY2MDUzMDQ5ZjI1MzFhMTFlNTg3M1wiLFwiZGUxYjllYzRjYjRjOGFiYWVlYmE1YmUwZGRiMWRhOGRcIl0sXCIxMS4xXCI6XCI0NGQ4MDJhNzI2YzM3YjllZDYyYmM1ODEwNmMzYjczZFwiLFwiMTEuMlwiOlwiYjU1ZTNjMWIwNzdjOTE1OTFiNjBjZmRkMWJhNmM0NzhcIixcIjExLjNcIjpcIjQ0ZDgwMmE3MjZjMzdiOWVkNjJiYzU4MTA2YzNiNzNkXCIsXCI4LjFcIjpcImFhOGI1ZjMwNmYzNThiMGEyZWVjN2ZhMTg0ZWM0OTA2XCJ9IiwiZmY0YmVjNTU3NDllNjE2ODU5YmY3YjM0NjMyM2JlMjMiXQ==' \/>\n            <input type='hidden' autocomplete='off' class='gform_hidden' name='gform_target_page_number_1' id='gform_target_page_number_1' value='0' \/>\n            <input type='hidden' autocomplete='off' class='gform_hidden' name='gform_source_page_number_1' id='gform_source_page_number_1' value='1' \/>\n            <input type='hidden' name='gform_field_values' value='' \/>\n            \n        <\/div>\n                        <p style=\"display: none !important;\" class=\"akismet-fields-container\" data-prefix=\"ak_\"><label>&#916;<textarea name=\"ak_hp_textarea\" cols=\"45\" rows=\"8\" maxlength=\"100\"><\/textarea><\/label><input type=\"hidden\" id=\"ak_js_1\" name=\"ak_js\" value=\"51\"\/><script>document.getElementById( \"ak_js_1\" ).setAttribute( \"value\", ( new Date() ).getTime() );<\/script><\/p><\/form>\n                        <\/div>\n\t\t                <iframe style='display:none;width:0px;height:0px;' src='about:blank' name='gform_ajax_frame_1' id='gform_ajax_frame_1' title='Cette iframe contient la logique n\u00e9cessaire pour manipuler Gravity Forms avec Ajax.'><\/iframe>\n\t\t                <script type=\"text\/javascript\">\n\/* <![CDATA[ *\/\n gform.initializeOnLoaded( function() {gformInitSpinner( 1, 'https:\/\/vdldemeeuw.be\/fr\/wp-content\/plugins\/gravityforms\/images\/spinner.svg', true );jQuery('#gform_ajax_frame_1').on('load',function(){var contents = jQuery(this).contents().find('*').html();var is_postback = contents.indexOf('GF_AJAX_POSTBACK') >= 0;if(!is_postback){return;}var form_content = jQuery(this).contents().find('#gform_wrapper_1');var is_confirmation = jQuery(this).contents().find('#gform_confirmation_wrapper_1').length > 0;var is_redirect = contents.indexOf('gformRedirect(){') >= 0;var is_form = form_content.length > 0 && ! is_redirect && ! is_confirmation;var mt = parseInt(jQuery('html').css('margin-top'), 10) + parseInt(jQuery('body').css('margin-top'), 10) + 100;if(is_form){jQuery('#gform_wrapper_1').html(form_content.html());if(form_content.hasClass('gform_validation_error')){jQuery('#gform_wrapper_1').addClass('gform_validation_error');} else {jQuery('#gform_wrapper_1').removeClass('gform_validation_error');}setTimeout( function() { \/* delay the scroll by 50 milliseconds to fix a bug in chrome *\/ jQuery(document).scrollTop(jQuery('#gform_wrapper_1').offset().top - mt); }, 50 );if(window['gformInitDatepicker']) {gformInitDatepicker();}if(window['gformInitPriceFields']) {gformInitPriceFields();}var current_page = jQuery('#gform_source_page_number_1').val();gformInitSpinner( 1, 'https:\/\/vdldemeeuw.be\/fr\/wp-content\/plugins\/gravityforms\/images\/spinner.svg', true );jQuery(document).trigger('gform_page_loaded', [1, current_page]);window['gf_submitting_1'] = false;}else if(!is_redirect){var confirmation_content = jQuery(this).contents().find('.GF_AJAX_POSTBACK').html();if(!confirmation_content){confirmation_content = contents;}jQuery('#gform_wrapper_1').replaceWith(confirmation_content);jQuery(document).scrollTop(jQuery('#gf_1').offset().top - mt);jQuery(document).trigger('gform_confirmation_loaded', [1]);window['gf_submitting_1'] = false;wp.a11y.speak(jQuery('#gform_confirmation_message_1').text());}else{jQuery('#gform_1').append(contents);if(window['gformRedirect']) {gformRedirect();}}jQuery(document).trigger(\"gform_pre_post_render\", [{ formId: \"1\", currentPage: \"current_page\", abort: function() { this.preventDefault(); } }]);        if (event && event.defaultPrevented) {                return;        }        const gformWrapperDiv = document.getElementById( \"gform_wrapper_1\" );        if ( gformWrapperDiv ) {            const visibilitySpan = document.createElement( \"span\" );            visibilitySpan.id = \"gform_visibility_test_1\";            gformWrapperDiv.insertAdjacentElement( \"afterend\", visibilitySpan );        }        const visibilityTestDiv = document.getElementById( \"gform_visibility_test_1\" );        let postRenderFired = false;        function triggerPostRender() {            if ( postRenderFired ) {                return;            }            postRenderFired = true;            gform.core.triggerPostRenderEvents( 1, current_page );            if ( visibilityTestDiv ) {                visibilityTestDiv.parentNode.removeChild( visibilityTestDiv );            }        }        function debounce( func, wait, immediate ) {            var timeout;            return function() {                var context = this, args = arguments;                var later = function() {                    timeout = null;                    if ( !immediate ) func.apply( context, args );                };                var callNow = immediate && !timeout;                clearTimeout( timeout );                timeout = setTimeout( later, wait );                if ( callNow ) func.apply( context, args );            };        }        const debouncedTriggerPostRender = debounce( function() {            triggerPostRender();        }, 200 );        if ( visibilityTestDiv && visibilityTestDiv.offsetParent === null ) {            const observer = new MutationObserver( ( mutations ) => {                mutations.forEach( ( mutation ) => {                    if ( mutation.type === 'attributes' && visibilityTestDiv.offsetParent !== null ) {                        debouncedTriggerPostRender();                        observer.disconnect();                    }                });            });            observer.observe( document.body, {                attributes: true,                childList: false,                subtree: true,                attributeFilter: [ 'style', 'class' ],            });        } else {            triggerPostRender();        }    } );} ); \n\/* ]]> *\/\n<\/script>\n    <\/div>\n\n\n<\/div>\n\n\n<div class=\"novi-block block-column col col--1 col--lg-1\/3\">\n    \n\n\n\n    <div class=\"novi-block block-image block-image--enable-rounded-corners\"\n         data-mt=\"none\"         data-mb=\"none\"         data-horizontal-align=\"centered\"\n         data-vertical-align=\"centered\"\n         data-mobile-align=\"centered\">\n\n        <figure class=\"block-image__inner\" style=\"max-width: 1526px\">\n\n            \n            <div class=\"block-image__image-container\">\n\n                <picture class=\"block-image__picture\" draggable=\"false\">\n\n                    \n                        <source media=\"(min-width: 414px)\"\n                                width=\"1526px\"\n                                height=\"1080px\"\n                                srcset=\"https:\/\/vdldemeeuw.be\/fr\/wp-content\/uploads\/sites\/2\/2025\/06\/VDL-De-Meeuw_covers-onderwijsFR2-scaled.jpg\"\/>\n\n                        <source media=\"(min-width: 0px)\"\n                                width=\"360px\"\n                                height=\"255px\"\n                                srcset=\"https:\/\/vdldemeeuw.be\/fr\/wp-content\/uploads\/sites\/2\/2025\/06\/VDL-De-Meeuw_covers-onderwijsFR2-720x509.jpg 2x, https:\/\/vdldemeeuw.be\/fr\/wp-content\/uploads\/sites\/2\/2025\/06\/VDL-De-Meeuw_covers-onderwijsFR2-360x255.jpg\"\/>\n\n                    \n                    <img decoding=\"async\" loading=\"lazy\"\n                         class=\"block-image__image\"\n                         alt=\"B\u00e2timents de remplacement dans le cadre de r\u00e9novations\"\n                         src=\"https:\/\/vdldemeeuw.be\/fr\/wp-content\/uploads\/sites\/2\/2025\/06\/VDL-De-Meeuw_covers-onderwijsFR2-scaled.jpg\"\n                         width=\"1526px\"                         height=\"1080px\"\/>\n\n                <\/picture>\n\n                                    <div class=\"block-image__holder block-image__holder--desktop\"\n                         style=\"aspect-ratio: 1526\/1080; max-width: 1526px\">\n                    <\/div>\n                \n                                    <div class=\"block-image__holder block-image__holder--mobile\"\n                         style=\"aspect-ratio: 360\/255; max-width: 360px\">\n                    <\/div>\n                \n            <\/div>\n\n            \n            \n        <\/figure>\n\n    <\/div>\n\n\n\n<\/div>\n            <\/div>\n<\/section>\n\n\n                            <\/div>\n        <\/div>\n\n        \n    <\/section>\n\n","protected":false},"featured_media":5971,"template":"","project-category":[33],"class_list":["post-5940","project","type-project","status-publish","has-post-thumbnail","hentry"],"acf":[],"yoast_head":"<title>\u00c9cole LAB Puurs-Sint-Amands | VDL De Meeuw<\/title>\n<meta name=\"description\" content=\"\u00c0 Puurs-Sint-Amands, VDL De Meeuw construit une \u00e9cole LAB innovante, lumineuse et flexible, pens\u00e9e pour l\u2019apprentissage actif et l\u2019\u00e9ducation de demain.\" \/>\n<meta name=\"robots\" content=\"index, follow, max-snippet:-1, max-image-preview:large, max-video-preview:-1\" \/>\n<link rel=\"canonical\" href=\"https:\/\/vdldemeeuw.be\/fr\/projets\/lab-puurs-sint-amands\/\" \/>\n<meta property=\"og:locale\" content=\"fr_FR\" \/>\n<meta property=\"og:type\" content=\"article\" \/>\n<meta property=\"og:title\" content=\"\u00c9cole LAB Puurs-Sint-Amands | VDL De Meeuw\" \/>\n<meta property=\"og:description\" content=\"\u00c0 Puurs-Sint-Amands, VDL De Meeuw construit une \u00e9cole LAB innovante, lumineuse et flexible, pens\u00e9e pour l\u2019apprentissage actif et l\u2019\u00e9ducation de demain.\" \/>\n<meta property=\"og:url\" content=\"https:\/\/vdldemeeuw.be\/fr\/projets\/lab-puurs-sint-amands\/\" \/>\n<meta property=\"og:site_name\" content=\"VDL De Meeuw FR\" \/>\n<meta property=\"article:modified_time\" content=\"2025-06-26T13:42:37+00:00\" \/>\n<meta property=\"og:image\" content=\"https:\/\/vdldemeeuw.be\/fr\/wp-content\/uploads\/sites\/2\/2025\/04\/demeeuw-puurs-3555-web.jpg\" \/>\n\t<meta property=\"og:image:width\" content=\"800\" \/>\n\t<meta property=\"og:image:height\" content=\"533\" \/>\n\t<meta property=\"og:image:type\" content=\"image\/jpeg\" \/>\n<meta name=\"twitter:card\" content=\"summary_large_image\" \/>\n<meta name=\"twitter:label1\" content=\"Dur\u00e9e de lecture estim\u00e9e\" \/>\n\t<meta name=\"twitter:data1\" content=\"5 minutes\" \/>\n<script type=\"application\/ld+json\" class=\"yoast-schema-graph\">{\"@context\":\"https:\/\/schema.org\",\"@graph\":[{\"@type\":\"WebPage\",\"@id\":\"https:\/\/vdldemeeuw.be\/fr\/projets\/lab-puurs-sint-amands\/\",\"url\":\"https:\/\/vdldemeeuw.be\/fr\/projets\/lab-puurs-sint-amands\/\",\"name\":\"\u00c9cole LAB Puurs-Sint-Amands | VDL De Meeuw\",\"isPartOf\":{\"@id\":\"https:\/\/vdldemeeuw.be\/fr\/#website\"},\"primaryImageOfPage\":{\"@id\":\"https:\/\/vdldemeeuw.be\/fr\/projets\/lab-puurs-sint-amands\/#primaryimage\"},\"image\":{\"@id\":\"https:\/\/vdldemeeuw.be\/fr\/projets\/lab-puurs-sint-amands\/#primaryimage\"},\"thumbnailUrl\":\"https:\/\/vdldemeeuw.be\/fr\/wp-content\/uploads\/sites\/2\/2025\/04\/demeeuw-puurs-3555-web.jpg\",\"datePublished\":\"2025-04-29T13:39:39+00:00\",\"dateModified\":\"2025-06-26T13:42:37+00:00\",\"description\":\"\u00c0 Puurs-Sint-Amands, VDL De Meeuw construit une \u00e9cole LAB innovante, lumineuse et flexible, pens\u00e9e pour l\u2019apprentissage actif et l\u2019\u00e9ducation de demain.\",\"breadcrumb\":{\"@id\":\"https:\/\/vdldemeeuw.be\/fr\/projets\/lab-puurs-sint-amands\/#breadcrumb\"},\"inLanguage\":\"fr-FR\",\"potentialAction\":[{\"@type\":\"ReadAction\",\"target\":[\"https:\/\/vdldemeeuw.be\/fr\/projets\/lab-puurs-sint-amands\/\"]}]},{\"@type\":\"ImageObject\",\"inLanguage\":\"fr-FR\",\"@id\":\"https:\/\/vdldemeeuw.be\/fr\/projets\/lab-puurs-sint-amands\/#primaryimage\",\"url\":\"https:\/\/vdldemeeuw.be\/fr\/wp-content\/uploads\/sites\/2\/2025\/04\/demeeuw-puurs-3555-web.jpg\",\"contentUrl\":\"https:\/\/vdldemeeuw.be\/fr\/wp-content\/uploads\/sites\/2\/2025\/04\/demeeuw-puurs-3555-web.jpg\",\"width\":800,\"height\":533},{\"@type\":\"BreadcrumbList\",\"@id\":\"https:\/\/vdldemeeuw.be\/fr\/projets\/lab-puurs-sint-amands\/#breadcrumb\",\"itemListElement\":[{\"@type\":\"ListItem\",\"position\":1,\"name\":\"\",\"item\":\"https:\/\/vdldemeeuw.be\/fr\/\"},{\"@type\":\"ListItem\",\"position\":2,\"name\":\"Projects\",\"item\":\"https:\/\/vdldemeeuw.be\/fr\/projets\/\"},{\"@type\":\"ListItem\",\"position\":3,\"name\":\"\u00c9cole LAB Puurs-Sint-Amands\"}]},{\"@type\":\"WebSite\",\"@id\":\"https:\/\/vdldemeeuw.be\/fr\/#website\",\"url\":\"https:\/\/vdldemeeuw.be\/fr\/\",\"name\":\"VDL De Meeuw FR\",\"description\":\"\",\"potentialAction\":[{\"@type\":\"SearchAction\",\"target\":{\"@type\":\"EntryPoint\",\"urlTemplate\":\"https:\/\/vdldemeeuw.be\/fr\/?search-query={search_term_string}\"},\"query-input\":{\"@type\":\"PropertyValueSpecification\",\"valueRequired\":true,\"valueName\":\"search_term_string\"}}],\"inLanguage\":\"fr-FR\"}]}<\/script>","yoast_head_json":{"title":"\u00c9cole LAB Puurs-Sint-Amands | VDL De Meeuw","description":"\u00c0 Puurs-Sint-Amands, VDL De Meeuw construit une \u00e9cole LAB innovante, lumineuse et flexible, pens\u00e9e pour l\u2019apprentissage actif et l\u2019\u00e9ducation de demain.","robots":{"index":"index","follow":"follow","max-snippet":"max-snippet:-1","max-image-preview":"max-image-preview:large","max-video-preview":"max-video-preview:-1"},"canonical":"https:\/\/vdldemeeuw.be\/fr\/projets\/lab-puurs-sint-amands\/","og_locale":"fr_FR","og_type":"article","og_title":"\u00c9cole LAB Puurs-Sint-Amands | VDL De Meeuw","og_description":"\u00c0 Puurs-Sint-Amands, VDL De Meeuw construit une \u00e9cole LAB innovante, lumineuse et flexible, pens\u00e9e pour l\u2019apprentissage actif et l\u2019\u00e9ducation de demain.","og_url":"https:\/\/vdldemeeuw.be\/fr\/projets\/lab-puurs-sint-amands\/","og_site_name":"VDL De Meeuw FR","article_modified_time":"2025-06-26T13:42:37+00:00","og_image":[{"width":800,"height":533,"url":"https:\/\/vdldemeeuw.be\/fr\/wp-content\/uploads\/sites\/2\/2025\/04\/demeeuw-puurs-3555-web.jpg","type":"image\/jpeg"}],"twitter_card":"summary_large_image","twitter_misc":{"Dur\u00e9e de lecture estim\u00e9e":"5 minutes"},"schema":{"@context":"https:\/\/schema.org","@graph":[{"@type":"WebPage","@id":"https:\/\/vdldemeeuw.be\/fr\/projets\/lab-puurs-sint-amands\/","url":"https:\/\/vdldemeeuw.be\/fr\/projets\/lab-puurs-sint-amands\/","name":"\u00c9cole LAB Puurs-Sint-Amands | VDL De Meeuw","isPartOf":{"@id":"https:\/\/vdldemeeuw.be\/fr\/#website"},"primaryImageOfPage":{"@id":"https:\/\/vdldemeeuw.be\/fr\/projets\/lab-puurs-sint-amands\/#primaryimage"},"image":{"@id":"https:\/\/vdldemeeuw.be\/fr\/projets\/lab-puurs-sint-amands\/#primaryimage"},"thumbnailUrl":"https:\/\/vdldemeeuw.be\/fr\/wp-content\/uploads\/sites\/2\/2025\/04\/demeeuw-puurs-3555-web.jpg","datePublished":"2025-04-29T13:39:39+00:00","dateModified":"2025-06-26T13:42:37+00:00","description":"\u00c0 Puurs-Sint-Amands, VDL De Meeuw construit une \u00e9cole LAB innovante, lumineuse et flexible, pens\u00e9e pour l\u2019apprentissage actif et l\u2019\u00e9ducation de demain.","breadcrumb":{"@id":"https:\/\/vdldemeeuw.be\/fr\/projets\/lab-puurs-sint-amands\/#breadcrumb"},"inLanguage":"fr-FR","potentialAction":[{"@type":"ReadAction","target":["https:\/\/vdldemeeuw.be\/fr\/projets\/lab-puurs-sint-amands\/"]}]},{"@type":"ImageObject","inLanguage":"fr-FR","@id":"https:\/\/vdldemeeuw.be\/fr\/projets\/lab-puurs-sint-amands\/#primaryimage","url":"https:\/\/vdldemeeuw.be\/fr\/wp-content\/uploads\/sites\/2\/2025\/04\/demeeuw-puurs-3555-web.jpg","contentUrl":"https:\/\/vdldemeeuw.be\/fr\/wp-content\/uploads\/sites\/2\/2025\/04\/demeeuw-puurs-3555-web.jpg","width":800,"height":533},{"@type":"BreadcrumbList","@id":"https:\/\/vdldemeeuw.be\/fr\/projets\/lab-puurs-sint-amands\/#breadcrumb","itemListElement":[{"@type":"ListItem","position":1,"name":"","item":"https:\/\/vdldemeeuw.be\/fr\/"},{"@type":"ListItem","position":2,"name":"Projects","item":"https:\/\/vdldemeeuw.be\/fr\/projets\/"},{"@type":"ListItem","position":3,"name":"\u00c9cole LAB Puurs-Sint-Amands"}]},{"@type":"WebSite","@id":"https:\/\/vdldemeeuw.be\/fr\/#website","url":"https:\/\/vdldemeeuw.be\/fr\/","name":"VDL De Meeuw FR","description":"","potentialAction":[{"@type":"SearchAction","target":{"@type":"EntryPoint","urlTemplate":"https:\/\/vdldemeeuw.be\/fr\/?search-query={search_term_string}"},"query-input":{"@type":"PropertyValueSpecification","valueRequired":true,"valueName":"search_term_string"}}],"inLanguage":"fr-FR"}]}},"_links":{"self":[{"href":"https:\/\/vdldemeeuw.be\/fr\/wp-json\/wp\/v2\/project\/5940","targetHints":{"allow":["GET"]}}],"collection":[{"href":"https:\/\/vdldemeeuw.be\/fr\/wp-json\/wp\/v2\/project"}],"about":[{"href":"https:\/\/vdldemeeuw.be\/fr\/wp-json\/wp\/v2\/types\/project"}],"version-history":[{"count":50,"href":"https:\/\/vdldemeeuw.be\/fr\/wp-json\/wp\/v2\/project\/5940\/revisions"}],"predecessor-version":[{"id":10753,"href":"https:\/\/vdldemeeuw.be\/fr\/wp-json\/wp\/v2\/project\/5940\/revisions\/10753"}],"wp:featuredmedia":[{"embeddable":true,"href":"https:\/\/vdldemeeuw.be\/fr\/wp-json\/wp\/v2\/media\/5971"}],"wp:attachment":[{"href":"https:\/\/vdldemeeuw.be\/fr\/wp-json\/wp\/v2\/media?parent=5940"}],"wp:term":[{"taxonomy":"project-category","embeddable":true,"href":"https:\/\/vdldemeeuw.be\/fr\/wp-json\/wp\/v2\/project-category?post=5940"}],"curies":[{"name":"wp","href":"https:\/\/api.w.org\/{rel}","templated":true}]}}