{"id":5796,"date":"2025-04-18T15:19:31","date_gmt":"2025-04-18T13:19:31","guid":{"rendered":"https:\/\/vdldemeeuw.be\/fr\/?post_type=project&#038;p=5796"},"modified":"2025-06-24T17:17:41","modified_gmt":"2025-06-24T15:17:41","slug":"batiment-de-bureaux-modulaire","status":"publish","type":"project","link":"https:\/\/vdldemeeuw.be\/fr\/projets\/batiment-de-bureaux-modulaire\/","title":{"rendered":"B\u00e2timent de bureaux modulaire"},"content":{"rendered":"\n<section class=\"novi-block block-row block-row--stretch-narrow\"data-mb=\"larger\">\n    <div class=\"block-row__row row\">\n                \n\n<div class=\"novi-block block-column col col--1 col--lg-1\/1\">\n    \n<h2 class=\"novi-block block-heading h2\"data-mb=\"smaller\" id=\"novi-heading-bfc97087-63be-4e8a-9cf4-3f1a3c11244c\">Mise \u00e0 jour: un b\u00e2timent de bureaux de 800 m\u00b2 recherche nouvel occupant<\/h2>\n\n<p class=\"novi-block block-paragraph\"data-mb=\"smaller\" style=\"font-size: 1.25rem\"><strong>Bonne nouvelle\u202f! Moi \u2013 un immeuble de bureaux modulaire dynamique et flexible de 2.200\u202fm\u00b2 \u2013 j\u2019ai trouv\u00e9 un nouvel employeur. Mais il me reste encore 800\u202fm\u00b2 disponibles\u2026 Je suis donc \u00e0 la recherche d\u2019un nouveau d\u00e9fi\u202f!<br><\/strong><\/p>\n<\/div>\n            <\/div>\n<\/section>\n\n\n\n\n\n    \n    <section class=\"novi-block block-split\"\n             id=\"block-split-block_cb3b443b003efa1b55eea702910aa60b\"\n             data-mt=\"none\"             data-mb=\"larger\">\n\n        \n        <div class=\"row block-split__row block-split__row--image-content\">\n\n            <div class=\"col col--1 col--md-1\/2\">\n                <div class=\"block-split__content block-split__content--color-light|false block-split__content--right\"\n                     style=\"background: var(--novi-color-light);\">\n                    \n<h3 class=\"novi-block block-heading h4\"data-mb=\"smaller\" id=\"novi-heading-42ce366e-99ff-4ce9-bf35-24b60ac90f22\">Caract\u00e9ristiques<\/h3>\n\n\n\n    <div class=\"novi-block block-icons-with-text block-icons-with-text--is-vertical\"\n         data-mt=\"none\"         data-mb=\"none\">\n\n        <div class=\"block-icons-with-text__items\">\n            \n                <article class=\"block-icons-with-text__item\">\n\n                    <div class=\"block-icons-with-text__item-inner\">\n                                            <figure class=\"block-icons-with-text__item-icon-container\">\n                            <img decoding=\"async\" src=\"https:\/\/vdldemeeuw.be\/fr\/wp-content\/uploads\/sites\/2\/2024\/05\/vdldemeeuw-utiliteit.svg\"\n                                 loading=\"lazy\"\n                                 class=\"block-icons-with-text__item-icon\"\n                                 alt=\"vdldemeeuw-utiliteit\"\n                                                                  \/>\n                        <\/figure>\n                    \n                    <div class=\"block-icons-with-text__item-meta\">\n\n                                                    <span class=\"block-icons-with-text__item-title\">\n                                Client                            <\/span>\n                        \n                                                    <span class=\"block-icons-with-text__item-description\">\n                                \u00c0 la recherche d&rsquo;un nouvel occupant                            <\/span>\n                        \n                    <\/div>\n\n                    <\/div>\n                <\/article>\n\n            \n                <article class=\"block-icons-with-text__item\">\n\n                    <div class=\"block-icons-with-text__item-inner\">\n                                            <figure class=\"block-icons-with-text__item-icon-container\">\n                            <img decoding=\"async\" src=\"https:\/\/vdldemeeuw.be\/fr\/wp-content\/uploads\/sites\/2\/2024\/05\/vdldemeeuw-service-onderhoud.svg\"\n                                 loading=\"lazy\"\n                                 class=\"block-icons-with-text__item-icon\"\n                                 alt=\"vdldemeeuw-service-onderhoud\"\n                                                                  \/>\n                        <\/figure>\n                    \n                    <div class=\"block-icons-with-text__item-meta\">\n\n                                                    <span class=\"block-icons-with-text__item-title\">\n                                Projet                            <\/span>\n                        \n                                                    <span class=\"block-icons-with-text__item-description\">\n                                Espace de bureaux temporaire                            <\/span>\n                        \n                    <\/div>\n\n                    <\/div>\n                <\/article>\n\n            \n                <article class=\"block-icons-with-text__item\">\n\n                    <div class=\"block-icons-with-text__item-inner\">\n                                            <figure class=\"block-icons-with-text__item-icon-container\">\n                            <img decoding=\"async\" src=\"https:\/\/vdldemeeuw.be\/fr\/wp-content\/uploads\/sites\/2\/2024\/05\/vdldemeeuw-service-onderhoud.svg\"\n                                 loading=\"lazy\"\n                                 class=\"block-icons-with-text__item-icon\"\n                                 alt=\"vdldemeeuw-service-onderhoud\"\n                                                                  \/>\n                        <\/figure>\n                    \n                    <div class=\"block-icons-with-text__item-meta\">\n\n                                                    <span class=\"block-icons-with-text__item-title\">\n                                Type de construction                            <\/span>\n                        \n                                                    <span class=\"block-icons-with-text__item-description\">\n                                Semi permanente                            <\/span>\n                        \n                    <\/div>\n\n                    <\/div>\n                <\/article>\n\n            \n                <article class=\"block-icons-with-text__item\">\n\n                    <div class=\"block-icons-with-text__item-inner\">\n                                            <figure class=\"block-icons-with-text__item-icon-container\">\n                            <img decoding=\"async\" src=\"https:\/\/vdldemeeuw.be\/fr\/wp-content\/uploads\/sites\/2\/2024\/05\/vdldemeeuw-service-onderhoud.svg\"\n                                 loading=\"lazy\"\n                                 class=\"block-icons-with-text__item-icon\"\n                                 alt=\"vdldemeeuw-service-onderhoud\"\n                                                                  \/>\n                        <\/figure>\n                    \n                    <div class=\"block-icons-with-text__item-meta\">\n\n                                                    <span class=\"block-icons-with-text__item-title\">\n                                Ann\u00e9e de construction                            <\/span>\n                        \n                                                    <span class=\"block-icons-with-text__item-description\">\n                                R\u00e9alisation en 7 mois                            <\/span>\n                        \n                    <\/div>\n\n                    <\/div>\n                <\/article>\n\n            \n                <article class=\"block-icons-with-text__item\">\n\n                    <div class=\"block-icons-with-text__item-inner\">\n                                            <figure class=\"block-icons-with-text__item-icon-container\">\n                            <img decoding=\"async\" src=\"https:\/\/vdldemeeuw.be\/fr\/wp-content\/uploads\/sites\/2\/2024\/05\/vdldemeeuw-service-onderhoud.svg\"\n                                 loading=\"lazy\"\n                                 class=\"block-icons-with-text__item-icon\"\n                                 alt=\"vdldemeeuw-service-onderhoud\"\n                                                                  \/>\n                        <\/figure>\n                    \n                    <div class=\"block-icons-with-text__item-meta\">\n\n                                                    <span class=\"block-icons-with-text__item-title\">\n                                Fonctionnalit\u00e9                            <\/span>\n                        \n                                                    <span class=\"block-icons-with-text__item-description\">\n                                Comfort &amp; Tech                            <\/span>\n                        \n                    <\/div>\n\n                    <\/div>\n                <\/article>\n\n            \n                <article class=\"block-icons-with-text__item\">\n\n                    <div class=\"block-icons-with-text__item-inner\">\n                                            <figure class=\"block-icons-with-text__item-icon-container\">\n                            <img decoding=\"async\" src=\"https:\/\/vdldemeeuw.be\/fr\/wp-content\/uploads\/sites\/2\/2024\/05\/vdldemeeuw-service-onderhoud.svg\"\n                                 loading=\"lazy\"\n                                 class=\"block-icons-with-text__item-icon\"\n                                 alt=\"vdldemeeuw-service-onderhoud\"\n                                                                  \/>\n                        <\/figure>\n                    \n                    <div class=\"block-icons-with-text__item-meta\">\n\n                                                    <span class=\"block-icons-with-text__item-title\">\n                                Lieu                            <\/span>\n                        \n                                                    <span class=\"block-icons-with-text__item-description\">\n                                Louvain                            <\/span>\n                        \n                    <\/div>\n\n                    <\/div>\n                <\/article>\n\n            \n                <article class=\"block-icons-with-text__item\">\n\n                    <div class=\"block-icons-with-text__item-inner\">\n                                            <figure class=\"block-icons-with-text__item-icon-container\">\n                            <img decoding=\"async\" src=\"https:\/\/vdldemeeuw.be\/fr\/wp-content\/uploads\/sites\/2\/2024\/05\/vdldemeeuw-service-onderhoud.svg\"\n                                 loading=\"lazy\"\n                                 class=\"block-icons-with-text__item-icon\"\n                                 alt=\"vdldemeeuw-service-onderhoud\"\n                                                                  \/>\n                        <\/figure>\n                    \n                    <div class=\"block-icons-with-text__item-meta\">\n\n                                                    <span class=\"block-icons-with-text__item-title\">\n                                Surface de plancher (m\u00b2)                            <\/span>\n                        \n                                                    <span class=\"block-icons-with-text__item-description\">\n                                2 200 m\u00b2                            <\/span>\n                        \n                    <\/div>\n\n                    <\/div>\n                <\/article>\n\n                    <\/div>\n\n    <\/div>\n\n\n\n                <\/div>\n            <\/div>\n\n            <div class=\"col col--1 col--md-1\/2\">\n\n                <figure class=\"block-split__image-container block-split__image-container--left block-split--hover-effect-default\"\n                                                                                                                                                                        >\n\n                    <picture class=\"block-split__picture\" draggable=\"false\">\n\n                                                    <source media=\"(min-width: 481px)\"\n                                    width=\"704px\"\n                                    height=\"640px\"\n                                    srcset=\"https:\/\/vdldemeeuw.be\/fr\/wp-content\/uploads\/sites\/2\/2025\/04\/DSC_7911web-704x640.jpg\"\/>\n\n                            <source media=\"(min-width: 0px)\"\n                                    width=\"390px\"\n                                    height=\"330px\"\n                                    srcset=\"https:\/\/vdldemeeuw.be\/fr\/wp-content\/uploads\/sites\/2\/2025\/04\/DSC_7911web-680x660.jpg 2x, https:\/\/vdldemeeuw.be\/fr\/wp-content\/uploads\/sites\/2\/2025\/04\/DSC_7911web-390x330.jpg\"\/>\n\n                        \n                        <img decoding=\"async\" loading=\"lazy\"\n                             class=\"block-split__image\"\n                             draggable=\"false\"\n                             src=\"https:\/\/vdldemeeuw.be\/fr\/wp-content\/uploads\/sites\/2\/2025\/04\/DSC_7911web-704x640.jpg\"\n                             alt=\"DSC_7911web\"\n                             width=\"704px\"                             height=\"640px\"\/>\n\n                    <\/picture>\n\n                                    <\/figure>\n\n            <\/div>\n        <\/div>\n    <\/section>\n\n\n\n\n\n\n\n<section class=\"novi-block block-row\"data-mb=\"regular\">\n    <div class=\"block-row__row row block-row__row--preset-1\/2|1\/2\">\n                \n\n<div class=\"novi-block block-column col col--1 col--lg-1\/2\">\n    \n<h2 class=\"novi-block block-heading h2\"data-mb=\"smaller\" id=\"novi-heading-60660bf6-4f02-4f11-a6bd-e5f2661f04cf\">Espace et flexibilit\u00e9<\/h2>\n\n<p class=\"novi-block block-paragraph\"data-mb=\"small\" style=\"font-size: 1.25rem\">Mon am\u00e9nagement et ma configuration sont enti\u00e8rement modulables.<\/p>\n\n<p class=\"novi-block block-paragraph\"data-mb=\"small\" style=\"font-size: 1.25rem\"><\/p>\n\n\n\n\n    \n    <div class=\"novi-block video-block video-block--hover-effect-default video-block--enable-rounded-corners\"\n         data-video-loading=\"false\"\n         data-video-active=\"false\"\n         data-video-container-id=\"video-container-69f35f5f3c145\"\n         data-video-display=\"popup\"\n         data-video-type=\"youtube\"\n         data-video-identifier=\"qhwQbNoHse0\"\n         data-mt=\"none\"         data-mb=\"small\">\n\n        <div class=\"video-block__inner\">\n\n            <figure class=\"video-block__image-container\">\n\n                <picture class=\"video-block__picture\" draggable=\"false\">\n\n                    \n                        <source media=\"(min-width: 481px)\" srcset=\"https:\/\/vdldemeeuw.be\/fr\/wp-content\/uploads\/sites\/2\/2025\/04\/DSC_7819-1600x900.jpg\"\/>\n\n                        <source media=\"(min-width: 0px)\"\n                                srcset=\"https:\/\/vdldemeeuw.be\/fr\/wp-content\/uploads\/sites\/2\/2025\/04\/DSC_7819-800x450.jpg 2x, https:\/\/vdldemeeuw.be\/fr\/wp-content\/uploads\/sites\/2\/2025\/04\/DSC_7819-400x225.jpg\"\/>\n\n                    \n                    <img decoding=\"async\" loading=\"lazy\"\n                         class=\"video-block__image\"\n                         draggable=\"false\"\n                         src=\"https:\/\/vdldemeeuw.be\/fr\/wp-content\/uploads\/sites\/2\/2025\/04\/DSC_7819-1600x900.jpg\"\n                         alt=\"DSC_7819\"\n                         width=\"1600px\"                         height=\"900px\"\/>\n\n                <\/picture>\n\n                \n                <span class=\"video-block__play\">\n                            <span class=\"video-block__play-inner\">\n                                <svg class=\"video-block__play-inner\">\n                                    <use xlink:href=\"https:\/\/vdldemeeuw.be\/fr\/wp-content\/themes\/novionline\/dist\/novionline-icons-9c67b6859f1525585c6967b61fae4ca7.svg#icon-video\"\/>\n                                <\/svg>\n                            <\/span>\n                            \n<div class=\"novi-loader novi-loader--theme-light\" role=\"presentation\">\n\n    <svg class=\"novi-loader__spinner\"\n         width=\"24px\"\n         height=\"24px\"\n         viewBox=\"0 0 66 66\"\n         xmlns=\"http:\/\/www.w3.org\/2000\/svg\">\n        <circle class=\"novi-loader__spinner-circle\"\n                fill=\"none\"\n                stroke-width=\"6\"\n                stroke-linecap=\"round\"\n                cx=\"33\"\n                cy=\"33\"\n                r=\"30\"\/>\n    <\/svg>\n\n    \n<\/div>                        <\/span>\n\n            <\/figure>\n\n        <\/div>\n\n    <\/div>\n\n\n\n\n<\/div>\n\n\n<div class=\"novi-block block-column col col--1 col--lg-1\/2\">\n    \n\n\n\n    <div class=\"novi-block block-image block-image--enable-rounded-corners\"\n         data-mt=\"none\"         data-mb=\"small\"         data-horizontal-align=\"centered\"\n         data-vertical-align=\"centered\"\n         data-mobile-align=\"centered\">\n\n        <figure class=\"block-image__inner\" style=\"max-width: 1495px\">\n\n            \n            <div class=\"block-image__image-container\">\n\n                <picture class=\"block-image__picture\" draggable=\"false\">\n\n                    \n                        <source media=\"(min-width: 414px)\"\n                                width=\"1495px\"\n                                height=\"1080px\"\n                                srcset=\"https:\/\/vdldemeeuw.be\/fr\/wp-content\/uploads\/sites\/2\/2025\/04\/DSC_7922-1-scaled.jpg\"\/>\n\n                        <source media=\"(min-width: 0px)\"\n                                width=\"360px\"\n                                height=\"260px\"\n                                srcset=\"https:\/\/vdldemeeuw.be\/fr\/wp-content\/uploads\/sites\/2\/2025\/04\/DSC_7922-1-720x520.jpg 2x, https:\/\/vdldemeeuw.be\/fr\/wp-content\/uploads\/sites\/2\/2025\/04\/DSC_7922-1-360x260.jpg\"\/>\n\n                    \n                    <img decoding=\"async\" loading=\"lazy\"\n                         class=\"block-image__image\"\n                         alt=\"DSC_7922\"\n                         src=\"https:\/\/vdldemeeuw.be\/fr\/wp-content\/uploads\/sites\/2\/2025\/04\/DSC_7922-1-scaled.jpg\"\n                         width=\"1495px\"                         height=\"1080px\"\/>\n\n                <\/picture>\n\n                                    <div class=\"block-image__holder block-image__holder--desktop\"\n                         style=\"aspect-ratio: 1495\/1080; max-width: 1495px\">\n                    <\/div>\n                \n                                    <div class=\"block-image__holder block-image__holder--mobile\"\n                         style=\"aspect-ratio: 360\/260; max-width: 360px\">\n                    <\/div>\n                \n            <\/div>\n\n            \n            \n        <\/figure>\n\n    <\/div>\n\n\n\n<\/div>\n            <\/div>\n<\/section>\n\n\n\n<section class=\"novi-block block-row\"data-mb=\"regular\">\n    <div class=\"block-row__row row block-row__row--preset-1\/2|1\/2\">\n                \n\n<div class=\"novi-block block-column col col--1 col--lg-1\/2\">\n    \n\n\n\n    <div class=\"novi-block block-image block-image--enable-rounded-corners\"\n         data-mt=\"none\"         data-mb=\"small\"         data-horizontal-align=\"centered\"\n         data-vertical-align=\"centered\"\n         data-mobile-align=\"centered\">\n\n        <figure class=\"block-image__inner\" style=\"max-width: 1624px\">\n\n            \n            <div class=\"block-image__image-container\">\n\n                <picture class=\"block-image__picture\" draggable=\"false\">\n\n                    \n                        <source media=\"(min-width: 414px)\"\n                                width=\"1624px\"\n                                height=\"1080px\"\n                                srcset=\"https:\/\/vdldemeeuw.be\/fr\/wp-content\/uploads\/sites\/2\/2025\/04\/DSC_7813-scaled.jpg\"\/>\n\n                        <source media=\"(min-width: 0px)\"\n                                width=\"360px\"\n                                height=\"239px\"\n                                srcset=\"https:\/\/vdldemeeuw.be\/fr\/wp-content\/uploads\/sites\/2\/2025\/04\/DSC_7813-720x479.jpg 2x, https:\/\/vdldemeeuw.be\/fr\/wp-content\/uploads\/sites\/2\/2025\/04\/DSC_7813-360x239.jpg\"\/>\n\n                    \n                    <img decoding=\"async\" loading=\"lazy\"\n                         class=\"block-image__image\"\n                         alt=\"DSC_7813\"\n                         src=\"https:\/\/vdldemeeuw.be\/fr\/wp-content\/uploads\/sites\/2\/2025\/04\/DSC_7813-scaled.jpg\"\n                         width=\"1624px\"                         height=\"1080px\"\/>\n\n                <\/picture>\n\n                                    <div class=\"block-image__holder block-image__holder--desktop\"\n                         style=\"aspect-ratio: 1624\/1080; max-width: 1624px\">\n                    <\/div>\n                \n                                    <div class=\"block-image__holder block-image__holder--mobile\"\n                         style=\"aspect-ratio: 360\/239; max-width: 360px\">\n                    <\/div>\n                \n            <\/div>\n\n            \n            \n        <\/figure>\n\n    <\/div>\n\n\n\n<\/div>\n\n\n<div class=\"novi-block block-column col col--1 col--lg-1\/2\">\n    \n<h2 class=\"novi-block block-heading h2\"data-mb=\"smaller\" id=\"novi-heading-60660bf6-4f02-4f11-a6bd-e5f2661f04cf\">Rapidement op\u00e9rationnel<\/h2>\n\n<p class=\"novi-block block-paragraph\"data-mb=\"small\" style=\"font-size: 1.25rem\">D\u00e8s l\u2019automne 2025, je suis pr\u00eat pour ma prochaine mission.<\/p>\n<\/div>\n            <\/div>\n<\/section>\n\n\n\n<section class=\"novi-block block-row\"data-mb=\"regular\">\n    <div class=\"block-row__row row block-row__row--preset-1\/2|1\/2\">\n                \n\n<div class=\"novi-block block-column col col--1 col--lg-1\/2\">\n    \n<h2 class=\"novi-block block-heading h2\"data-mb=\"smaller\" id=\"novi-heading-60660bf6-4f02-4f11-a6bd-e5f2661f04cf\">Parfaitement \u00e9quip\u00e9<\/h2>\n\n<p class=\"novi-block block-paragraph\"data-mb=\"small\" style=\"font-size: 1.25rem\">Ventilation, c\u00e2blage et chauffage : tout est pr\u00e9vu.<\/p>\n\n<p class=\"novi-block block-paragraph\"data-mb=\"small\" style=\"font-size: 1.25rem\"><\/p>\n\n<p class=\"novi-block block-paragraph\"data-mb=\"small\" style=\"font-size: 1.25rem\"><\/p>\n\n<h3 class=\"novi-block block-heading h3\"data-mb=\"smaller\" id=\"novi-heading-60660bf6-4f02-4f11-a6bd-e5f2661f04cf\">Durable et \u00e9conome en \u00e9nergie<\/h3>\n\n<p class=\"novi-block block-paragraph\"data-mb=\"small\" style=\"font-size: 1.25rem\">\u00c9quip\u00e9 d\u2019un syst\u00e8me de chauffage et de refroidissement \u00e0 haut rendement \u00e9nerg\u00e9tique.<\/p>\n<\/div>\n\n\n<div class=\"novi-block block-column col col--1 col--lg-1\/2\">\n    \n\n\n\n    <div class=\"novi-block block-image block-image--enable-rounded-corners\"\n         data-mt=\"none\"         data-mb=\"small\"         data-horizontal-align=\"centered\"\n         data-vertical-align=\"centered\"\n         data-mobile-align=\"centered\">\n\n        <figure class=\"block-image__inner\" style=\"max-width: 1559px\">\n\n            \n            <div class=\"block-image__image-container\">\n\n                <picture class=\"block-image__picture\" draggable=\"false\">\n\n                    \n                        <source media=\"(min-width: 414px)\"\n                                width=\"1559px\"\n                                height=\"1080px\"\n                                srcset=\"https:\/\/vdldemeeuw.be\/fr\/wp-content\/uploads\/sites\/2\/2025\/04\/DSC_7940-1-scaled.jpg\"\/>\n\n                        <source media=\"(min-width: 0px)\"\n                                width=\"360px\"\n                                height=\"249px\"\n                                srcset=\"https:\/\/vdldemeeuw.be\/fr\/wp-content\/uploads\/sites\/2\/2025\/04\/DSC_7940-1-720x499.jpg 2x, https:\/\/vdldemeeuw.be\/fr\/wp-content\/uploads\/sites\/2\/2025\/04\/DSC_7940-1-360x249.jpg\"\/>\n\n                    \n                    <img decoding=\"async\" loading=\"lazy\"\n                         class=\"block-image__image\"\n                         alt=\"DSC_7940\"\n                         src=\"https:\/\/vdldemeeuw.be\/fr\/wp-content\/uploads\/sites\/2\/2025\/04\/DSC_7940-1-scaled.jpg\"\n                         width=\"1559px\"                         height=\"1080px\"\/>\n\n                <\/picture>\n\n                                    <div class=\"block-image__holder block-image__holder--desktop\"\n                         style=\"aspect-ratio: 1559\/1080; max-width: 1559px\">\n                    <\/div>\n                \n                                    <div class=\"block-image__holder block-image__holder--mobile\"\n                         style=\"aspect-ratio: 360\/249; max-width: 360px\">\n                    <\/div>\n                \n            <\/div>\n\n            \n            \n        <\/figure>\n\n    <\/div>\n\n\n\n<\/div>\n            <\/div>\n<\/section>\n\n\n\n<section class=\"novi-block block-row\"data-mb=\"regular\">\n    <div class=\"block-row__row row block-row__row--preset-1\/2|1\/2\">\n                \n\n<div class=\"novi-block block-column col col--1 col--lg-1\/2\">\n    \n\n\n\n    <div class=\"novi-block block-image block-image--enable-rounded-corners\"\n         data-mt=\"none\"         data-mb=\"small\"         data-horizontal-align=\"centered\"\n         data-vertical-align=\"centered\"\n         data-mobile-align=\"centered\">\n\n        <figure class=\"block-image__inner\" style=\"max-width: 1850px\">\n\n            \n            <div class=\"block-image__image-container\">\n\n                <picture class=\"block-image__picture\" draggable=\"false\">\n\n                    \n                        <source media=\"(min-width: 414px)\"\n                                width=\"1850px\"\n                                height=\"1080px\"\n                                srcset=\"https:\/\/vdldemeeuw.be\/fr\/wp-content\/uploads\/sites\/2\/2025\/04\/DSC_7846-1-scaled.jpg\"\/>\n\n                        <source media=\"(min-width: 0px)\"\n                                width=\"360px\"\n                                height=\"210px\"\n                                srcset=\"https:\/\/vdldemeeuw.be\/fr\/wp-content\/uploads\/sites\/2\/2025\/04\/DSC_7846-1-720x420.jpg 2x, https:\/\/vdldemeeuw.be\/fr\/wp-content\/uploads\/sites\/2\/2025\/04\/DSC_7846-1-360x210.jpg\"\/>\n\n                    \n                    <img decoding=\"async\" loading=\"lazy\"\n                         class=\"block-image__image\"\n                         alt=\"DSC_7846\"\n                         src=\"https:\/\/vdldemeeuw.be\/fr\/wp-content\/uploads\/sites\/2\/2025\/04\/DSC_7846-1-scaled.jpg\"\n                         width=\"1850px\"                         height=\"1080px\"\/>\n\n                <\/picture>\n\n                                    <div class=\"block-image__holder block-image__holder--desktop\"\n                         style=\"aspect-ratio: 1850\/1080; max-width: 1850px\">\n                    <\/div>\n                \n                                    <div class=\"block-image__holder block-image__holder--mobile\"\n                         style=\"aspect-ratio: 360\/210; max-width: 360px\">\n                    <\/div>\n                \n            <\/div>\n\n            \n            \n        <\/figure>\n\n    <\/div>\n\n\n\n<\/div>\n\n\n<div class=\"novi-block block-column col col--1 col--lg-1\/2\">\n    \n<h2 class=\"novi-block block-heading h2\"data-mb=\"smaller\" id=\"novi-heading-60660bf6-4f02-4f11-a6bd-e5f2661f04cf\">Finitions haut de gamme<\/h2>\n\n<p class=\"novi-block block-paragraph\"data-mb=\"small\" style=\"font-size: 1.25rem\">Je suis pr\u00eat \u00e0 l\u2019emploi et offre tout le confort d\u2019un bureau moderne.<\/p>\n\n<h2 class=\"novi-block block-heading h2\"data-mb=\"smaller\" id=\"novi-heading-60660bf6-4f02-4f11-a6bd-e5f2661f04cf\">L\u00e0 o\u00f9 vous avez besoin de moi<\/h2>\n\n<p class=\"novi-block block-paragraph\"data-mb=\"small\" style=\"font-size: 1.25rem\">Je suis mobile et m\u2019adapte sans effort \u00e0 votre site.<\/p>\n\n<p class=\"novi-block block-paragraph\"data-mb=\"small\" style=\"font-size: 1.25rem\"><\/p>\n<\/div>\n            <\/div>\n<\/section>\n\n\n\n<section class=\"novi-block block-row block-row--stretch-narrow\"data-mb=\"regular\">\n    <div class=\"block-row__row row\">\n                \n\n<div class=\"novi-block block-column col col--1 col--lg-1\/1\">\n    \n<p class=\"novi-block block-paragraph\"data-mb=\"small\" style=\"font-size: 1.25rem\">Alors, vous \u00eates \u00e0 la recherche d\u2019un espace de bureau suppl\u00e9mentaire ou vous connaissez quelqu&rsquo;un qui pourrait faire bon usage de mes services ? Faisons connaissance ! Appelez le 03 860 71 50 ou envoyez un e-mail \u00e0 info@vdldemeeuw.be.<\/p>\n<\/div>\n            <\/div>\n<\/section>\n\n\n\n<section class=\"novi-block block-row block-row--stretch-narrow\">\n    <div class=\"block-row__row row\">\n                \n\n<div class=\"novi-block block-column col col--1 col--lg-1\/1\">\n    \n\n\n    <div class=\"novi-block block-container block-container--rounded-corner-regular block-container--has-background novi-has-light-background\"\n                           >\n\n        \n        \n        <div class=\"block-container__inner\" style=\"background: var(--novi-color-light);\">\n                        \n<p class=\"novi-block block-paragraph\"data-mb=\"small\">\u00ab\u202fLe projet de bureaux r\u00e9alis\u00e9 pour Imec illustre parfaitement les <strong>atouts de la construction modulaire<\/strong>. Cet immeuble de bureaux compte quatre \u00e9tages, pour une superficie totale de 2.200\u202fm\u00b2.<\/p>\n\n<p class=\"novi-block block-paragraph\"data-mb=\"small\">De grandes baies vitr\u00e9es laissent entrer un <strong>maximum de lumi\u00e8re naturelle.<\/strong> Des protections solaires automatiques et des adaptations acoustiques garantissent un confort de travail optimal. Les open spaces sont \u00e9l\u00e9gamment et <strong>souplement divis\u00e9s<\/strong> \u00e0 l\u2019aide de cloisons vitr\u00e9es.<\/p>\n\n<p class=\"novi-block block-paragraph\"data-mb=\"small\">Le syst\u00e8me de climatisation avec r\u00e9cup\u00e9ration de chaleur assure en permanence un climat int\u00e9rieur agr\u00e9able. D\u2019ailleurs, notre collaboration avec Imec repose sur une formule locative tout compris, incluant l\u2019entretien et toutes les installations techniques. \u00c0 tout moment, nous pouvons adapter la surface disponible en fonction de la fr\u00e9quence de t\u00e9l\u00e9travail ou de l\u2019\u00e9volution des effectifs.\u202f\u00bb<\/p>\n\n<p class=\"novi-block block-paragraph\"data-mb=\"small\">Charg\u00e9 de projet &#8211; Client P.B.<\/p>\n\n                    <\/div>\n\n        \n    <\/div>\n\n\n<\/div>\n            <\/div>\n<\/section>\n\n\n<p class=\"novi-block block-paragraph\"data-mb=\"small\"><\/p>","protected":false},"featured_media":5804,"template":"","project-category":[32],"class_list":["post-5796","project","type-project","status-publish","has-post-thumbnail","hentry"],"acf":[],"yoast_head":"<title>B\u00e2timent de bureaux modulaire | VDL De Meeuw<\/title>\n<meta name=\"description\" content=\"VDL\u202fDe\u202fMeeuw propose 800\u202fm\u00b2 d\u2019un b\u00e2timent de bureau semi\u2011permanent, modulaire et pr\u00eat \u00e0 \u00eatre relocalis\u00e9 d\u00e8s l\u2019automne\u202f2025.\" \/>\n<meta name=\"robots\" content=\"index, follow, max-snippet:-1, max-image-preview:large, max-video-preview:-1\" \/>\n<link rel=\"canonical\" href=\"https:\/\/vdldemeeuw.be\/fr\/projets\/batiment-de-bureaux-modulaire\/\" \/>\n<meta property=\"og:locale\" content=\"fr_FR\" \/>\n<meta property=\"og:type\" content=\"article\" \/>\n<meta property=\"og:title\" content=\"B\u00e2timent de bureaux modulaire | VDL De Meeuw\" \/>\n<meta property=\"og:description\" content=\"VDL\u202fDe\u202fMeeuw propose 800\u202fm\u00b2 d\u2019un b\u00e2timent de bureau semi\u2011permanent, modulaire et pr\u00eat \u00e0 \u00eatre relocalis\u00e9 d\u00e8s l\u2019automne\u202f2025.\" \/>\n<meta property=\"og:url\" content=\"https:\/\/vdldemeeuw.be\/fr\/projets\/batiment-de-bureaux-modulaire\/\" \/>\n<meta property=\"og:site_name\" content=\"VDL De Meeuw FR\" \/>\n<meta property=\"article:modified_time\" content=\"2025-06-24T15:17:41+00:00\" \/>\n<meta property=\"og:image\" content=\"https:\/\/vdldemeeuw.be\/fr\/wp-content\/uploads\/sites\/2\/2025\/04\/DSC_7779-scaled.jpg\" \/>\n\t<meta property=\"og:image:width\" content=\"1624\" \/>\n\t<meta property=\"og:image:height\" content=\"1080\" \/>\n\t<meta property=\"og:image:type\" content=\"image\/jpeg\" \/>\n<meta name=\"twitter:card\" content=\"summary_large_image\" \/>\n<meta name=\"twitter:label1\" content=\"Dur\u00e9e de lecture estim\u00e9e\" \/>\n\t<meta name=\"twitter:data1\" content=\"2 minutes\" \/>\n<script type=\"application\/ld+json\" class=\"yoast-schema-graph\">{\"@context\":\"https:\/\/schema.org\",\"@graph\":[{\"@type\":\"WebPage\",\"@id\":\"https:\/\/vdldemeeuw.be\/fr\/projets\/batiment-de-bureaux-modulaire\/\",\"url\":\"https:\/\/vdldemeeuw.be\/fr\/projets\/batiment-de-bureaux-modulaire\/\",\"name\":\"B\u00e2timent de bureaux modulaire | VDL De Meeuw\",\"isPartOf\":{\"@id\":\"https:\/\/vdldemeeuw.be\/fr\/#website\"},\"primaryImageOfPage\":{\"@id\":\"https:\/\/vdldemeeuw.be\/fr\/projets\/batiment-de-bureaux-modulaire\/#primaryimage\"},\"image\":{\"@id\":\"https:\/\/vdldemeeuw.be\/fr\/projets\/batiment-de-bureaux-modulaire\/#primaryimage\"},\"thumbnailUrl\":\"https:\/\/vdldemeeuw.be\/fr\/wp-content\/uploads\/sites\/2\/2025\/04\/DSC_7779-scaled.jpg\",\"datePublished\":\"2025-04-18T13:19:31+00:00\",\"dateModified\":\"2025-06-24T15:17:41+00:00\",\"description\":\"VDL\u202fDe\u202fMeeuw propose 800\u202fm\u00b2 d\u2019un b\u00e2timent de bureau semi\u2011permanent, modulaire et pr\u00eat \u00e0 \u00eatre relocalis\u00e9 d\u00e8s l\u2019automne\u202f2025.\",\"breadcrumb\":{\"@id\":\"https:\/\/vdldemeeuw.be\/fr\/projets\/batiment-de-bureaux-modulaire\/#breadcrumb\"},\"inLanguage\":\"fr-FR\",\"potentialAction\":[{\"@type\":\"ReadAction\",\"target\":[\"https:\/\/vdldemeeuw.be\/fr\/projets\/batiment-de-bureaux-modulaire\/\"]}]},{\"@type\":\"ImageObject\",\"inLanguage\":\"fr-FR\",\"@id\":\"https:\/\/vdldemeeuw.be\/fr\/projets\/batiment-de-bureaux-modulaire\/#primaryimage\",\"url\":\"https:\/\/vdldemeeuw.be\/fr\/wp-content\/uploads\/sites\/2\/2025\/04\/DSC_7779-scaled.jpg\",\"contentUrl\":\"https:\/\/vdldemeeuw.be\/fr\/wp-content\/uploads\/sites\/2\/2025\/04\/DSC_7779-scaled.jpg\",\"width\":1624,\"height\":1080},{\"@type\":\"BreadcrumbList\",\"@id\":\"https:\/\/vdldemeeuw.be\/fr\/projets\/batiment-de-bureaux-modulaire\/#breadcrumb\",\"itemListElement\":[{\"@type\":\"ListItem\",\"position\":1,\"name\":\"\",\"item\":\"https:\/\/vdldemeeuw.be\/fr\/\"},{\"@type\":\"ListItem\",\"position\":2,\"name\":\"Projects\",\"item\":\"https:\/\/vdldemeeuw.be\/fr\/projets\/\"},{\"@type\":\"ListItem\",\"position\":3,\"name\":\"B\u00e2timent de bureaux modulaire\"}]},{\"@type\":\"WebSite\",\"@id\":\"https:\/\/vdldemeeuw.be\/fr\/#website\",\"url\":\"https:\/\/vdldemeeuw.be\/fr\/\",\"name\":\"VDL De Meeuw FR\",\"description\":\"\",\"potentialAction\":[{\"@type\":\"SearchAction\",\"target\":{\"@type\":\"EntryPoint\",\"urlTemplate\":\"https:\/\/vdldemeeuw.be\/fr\/?search-query={search_term_string}\"},\"query-input\":{\"@type\":\"PropertyValueSpecification\",\"valueRequired\":true,\"valueName\":\"search_term_string\"}}],\"inLanguage\":\"fr-FR\"}]}<\/script>","yoast_head_json":{"title":"B\u00e2timent de bureaux modulaire | VDL De Meeuw","description":"VDL\u202fDe\u202fMeeuw propose 800\u202fm\u00b2 d\u2019un b\u00e2timent de bureau semi\u2011permanent, modulaire et pr\u00eat \u00e0 \u00eatre relocalis\u00e9 d\u00e8s l\u2019automne\u202f2025.","robots":{"index":"index","follow":"follow","max-snippet":"max-snippet:-1","max-image-preview":"max-image-preview:large","max-video-preview":"max-video-preview:-1"},"canonical":"https:\/\/vdldemeeuw.be\/fr\/projets\/batiment-de-bureaux-modulaire\/","og_locale":"fr_FR","og_type":"article","og_title":"B\u00e2timent de bureaux modulaire | VDL De Meeuw","og_description":"VDL\u202fDe\u202fMeeuw propose 800\u202fm\u00b2 d\u2019un b\u00e2timent de bureau semi\u2011permanent, modulaire et pr\u00eat \u00e0 \u00eatre relocalis\u00e9 d\u00e8s l\u2019automne\u202f2025.","og_url":"https:\/\/vdldemeeuw.be\/fr\/projets\/batiment-de-bureaux-modulaire\/","og_site_name":"VDL De Meeuw FR","article_modified_time":"2025-06-24T15:17:41+00:00","og_image":[{"width":1624,"height":1080,"url":"https:\/\/vdldemeeuw.be\/fr\/wp-content\/uploads\/sites\/2\/2025\/04\/DSC_7779-scaled.jpg","type":"image\/jpeg"}],"twitter_card":"summary_large_image","twitter_misc":{"Dur\u00e9e de lecture estim\u00e9e":"2 minutes"},"schema":{"@context":"https:\/\/schema.org","@graph":[{"@type":"WebPage","@id":"https:\/\/vdldemeeuw.be\/fr\/projets\/batiment-de-bureaux-modulaire\/","url":"https:\/\/vdldemeeuw.be\/fr\/projets\/batiment-de-bureaux-modulaire\/","name":"B\u00e2timent de bureaux modulaire | VDL De Meeuw","isPartOf":{"@id":"https:\/\/vdldemeeuw.be\/fr\/#website"},"primaryImageOfPage":{"@id":"https:\/\/vdldemeeuw.be\/fr\/projets\/batiment-de-bureaux-modulaire\/#primaryimage"},"image":{"@id":"https:\/\/vdldemeeuw.be\/fr\/projets\/batiment-de-bureaux-modulaire\/#primaryimage"},"thumbnailUrl":"https:\/\/vdldemeeuw.be\/fr\/wp-content\/uploads\/sites\/2\/2025\/04\/DSC_7779-scaled.jpg","datePublished":"2025-04-18T13:19:31+00:00","dateModified":"2025-06-24T15:17:41+00:00","description":"VDL\u202fDe\u202fMeeuw propose 800\u202fm\u00b2 d\u2019un b\u00e2timent de bureau semi\u2011permanent, modulaire et pr\u00eat \u00e0 \u00eatre relocalis\u00e9 d\u00e8s l\u2019automne\u202f2025.","breadcrumb":{"@id":"https:\/\/vdldemeeuw.be\/fr\/projets\/batiment-de-bureaux-modulaire\/#breadcrumb"},"inLanguage":"fr-FR","potentialAction":[{"@type":"ReadAction","target":["https:\/\/vdldemeeuw.be\/fr\/projets\/batiment-de-bureaux-modulaire\/"]}]},{"@type":"ImageObject","inLanguage":"fr-FR","@id":"https:\/\/vdldemeeuw.be\/fr\/projets\/batiment-de-bureaux-modulaire\/#primaryimage","url":"https:\/\/vdldemeeuw.be\/fr\/wp-content\/uploads\/sites\/2\/2025\/04\/DSC_7779-scaled.jpg","contentUrl":"https:\/\/vdldemeeuw.be\/fr\/wp-content\/uploads\/sites\/2\/2025\/04\/DSC_7779-scaled.jpg","width":1624,"height":1080},{"@type":"BreadcrumbList","@id":"https:\/\/vdldemeeuw.be\/fr\/projets\/batiment-de-bureaux-modulaire\/#breadcrumb","itemListElement":[{"@type":"ListItem","position":1,"name":"","item":"https:\/\/vdldemeeuw.be\/fr\/"},{"@type":"ListItem","position":2,"name":"Projects","item":"https:\/\/vdldemeeuw.be\/fr\/projets\/"},{"@type":"ListItem","position":3,"name":"B\u00e2timent de bureaux modulaire"}]},{"@type":"WebSite","@id":"https:\/\/vdldemeeuw.be\/fr\/#website","url":"https:\/\/vdldemeeuw.be\/fr\/","name":"VDL De Meeuw FR","description":"","potentialAction":[{"@type":"SearchAction","target":{"@type":"EntryPoint","urlTemplate":"https:\/\/vdldemeeuw.be\/fr\/?search-query={search_term_string}"},"query-input":{"@type":"PropertyValueSpecification","valueRequired":true,"valueName":"search_term_string"}}],"inLanguage":"fr-FR"}]}},"_links":{"self":[{"href":"https:\/\/vdldemeeuw.be\/fr\/wp-json\/wp\/v2\/project\/5796","targetHints":{"allow":["GET"]}}],"collection":[{"href":"https:\/\/vdldemeeuw.be\/fr\/wp-json\/wp\/v2\/project"}],"about":[{"href":"https:\/\/vdldemeeuw.be\/fr\/wp-json\/wp\/v2\/types\/project"}],"version-history":[{"count":22,"href":"https:\/\/vdldemeeuw.be\/fr\/wp-json\/wp\/v2\/project\/5796\/revisions"}],"predecessor-version":[{"id":9667,"href":"https:\/\/vdldemeeuw.be\/fr\/wp-json\/wp\/v2\/project\/5796\/revisions\/9667"}],"wp:featuredmedia":[{"embeddable":true,"href":"https:\/\/vdldemeeuw.be\/fr\/wp-json\/wp\/v2\/media\/5804"}],"wp:attachment":[{"href":"https:\/\/vdldemeeuw.be\/fr\/wp-json\/wp\/v2\/media?parent=5796"}],"wp:term":[{"taxonomy":"project-category","embeddable":true,"href":"https:\/\/vdldemeeuw.be\/fr\/wp-json\/wp\/v2\/project-category?post=5796"}],"curies":[{"name":"wp","href":"https:\/\/api.w.org\/{rel}","templated":true}]}}