{"id":3734,"date":"2024-12-10T13:04:35","date_gmt":"2024-12-10T12:04:35","guid":{"rendered":"https:\/\/vdldemeeuw.be\/fr\/?page_id=3734"},"modified":"2025-06-30T16:04:29","modified_gmt":"2025-06-30T14:04:29","slug":"building-as-a-service-baas","status":"publish","type":"page","link":"https:\/\/vdldemeeuw.be\/fr\/construction-modulaire\/building-as-a-service-baas\/","title":{"rendered":"Building-as-a-service (BaaS)"},"content":{"rendered":"\n<section class=\"novi-block block-row\"data-mb=\"large\">\n    <div class=\"block-row__row row block-row__row--preset-1\/2|1\/2 block-row__row--align-center\">\n                \n\n<div class=\"novi-block block-column col col--1 col--lg-1\/2\">\n    \n\n\n\n    <div class=\"novi-block block-image block-image--enable-rounded-corners\"\n         data-mt=\"none\"         data-mb=\"smaller\"         data-horizontal-align=\"centered\"\n         data-vertical-align=\"centered\"\n         data-mobile-align=\"centered\">\n\n        <figure class=\"block-image__inner\" style=\"max-width: 1624px\">\n\n            \n            <div class=\"block-image__image-container\">\n\n                <picture class=\"block-image__picture\" draggable=\"false\">\n\n                    \n                        <source media=\"(min-width: 414px)\"\n                                width=\"1624px\"\n                                height=\"1080px\"\n                                srcset=\"https:\/\/vdldemeeuw.be\/fr\/wp-content\/uploads\/sites\/2\/2025\/03\/DSC_1592-scaled.jpg\"\/>\n\n                        <source media=\"(min-width: 0px)\"\n                                width=\"360px\"\n                                height=\"239px\"\n                                srcset=\"https:\/\/vdldemeeuw.be\/fr\/wp-content\/uploads\/sites\/2\/2025\/03\/DSC_1592-720x479.jpg 2x, https:\/\/vdldemeeuw.be\/fr\/wp-content\/uploads\/sites\/2\/2025\/03\/DSC_1592-360x239.jpg\"\/>\n\n                    \n                    <img decoding=\"async\" loading=\"lazy\"\n                         class=\"block-image__image\"\n                         alt=\"DSC_1592\"\n                         src=\"https:\/\/vdldemeeuw.be\/fr\/wp-content\/uploads\/sites\/2\/2025\/03\/DSC_1592-scaled.jpg\"\n                         width=\"1624px\"                         height=\"1080px\"\/>\n\n                <\/picture>\n\n                                    <div class=\"block-image__holder block-image__holder--desktop\"\n                         style=\"aspect-ratio: 1624\/1080; max-width: 1624px\">\n                    <\/div>\n                \n                                    <div class=\"block-image__holder block-image__holder--mobile\"\n                         style=\"aspect-ratio: 360\/239; max-width: 360px\">\n                    <\/div>\n                \n            <\/div>\n\n            \n            \n        <\/figure>\n\n    <\/div>\n\n\n\n<\/div>\n\n\n<div class=\"novi-block block-column col col--1 col--lg-1\/2\">\n    \n<h2 class=\"novi-block block-heading h2\"data-mb=\"smaller\" id=\"novi-heading-d0493740-307e-4b6a-bde7-10633141bd6f\">La construction modulaire en tant que service : flexible, compl\u00e8te et sur mesure<\/h2>\n\n<p class=\"novi-block block-paragraph\"style=\"font-size: 1.25rem\"><strong>VDL De Meeuw est bien plus qu\u2019une entreprise de construction sp\u00e9cialis\u00e9e dans les b\u00e2timents modulaires. Bien s\u00fbr, nous ma\u00eetrisons parfaitement cet aspect, mais nous allons plus loin. Nous proposons des solutions d\u2019h\u00e9bergement sous forme de service : Building-as-a-Service (BaaS). Gr\u00e2ce \u00e0 la flexibilit\u00e9 de nos b\u00e2timents, nous parlons m\u00eame de Flexibiens-as-a-service.<\/strong><\/p>\n\n<p class=\"novi-block block-paragraph\"style=\"font-size: 1.25rem\"><strong>Pour chaque projet, nous proposons des<\/strong><a href=\"https:\/\/vdldemeeuw.be\/fr\/onze-aanpak\/extra-services\/\"> <\/a><u><strong><a href=\"https:\/\/vdldemeeuw.be\/fr\/notre-approche\/services-supplementaires\/\">services compl\u00e9mentaires <\/a><\/strong><\/u><strong>ainsi que des formules de collaboration financi\u00e8re, adapt\u00e9es aux secteurs du logement, des soins, de l\u2019enseignement et de l\u2019entrepreneuriat. <\/strong><\/p>\n\n<p class=\"novi-block block-paragraph\"data-mb=\"small\"><\/p>\n\n<p class=\"novi-block block-paragraph\"style=\"font-size: 1.25rem\"><strong>Comme pour toute entreprise de construction classique, chaque collaboration commence par la r\u00e9alisation d\u2019un b\u00e2timent modulaire (temporaire, semi-permanent ou permanent) r\u00e9pondant pleinement aux exigences fonctionnelles, techniques et architecturales.<br><\/strong><\/p>\n<\/div>\n            <\/div>\n<\/section>\n\n\n\n\n    <section class=\"novi-block block-outer-container block-outer-container--has-background novi-has-light-background block-outer-container--stretch-full-width-regular-content\"\n                          data-mt=\"none\"             data-mb=\"large\">\n\n        \n        \n        <div class=\"block-outer-container__bg-inner\" style=\"background: var(--novi-color-light);\">\n            <div class=\"block-outer-container__inner container\">\n                                \n\n<section class=\"novi-block block-row\">\n    <div class=\"block-row__row row block-row__row--preset-1\/2|1\/2 block-row__row--align-center\">\n                \n\n<div class=\"novi-block block-column col col--1 col--lg-1\/2\">\n    \n<h2 class=\"novi-block block-heading h2\"data-mb=\"smaller\" id=\"novi-heading-6f1d9ffd-b0b1-4941-8fea-c41d8c46b347\">Des services compl\u00e9mentaires<\/h2>\n\n<p class=\"novi-block block-paragraph\"data-mb=\"smaller\" style=\"font-size: 1.25rem\">Nous allons encore plus loin : si vous le souhaitez, nous prenons en charge la gestion compl\u00e8te du patrimoine, y compris l\u2019entretien pr\u00e9ventif et les r\u00e9parations, tant pour les b\u00e2timents que pour les infrastructures ext\u00e9rieures. En tant que ma\u00eetre d\u2019ouvrage, vous ne payez que pour l\u2019usage \u2014 exactement ce qui compte.<\/p>\n\n\n\n\n    <div class=\"novi-block block-button block-button--align-left\"\n         data-mt=\"none\"         data-mb=\"none\">\n\n        \n                                    \n            <a href=\"https:\/\/vdldemeeuw.be\/fr\/notre-approche\/services-supplementaires\/\"\n               target=\"_self\"\n               class=\"btn\"\n               role=\"button\"\n               title=\"En savoir plus sur nos services compl\u00e9mentaires\"\n                               data-button-color=\"primary\"\n               data-button-txtColor=\"color\"\n               data-button-style=\"outlined\"\n               data-button-size=\"large\"\n               >\n\n                <span class=\"text\">\n                    En savoir plus sur nos services compl\u00e9mentaires                <\/span>\n\n                \n                \n                            <\/a>\n        \n    <\/div>\n\n\n\n<\/div>\n\n\n<div class=\"novi-block block-column col col--1 col--lg-1\/2\">\n    \n\n\n\n    <div class=\"novi-block block-image block-image--enable-rounded-corners\"\n         data-mt=\"none\"         data-mb=\"none\"         data-horizontal-align=\"centered\"\n         data-vertical-align=\"centered\"\n         data-mobile-align=\"centered\">\n\n        <figure class=\"block-image__inner\" style=\"max-width: 1624px\">\n\n            \n            <div class=\"block-image__image-container\">\n\n                <picture class=\"block-image__picture\" draggable=\"false\">\n\n                    \n                        <source media=\"(min-width: 414px)\"\n                                width=\"1624px\"\n                                height=\"1080px\"\n                                srcset=\"https:\/\/vdldemeeuw.be\/fr\/wp-content\/uploads\/sites\/2\/2025\/05\/LAB-dag-1-0604-retouche-scaled.jpg\"\/>\n\n                        <source media=\"(min-width: 0px)\"\n                                width=\"360px\"\n                                height=\"240px\"\n                                srcset=\"https:\/\/vdldemeeuw.be\/fr\/wp-content\/uploads\/sites\/2\/2025\/05\/LAB-dag-1-0604-retouche-720x479.jpg 2x, https:\/\/vdldemeeuw.be\/fr\/wp-content\/uploads\/sites\/2\/2025\/05\/LAB-dag-1-0604-retouche-360x240.jpg\"\/>\n\n                    \n                    <img decoding=\"async\" loading=\"lazy\"\n                         class=\"block-image__image\"\n                         alt=\"LAB-dag 1-0604 retouche\"\n                         src=\"https:\/\/vdldemeeuw.be\/fr\/wp-content\/uploads\/sites\/2\/2025\/05\/LAB-dag-1-0604-retouche-scaled.jpg\"\n                         width=\"1624px\"                         height=\"1080px\"\/>\n\n                <\/picture>\n\n                                    <div class=\"block-image__holder block-image__holder--desktop\"\n                         style=\"aspect-ratio: 1624\/1080; max-width: 1624px\">\n                    <\/div>\n                \n                                    <div class=\"block-image__holder block-image__holder--mobile\"\n                         style=\"aspect-ratio: 360\/240; max-width: 360px\">\n                    <\/div>\n                \n            <\/div>\n\n            \n            \n        <\/figure>\n\n    <\/div>\n\n\n\n<\/div>\n            <\/div>\n<\/section>\n\n\n                            <\/div>\n        <\/div>\n\n        \n    <\/section>\n\n\n\n\n\n    <section class=\"novi-block block-outer-container block-outer-container--has-background novi-has-light-background block-outer-container--stretch-full-width-regular-content\"\n                          data-mt=\"none\"             data-mb=\"large\">\n\n        \n        \n        <div class=\"block-outer-container__bg-inner\" style=\"background: var(--novi-color-white);\">\n            <div class=\"block-outer-container__inner container\">\n                                \n\n<section class=\"novi-block block-row\">\n    <div class=\"block-row__row row block-row__row--preset-1\/2|1\/2 block-row__row--align-center\">\n                \n\n<div class=\"novi-block block-column col col--1 col--lg-1\/2\">\n    \n\n\n\n    <div class=\"novi-block block-image block-image--enable-rounded-corners\"\n         data-mt=\"none\"         data-mb=\"none\"         data-horizontal-align=\"centered\"\n         data-vertical-align=\"centered\"\n         data-mobile-align=\"centered\">\n\n        <figure class=\"block-image__inner\" style=\"max-width: 1624px\">\n\n            \n            <div class=\"block-image__image-container\">\n\n                <picture class=\"block-image__picture\" draggable=\"false\">\n\n                    \n                        <source media=\"(min-width: 414px)\"\n                                width=\"1624px\"\n                                height=\"1080px\"\n                                srcset=\"https:\/\/vdldemeeuw.be\/fr\/wp-content\/uploads\/sites\/2\/2025\/01\/DSC_6412.jpg\"\/>\n\n                        <source media=\"(min-width: 0px)\"\n                                width=\"360px\"\n                                height=\"239px\"\n                                srcset=\"https:\/\/vdldemeeuw.be\/fr\/wp-content\/uploads\/sites\/2\/2025\/01\/DSC_6412-720x479.jpg 2x, https:\/\/vdldemeeuw.be\/fr\/wp-content\/uploads\/sites\/2\/2025\/01\/DSC_6412-360x239.jpg\"\/>\n\n                    \n                    <img decoding=\"async\" loading=\"lazy\"\n                         class=\"block-image__image\"\n                         alt=\"British School of Brussels\"\n                         src=\"https:\/\/vdldemeeuw.be\/fr\/wp-content\/uploads\/sites\/2\/2025\/01\/DSC_6412.jpg\"\n                         width=\"1624px\"                         height=\"1080px\"\/>\n\n                <\/picture>\n\n                                    <div class=\"block-image__holder block-image__holder--desktop\"\n                         style=\"aspect-ratio: 1624\/1080; max-width: 1624px\">\n                    <\/div>\n                \n                                    <div class=\"block-image__holder block-image__holder--mobile\"\n                         style=\"aspect-ratio: 360\/239; max-width: 360px\">\n                    <\/div>\n                \n            <\/div>\n\n            \n            \n        <\/figure>\n\n    <\/div>\n\n\n\n<\/div>\n\n\n<div class=\"novi-block block-column col col--1 col--lg-1\/2\">\n    \n<h2 class=\"novi-block block-heading h2\"data-mb=\"smaller\" id=\"novi-heading-6f1d9ffd-b0b1-4941-8fea-c41d8c46b347\">Formules de collaboration flexibles&nbsp;:&nbsp;achat ou location sur mesure<\/h2>\n\n<p class=\"novi-block block-paragraph\"data-mb=\"smaller\" style=\"font-size: 1.25rem\">Nous proposons \u00e9galement des formules de collaboration personnalis\u00e9es. Outre le transfert de propri\u00e9t\u00e9, la location est \u00e9galement une option, avec un financement assur\u00e9 par VDL De Meeuw. Int\u00e9ress\u00e9(e) ? Nous nous ferons un plaisir d\u2019\u00e9laborer une offre sur mesure.<\/p>\n\n\n\n\n    <div class=\"novi-block block-button block-button--align-left\"\n         data-mt=\"none\"         data-mb=\"none\">\n\n        \n                                    \n            <a href=\"https:\/\/vdldemeeuw.be\/fr\/notre-approche\/formules-de-financement\/\"\n               target=\"_self\"\n               class=\"btn\"\n               role=\"button\"\n               title=\"En savoir plus sur nos formules\"\n                               data-button-color=\"primary\"\n               data-button-txtColor=\"color\"\n               data-button-style=\"outlined\"\n               data-button-size=\"large\"\n               >\n\n                <span class=\"text\">\n                    En savoir plus sur nos formules                <\/span>\n\n                \n                \n                            <\/a>\n        \n    <\/div>\n\n\n\n<\/div>\n            <\/div>\n<\/section>\n\n\n                            <\/div>\n        <\/div>\n\n        \n    <\/section>\n\n\n\n\n\n    <section class=\"novi-block block-outer-container block-outer-container--has-background novi-has-light-background block-outer-container--stretch-full-width-regular-content\"\n                          data-mt=\"none\"             data-mb=\"large\">\n\n        \n        \n        <div class=\"block-outer-container__bg-inner\" style=\"background: var(--novi-color-light);\">\n            <div class=\"block-outer-container__inner container\">\n                                \n\n<section class=\"novi-block block-row\">\n    <div class=\"block-row__row row block-row__row--preset-1\/2|1\/2 block-row__row--align-center\">\n                \n\n<div class=\"novi-block block-column col col--1 col--lg-1\/2\">\n    \n<h2 class=\"novi-block block-heading h2\"data-mb=\"smaller\" id=\"novi-heading-6f1d9ffd-b0b1-4941-8fea-c41d8c46b347\">Notre approche et nos formules<\/h2>\n\n<p class=\"novi-block block-paragraph\"data-mb=\"smaller\" style=\"font-size: 1.25rem\">Nous travaillons en \u00e9troite collaboration pour r\u00e9aliser un b\u00e2timent modulaire parfaitement adapt\u00e9 \u00e0 vos besoins. D\u00e9couvrez ici notre parcours de collaboration, structur\u00e9 en 8 \u00e9tapes.<\/p>\n\n\n\n\n    <div class=\"novi-block block-button block-button--align-left\"\n         data-mt=\"none\"         data-mb=\"none\">\n\n        \n                                    \n            <a href=\"https:\/\/vdldemeeuw.be\/fr\/notre-approche\/\"\n               target=\"_self\"\n               class=\"btn\"\n               role=\"button\"\n               title=\"En savoir plus sur notre approche\"\n                               data-button-color=\"primary\"\n               data-button-txtColor=\"color\"\n               data-button-style=\"outlined\"\n               data-button-size=\"large\"\n               >\n\n                <span class=\"text\">\n                    En savoir plus sur notre approche                <\/span>\n\n                \n                \n                            <\/a>\n        \n    <\/div>\n\n\n\n<\/div>\n\n\n<div class=\"novi-block block-column col col--1 col--lg-1\/2\">\n    \n\n\n\n    <div class=\"novi-block block-image block-image--enable-rounded-corners\"\n         data-mt=\"none\"         data-mb=\"none\"         data-horizontal-align=\"centered\"\n         data-vertical-align=\"centered\"\n         data-mobile-align=\"centered\">\n\n        <figure class=\"block-image__inner\" style=\"max-width: 1440px\">\n\n            \n            <div class=\"block-image__image-container\">\n\n                <picture class=\"block-image__picture\" draggable=\"false\">\n\n                    \n                        <source media=\"(min-width: 414px)\"\n                                width=\"1440px\"\n                                height=\"1080px\"\n                                srcset=\"https:\/\/vdldemeeuw.be\/fr\/wp-content\/uploads\/sites\/2\/2024\/12\/Hutchinson-web.jpg\"\/>\n\n                        <source media=\"(min-width: 0px)\"\n                                width=\"360px\"\n                                height=\"270px\"\n                                srcset=\"https:\/\/vdldemeeuw.be\/fr\/wp-content\/uploads\/sites\/2\/2024\/12\/Hutchinson-web-720x540.jpg 2x, https:\/\/vdldemeeuw.be\/fr\/wp-content\/uploads\/sites\/2\/2024\/12\/Hutchinson-web-360x270.jpg\"\/>\n\n                    \n                    <img decoding=\"async\" loading=\"lazy\"\n                         class=\"block-image__image\"\n                         alt=\"Stap 7: turn-key oplevering\"\n                         src=\"https:\/\/vdldemeeuw.be\/fr\/wp-content\/uploads\/sites\/2\/2024\/12\/Hutchinson-web.jpg\"\n                         width=\"1440px\"                         height=\"1080px\"\/>\n\n                <\/picture>\n\n                                    <div class=\"block-image__holder block-image__holder--desktop\"\n                         style=\"aspect-ratio: 1440\/1080; max-width: 1440px\">\n                    <\/div>\n                \n                                    <div class=\"block-image__holder block-image__holder--mobile\"\n                         style=\"aspect-ratio: 360\/270; max-width: 360px\">\n                    <\/div>\n                \n            <\/div>\n\n            \n            \n        <\/figure>\n\n    <\/div>\n\n\n\n<\/div>\n            <\/div>\n<\/section>\n\n\n                            <\/div>\n        <\/div>\n\n        \n    <\/section>\n\n\n\n\n\n    <section class=\"novi-block block-project-slider\"\n             data-mt=\"none\"             data-mb=\"large\">\n\n        <div class=\"block-project-slider__container draggable-element-navigation\">\n\n            <div class=\"block-project-slider__left\">\n\n                <div class=\"block-proejct-slider__left-content\">\n                    \n<h2 class=\"novi-block block-heading h2\"data-mb=\"smaller\" id=\"novi-heading-3c86de97-fa32-4f19-960b-aac2b37ec094\">Nos r\u00e9alisations<\/h2>\n\n                <\/div>\n\n                <div class=\"block-project-slider__left-bottom\">\n\n                                            <a href=\"https:\/\/vdldemeeuw.be\/fr\/projets\/\"\n                           target=\"\"\n                           class=\"btn block-project-slider__left-button\"\n                           role=\"button\"\n                           data-button-color=\"primary\"\n                           data-button-txtcolor=\"light\"\n                           data-button-style=\"filled\"\n                           data-button-size=\"large\">\n                            <span class=\"text block-project-slider__left-button-text\">\n                                Toutes nos r\u00e9alisations                            <\/span>\n                        <\/a>\n                    \n                                            <div class=\"block-project-slider__navigation\">\n                            <a class=\"block-project-slider__navigation-button block-project-slider__navigation-button--prev draggable-element-navigation-prev\"\n                               disabled\n                               aria-label=\"Slide to the left\"\n                               href=\"#\">\n                                <svg class=\"block-project-slider__navigation-button-icon\">\n                                    <use xlink:href=\"https:\/\/vdldemeeuw.be\/fr\/wp-content\/themes\/novionline\/dist\/novionline-icons-9c67b6859f1525585c6967b61fae4ca7.svg#icon-arrow-left\"\/>\n                                <\/svg>\n                            <\/a>\n                            <a class=\"block-project-slider__navigation-button block-project-slider__navigation-button--next draggable-element-navigation-next\"\n                               disabled\n                               aria-label=\"Slide to the right\"\n                               href=\"#\">\n                                <svg class=\"block-project-slider__navigation-button-icon\">\n                                    <use xlink:href=\"https:\/\/vdldemeeuw.be\/fr\/wp-content\/themes\/novionline\/dist\/novionline-icons-9c67b6859f1525585c6967b61fae4ca7.svg#icon-arrow-right\"\/>\n                                <\/svg>\n                            <\/a>\n                        <\/div>\n                    \n                <\/div>\n\n            <\/div>\n\n            <div class=\"block-project-slider__right\">\n                                    <div class=\"block-project-slider__slides draggable-element\">\n                                                    <div class=\"block-project-slider__slide\">\n                                \n<article class=\"snippet-project snippet-project--has-image\">\n\n                    <a class=\"snippet-project__caption\"\n           target=\"_self\"\n           href=\"https:\/\/vdldemeeuw.be\/fr\/projets\/?project-category[]=entreprises\">\n\n            \n            <span class=\"snippet-project__caption-text\">\n                B\u00e2timent de bureaux modulaire            <\/span>\n\n        <\/a>\n    \n    <a href=\"https:\/\/vdldemeeuw.be\/fr\/projets\/batiment-de-bureaux-modulaire\/\"\n               aria-label=\"Mise \u00e0 jour: un b\u00e2timent de bureaux de 800 m\u00b2 recherche nouvel occupant\"\n       target=\"_self\"\n       class=\"snippet-project__link\"\n       draggable=\"false\">\n\n        <figure class=\"snippet-project__image-container\">\n\n                            <picture class=\"snippet-project__picture\">\n                    <img decoding=\"async\" loading=\"lazy\"\n                         class=\"snippet-project__image\"\n                         draggable=\"false\"\n                         srcset=\"https:\/\/vdldemeeuw.be\/fr\/wp-content\/uploads\/sites\/2\/2025\/04\/DSC_7779-400x225.jpg 400w, https:\/\/vdldemeeuw.be\/fr\/wp-content\/uploads\/sites\/2\/2025\/04\/DSC_7779-800x450.jpg 800w, https:\/\/vdldemeeuw.be\/fr\/wp-content\/uploads\/sites\/2\/2025\/04\/DSC_7779-760x428.jpg 760w, https:\/\/vdldemeeuw.be\/fr\/wp-content\/uploads\/sites\/2\/2025\/04\/DSC_7779-960x540.jpg 960w\"\n                         sizes=\"auto, (max-width: 400px) 400px, (max-width: 760px) 760px, (min-width: 761px) 960px\"\n                         src=\"https:\/\/vdldemeeuw.be\/fr\/wp-content\/uploads\/sites\/2\/2025\/04\/DSC_7779-960x540.jpg\"\n                         alt=\"DSC_7779\"\n                         width=\"960px\"                         height=\"540px\"\/>\n                <\/picture>\n            \n        <\/figure>\n\n        \n    <\/a>\n\n<\/article>                            <\/div>\n                                                    <div class=\"block-project-slider__slide\">\n                                \n<article class=\"snippet-project snippet-project--has-image\">\n\n                    <a class=\"snippet-project__caption\"\n           target=\"_self\"\n           href=\"https:\/\/vdldemeeuw.be\/fr\/projets\/?project-category[]=soins-de-sante\">\n\n            \n            <span class=\"snippet-project__caption-text\">\n                Centre Hospitalier Jean Titeca            <\/span>\n\n        <\/a>\n    \n    <a href=\"https:\/\/vdldemeeuw.be\/fr\/projets\/centre-hospitalier-jean-titeca\/\"\n               aria-label=\"D\u00e9montage modulaire au Centre Hospitalier Jean Titeca \u2013 un d\u00e9placement complexe en milieu urbain.\"\n       target=\"_self\"\n       class=\"snippet-project__link\"\n       draggable=\"false\">\n\n        <figure class=\"snippet-project__image-container\">\n\n                            <picture class=\"snippet-project__picture\">\n                    <img decoding=\"async\" loading=\"lazy\"\n                         class=\"snippet-project__image\"\n                         draggable=\"false\"\n                         srcset=\"https:\/\/vdldemeeuw.be\/fr\/wp-content\/uploads\/sites\/2\/2025\/04\/DSC00019-1-400x225.jpg 400w, https:\/\/vdldemeeuw.be\/fr\/wp-content\/uploads\/sites\/2\/2025\/04\/DSC00019-1-800x450.jpg 800w, https:\/\/vdldemeeuw.be\/fr\/wp-content\/uploads\/sites\/2\/2025\/04\/DSC00019-1-760x428.jpg 760w, https:\/\/vdldemeeuw.be\/fr\/wp-content\/uploads\/sites\/2\/2025\/04\/DSC00019-1-960x540.jpg 960w\"\n                         sizes=\"auto, (max-width: 400px) 400px, (max-width: 760px) 760px, (min-width: 761px) 960px\"\n                         src=\"https:\/\/vdldemeeuw.be\/fr\/wp-content\/uploads\/sites\/2\/2025\/04\/DSC00019-1-960x540.jpg\"\n                         alt=\"DSC00019\"\n                         width=\"960px\"                         height=\"540px\"\/>\n                <\/picture>\n            \n        <\/figure>\n\n        \n    <\/a>\n\n<\/article>                            <\/div>\n                                                    <div class=\"block-project-slider__slide\">\n                                \n<article class=\"snippet-project snippet-project--has-image\">\n\n                    <a class=\"snippet-project__caption\"\n           target=\"_self\"\n           href=\"https:\/\/vdldemeeuw.be\/fr\/projets\/?project-category[]=gouvernement\">\n\n            \n            <span class=\"snippet-project__caption-text\">\n                Zone de police Kempenland            <\/span>\n\n        <\/a>\n    \n    <a href=\"https:\/\/vdldemeeuw.be\/fr\/projets\/zone-de-police-kempenland\/\"\n               aria-label=\"Salle de cours et de r\u00e9union modulaire pour la zone de police Kempenland\"\n       target=\"_self\"\n       class=\"snippet-project__link\"\n       draggable=\"false\">\n\n        <figure class=\"snippet-project__image-container\">\n\n                            <picture class=\"snippet-project__picture\">\n                    <img decoding=\"async\" loading=\"lazy\"\n                         class=\"snippet-project__image\"\n                         draggable=\"false\"\n                         srcset=\"https:\/\/vdldemeeuw.be\/fr\/wp-content\/uploads\/sites\/2\/2025\/04\/IMG-20250130-WA0011-400x225.jpg 400w, https:\/\/vdldemeeuw.be\/fr\/wp-content\/uploads\/sites\/2\/2025\/04\/IMG-20250130-WA0011-800x450.jpg 800w, https:\/\/vdldemeeuw.be\/fr\/wp-content\/uploads\/sites\/2\/2025\/04\/IMG-20250130-WA0011-760x428.jpg 760w, https:\/\/vdldemeeuw.be\/fr\/wp-content\/uploads\/sites\/2\/2025\/04\/IMG-20250130-WA0011-960x540.jpg 960w\"\n                         sizes=\"auto, (max-width: 400px) 400px, (max-width: 760px) 760px, (min-width: 761px) 960px\"\n                         src=\"https:\/\/vdldemeeuw.be\/fr\/wp-content\/uploads\/sites\/2\/2025\/04\/IMG-20250130-WA0011-960x540.jpg\"\n                         alt=\"IMG-20250130-WA0011\"\n                         width=\"960px\"                         height=\"540px\"\/>\n                <\/picture>\n            \n        <\/figure>\n\n        \n    <\/a>\n\n<\/article>                            <\/div>\n                                                    <div class=\"block-project-slider__slide\">\n                                \n<article class=\"snippet-project snippet-project--has-image\">\n\n                    <a class=\"snippet-project__caption\"\n           target=\"_self\"\n           href=\"https:\/\/vdldemeeuw.be\/fr\/projets\/?project-category[]=enseignement\">\n\n            \n            <span class=\"snippet-project__caption-text\">\n                \u00c9cole LAB Sint-Niklaas            <\/span>\n\n        <\/a>\n    \n    <a href=\"https:\/\/vdldemeeuw.be\/fr\/projets\/ecole-lab-sint-niklaas\/\"\n               aria-label=\"Un campus scolaire color\u00e9 en pleine expansion\"\n       target=\"_self\"\n       class=\"snippet-project__link\"\n       draggable=\"false\">\n\n        <figure class=\"snippet-project__image-container\">\n\n                            <picture class=\"snippet-project__picture\">\n                    <img decoding=\"async\" loading=\"lazy\"\n                         class=\"snippet-project__image\"\n                         draggable=\"false\"\n                         srcset=\"https:\/\/vdldemeeuw.be\/fr\/wp-content\/uploads\/sites\/2\/2025\/05\/LAB-dag-1-1078-web-400x225.jpg 400w, https:\/\/vdldemeeuw.be\/fr\/wp-content\/uploads\/sites\/2\/2025\/05\/LAB-dag-1-1078-web-800x450.jpg 800w, https:\/\/vdldemeeuw.be\/fr\/wp-content\/uploads\/sites\/2\/2025\/05\/LAB-dag-1-1078-web-760x428.jpg 760w, https:\/\/vdldemeeuw.be\/fr\/wp-content\/uploads\/sites\/2\/2025\/05\/LAB-dag-1-1078-web.jpg 960w\"\n                         sizes=\"auto, (max-width: 400px) 400px, (max-width: 760px) 760px, (min-width: 761px) 960px\"\n                         src=\"https:\/\/vdldemeeuw.be\/fr\/wp-content\/uploads\/sites\/2\/2025\/05\/LAB-dag-1-1078-web.jpg\"\n                         alt=\"LAB-dag 1-1078 web\"\n                         width=\"800px\"                         height=\"532px\"\/>\n                <\/picture>\n            \n        <\/figure>\n\n        \n    <\/a>\n\n<\/article>                            <\/div>\n                                                    <div class=\"block-project-slider__slide\">\n                                \n<article class=\"snippet-project snippet-project--has-image\">\n\n                    <a class=\"snippet-project__caption\"\n           target=\"_self\"\n           href=\"https:\/\/vdldemeeuw.be\/fr\/projets\/?project-category[]=enseignement\">\n\n            \n            <span class=\"snippet-project__caption-text\">\n                The British School of Brussels            <\/span>\n\n        <\/a>\n    \n    <a href=\"https:\/\/vdldemeeuw.be\/fr\/projets\/british-school-of-brussels\/\"\n               aria-label=\"VDL De Meeuw construit un nouveau b\u00e2timent scolaire de haute qualit\u00e9\"\n       target=\"_self\"\n       class=\"snippet-project__link\"\n       draggable=\"false\">\n\n        <figure class=\"snippet-project__image-container\">\n\n                            <picture class=\"snippet-project__picture\">\n                    <img decoding=\"async\" loading=\"lazy\"\n                         class=\"snippet-project__image\"\n                         draggable=\"false\"\n                         srcset=\"https:\/\/vdldemeeuw.be\/fr\/wp-content\/uploads\/sites\/2\/2025\/01\/DSC_6299_2024-10-07-144322_owmz-400x225.jpg 400w, https:\/\/vdldemeeuw.be\/fr\/wp-content\/uploads\/sites\/2\/2025\/01\/DSC_6299_2024-10-07-144322_owmz-800x450.jpg 800w, https:\/\/vdldemeeuw.be\/fr\/wp-content\/uploads\/sites\/2\/2025\/01\/DSC_6299_2024-10-07-144322_owmz-760x428.jpg 760w, https:\/\/vdldemeeuw.be\/fr\/wp-content\/uploads\/sites\/2\/2025\/01\/DSC_6299_2024-10-07-144322_owmz-960x540.jpg 960w\"\n                         sizes=\"auto, (max-width: 400px) 400px, (max-width: 760px) 760px, (min-width: 761px) 960px\"\n                         src=\"https:\/\/vdldemeeuw.be\/fr\/wp-content\/uploads\/sites\/2\/2025\/01\/DSC_6299_2024-10-07-144322_owmz-960x540.jpg\"\n                         alt=\"British School of Brussels\"\n                         width=\"960px\"                         height=\"540px\"\/>\n                <\/picture>\n            \n        <\/figure>\n\n        \n    <\/a>\n\n<\/article>                            <\/div>\n                                                    <div class=\"block-project-slider__slide\">\n                                \n<article class=\"snippet-project snippet-project--has-image\">\n\n                    <a class=\"snippet-project__caption\"\n           target=\"_self\"\n           href=\"https:\/\/vdldemeeuw.be\/fr\/projets\/?project-category[]=entreprises\">\n\n            \n            <span class=\"snippet-project__caption-text\">\n                Une infrastructure temporaire pour IASB            <\/span>\n\n        <\/a>\n    \n    <a href=\"https:\/\/vdldemeeuw.be\/fr\/projets\/bira\/\"\n               aria-label=\"Une infrastructure temporaire pour IASB\"\n       target=\"_self\"\n       class=\"snippet-project__link\"\n       draggable=\"false\">\n\n        <figure class=\"snippet-project__image-container\">\n\n                            <picture class=\"snippet-project__picture\">\n                    <img decoding=\"async\" loading=\"lazy\"\n                         class=\"snippet-project__image\"\n                         draggable=\"false\"\n                         srcset=\"https:\/\/vdldemeeuw.be\/fr\/wp-content\/uploads\/sites\/2\/2025\/05\/IMG-20250416-WA0009-400x225.jpg 400w, https:\/\/vdldemeeuw.be\/fr\/wp-content\/uploads\/sites\/2\/2025\/05\/IMG-20250416-WA0009-800x450.jpg 800w, https:\/\/vdldemeeuw.be\/fr\/wp-content\/uploads\/sites\/2\/2025\/05\/IMG-20250416-WA0009-760x428.jpg 760w, https:\/\/vdldemeeuw.be\/fr\/wp-content\/uploads\/sites\/2\/2025\/05\/IMG-20250416-WA0009-960x540.jpg 960w\"\n                         sizes=\"auto, (max-width: 400px) 400px, (max-width: 760px) 760px, (min-width: 761px) 960px\"\n                         src=\"https:\/\/vdldemeeuw.be\/fr\/wp-content\/uploads\/sites\/2\/2025\/05\/IMG-20250416-WA0009-960x540.jpg\"\n                         alt=\"IMG-20250416-WA0009\"\n                         width=\"960px\"                         height=\"540px\"\/>\n                <\/picture>\n            \n        <\/figure>\n\n        \n    <\/a>\n\n<\/article>                            <\/div>\n                                                    <div class=\"block-project-slider__slide\">\n                                \n<article class=\"snippet-project snippet-project--has-image\">\n\n                    <a class=\"snippet-project__caption\"\n           target=\"_self\"\n           href=\"https:\/\/vdldemeeuw.be\/fr\/projets\/?project-category[]=soins-de-sante\">\n\n            \n            <span class=\"snippet-project__caption-text\">\n                UZ Gand            <\/span>\n\n        <\/a>\n    \n    <a href=\"https:\/\/vdldemeeuw.be\/fr\/projets\/uz-gent\/\"\n               aria-label=\"Apr\u00e8s la salle blanche, VDL De Meeuw r\u00e9alise \u00e9galement un pavillon d\u2019entr\u00e9e remarquable.\"\n       target=\"_self\"\n       class=\"snippet-project__link\"\n       draggable=\"false\">\n\n        <figure class=\"snippet-project__image-container\">\n\n                            <picture class=\"snippet-project__picture\">\n                    <img decoding=\"async\" loading=\"lazy\"\n                         class=\"snippet-project__image\"\n                         draggable=\"false\"\n                         srcset=\"https:\/\/vdldemeeuw.be\/fr\/wp-content\/uploads\/sites\/2\/2024\/06\/UZ-gent-m-400x225.jpg 400w, https:\/\/vdldemeeuw.be\/fr\/wp-content\/uploads\/sites\/2\/2024\/06\/UZ-gent-m-800x450.jpg 800w, https:\/\/vdldemeeuw.be\/fr\/wp-content\/uploads\/sites\/2\/2024\/06\/UZ-gent-m-760x428.jpg 760w, https:\/\/vdldemeeuw.be\/fr\/wp-content\/uploads\/sites\/2\/2024\/06\/UZ-gent-m-800x540.jpg 960w\"\n                         sizes=\"auto, (max-width: 400px) 400px, (max-width: 760px) 760px, (min-width: 761px) 960px\"\n                         src=\"https:\/\/vdldemeeuw.be\/fr\/wp-content\/uploads\/sites\/2\/2024\/06\/UZ-gent-m-800x540.jpg\"\n                         alt=\"UZ-gent-m\"\n                         width=\"800px\"                         height=\"540px\"\/>\n                <\/picture>\n            \n        <\/figure>\n\n        \n    <\/a>\n\n<\/article>                            <\/div>\n                                                                    <\/div>\n                            <\/div>\n\n        <\/div>\n\n    <\/section>\n\n\n\n<h2 class=\"novi-block block-heading h2\"data-mb=\"smaller\" id=\"novi-heading-19b5aa32-a027-4180-b279-dc3927d72285\">La construction modulaire est-elle la solution qu\u2019il vous faut&nbsp;?<\/h2>\n\n<p class=\"novi-block block-paragraph\"data-mb=\"small\">Nous serons ravis d\u2019en discuter avec vous ! Prenez rendez-vous pour un entretien avec l\u2019un de nos conseillers en construction.<\/p>\n\n\n\n    <div class=\"novi-block form-block\"\n         data-mt=\"none\"         data-mb=\"small\">\n        <script type=\"text\/javascript\">\n\/* <![CDATA[ *\/\nvar gform;gform||(document.addEventListener(\"gform_main_scripts_loaded\",function(){gform.scriptsLoaded=!0}),document.addEventListener(\"gform\/theme\/scripts_loaded\",function(){gform.themeScriptsLoaded=!0}),window.addEventListener(\"DOMContentLoaded\",function(){gform.domLoaded=!0}),gform={domLoaded:!1,scriptsLoaded:!1,themeScriptsLoaded:!1,isFormEditor:()=>\"function\"==typeof InitializeEditor,callIfLoaded:function(o){return!(!gform.domLoaded||!gform.scriptsLoaded||!gform.themeScriptsLoaded&&!gform.isFormEditor()||(gform.isFormEditor()&&console.warn(\"The use of gform.initializeOnLoaded() is deprecated in the form editor context and will be removed in Gravity Forms 3.1.\"),o(),0))},initializeOnLoaded:function(o){gform.callIfLoaded(o)||(document.addEventListener(\"gform_main_scripts_loaded\",()=>{gform.scriptsLoaded=!0,gform.callIfLoaded(o)}),document.addEventListener(\"gform\/theme\/scripts_loaded\",()=>{gform.themeScriptsLoaded=!0,gform.callIfLoaded(o)}),window.addEventListener(\"DOMContentLoaded\",()=>{gform.domLoaded=!0,gform.callIfLoaded(o)}))},hooks:{action:{},filter:{}},addAction:function(o,r,e,t){gform.addHook(\"action\",o,r,e,t)},addFilter:function(o,r,e,t){gform.addHook(\"filter\",o,r,e,t)},doAction:function(o){gform.doHook(\"action\",o,arguments)},applyFilters:function(o){return gform.doHook(\"filter\",o,arguments)},removeAction:function(o,r){gform.removeHook(\"action\",o,r)},removeFilter:function(o,r,e){gform.removeHook(\"filter\",o,r,e)},addHook:function(o,r,e,t,n){null==gform.hooks[o][r]&&(gform.hooks[o][r]=[]);var d=gform.hooks[o][r];null==n&&(n=r+\"_\"+d.length),gform.hooks[o][r].push({tag:n,callable:e,priority:t=null==t?10:t})},doHook:function(r,o,e){var t;if(e=Array.prototype.slice.call(e,1),null!=gform.hooks[r][o]&&((o=gform.hooks[r][o]).sort(function(o,r){return o.priority-r.priority}),o.forEach(function(o){\"function\"!=typeof(t=o.callable)&&(t=window[t]),\"action\"==r?t.apply(null,e):e[0]=t.apply(null,e)})),\"filter\"==r)return e[0]},removeHook:function(o,r,t,n){var e;null!=gform.hooks[o][r]&&(e=(e=gform.hooks[o][r]).filter(function(o,r,e){return!!(null!=n&&n!=o.tag||null!=t&&t!=o.priority)}),gform.hooks[o][r]=e)}});\n\/* ]]> *\/\n<\/script>\n\n                <div class='gf_browser_gecko gform_wrapper gravity-theme gform-theme--no-framework' data-form-theme='gravity-theme' data-form-index='0' id='gform_wrapper_5' ><div id='gf_5' class='gform_anchor' tabindex='-1'><\/div>\n                        <div class='gform_heading'>\n\t\t\t\t\t\t\t<p class='gform_required_legend'>\u00ab\u00a0<span class=\"gfield_required gfield_required_asterisk\">*<\/span>\u00a0\u00bb indique les champs n\u00e9cessaires<\/p>\n                        <\/div><form method='post' enctype='multipart\/form-data' target='gform_ajax_frame_5' id='gform_5'  action='\/fr\/wp-json\/wp\/v2\/pages\/3734#gf_5' data-formid='5' novalidate>\n                        <div class='gform-body gform_body'><div id='gform_fields_5' class='gform_fields top_label form_sublabel_below description_below validation_below'><div id=\"field_5_24\" class=\"gfield gfield--type-honeypot gform_validation_container field_sublabel_below gfield--has-description field_description_below field_validation_below gfield_visibility_visible type-honeypot\"  data-field-class=\"type-honeypot\" ><label class='gfield_label gform-field-label' for='input_5_24'>LinkedIn<\/label><div class='ginput_container'><input name='input_24' id='input_5_24' type='text' value='' autocomplete='new-password'\/><\/div><div class='gfield_description' id='gfield_description_5_24'>Ce champ n\u2019est utilis\u00e9 qu\u2019\u00e0 des fins de validation et devrait rester inchang\u00e9.<\/div><\/div><div id=\"field_5_1\" class=\"gfield gfield--type-text gfield--input-type-text gfield--width-third gfield_contains_required field_sublabel_below gfield--no-description field_description_below field_validation_below gfield_visibility_visible type-text material-input\"  data-field-class=\"type-text material-input\" ><label class='gfield_label gform-field-label' for='input_5_1'>Pr\u00e9nom<span class=\"gfield_required\"><span class=\"gfield_required gfield_required_asterisk\">*<\/span><\/span><\/label><div class='ginput_container ginput_container_text'><input name='input_1' id='input_5_1' type='text' value='' class='large'     aria-required=\"true\" aria-invalid=\"false\"   \/><\/div><\/div><div id=\"field_5_3\" class=\"gfield gfield--type-text gfield--input-type-text gfield--width-third field_sublabel_below gfield--no-description field_description_below field_validation_below gfield_visibility_visible type-text material-input\"  data-field-class=\"type-text material-input\" ><label class='gfield_label gform-field-label' for='input_5_3'>Nom de famille<\/label><div class='ginput_container ginput_container_text'><input name='input_3' id='input_5_3' type='text' value='' class='large'      aria-invalid=\"false\"   \/><\/div><\/div><div id=\"field_5_4\" class=\"gfield gfield--type-text gfield--input-type-text gfield--width-third gfield_contains_required field_sublabel_below gfield--no-description field_description_below field_validation_below gfield_visibility_visible type-text material-input\"  data-field-class=\"type-text material-input\" ><label class='gfield_label gform-field-label' for='input_5_4'>Soci\u00e9t\u00e9<span class=\"gfield_required\"><span class=\"gfield_required gfield_required_asterisk\">*<\/span><\/span><\/label><div class='ginput_container ginput_container_text'><input name='input_4' id='input_5_4' type='text' value='' class='large'     aria-required=\"true\" aria-invalid=\"false\"   \/><\/div><\/div><div id=\"field_5_5\" class=\"gfield gfield--type-email gfield--input-type-email gfield--width-half gfield_contains_required field_sublabel_below gfield--no-description field_description_below field_validation_below gfield_visibility_visible type-email material-input\"  data-field-class=\"type-email material-input\" ><label class='gfield_label gform-field-label' for='input_5_5'>Adresse e-mail<span class=\"gfield_required\"><span class=\"gfield_required gfield_required_asterisk\">*<\/span><\/span><\/label><div class='ginput_container ginput_container_email'>\n                            <input name='input_5' id='input_5_5' type='email' value='' class='large'    aria-required=\"true\" aria-invalid=\"false\"  \/>\n                        <\/div><\/div><div id=\"field_5_6\" class=\"gfield gfield--type-phone gfield--input-type-phone gfield--width-half gfield_contains_required field_sublabel_below gfield--no-description field_description_below field_validation_below gfield_visibility_visible type-phone material-input\"  data-field-class=\"type-phone material-input\" ><label class='gfield_label gform-field-label' for='input_5_6'>T\u00e9l\u00e9phone<span class=\"gfield_required\"><span class=\"gfield_required gfield_required_asterisk\">*<\/span><\/span><\/label><div class='ginput_container ginput_container_phone'><input name='input_6' id='input_5_6' type='tel' value='' class='large'   aria-required=\"true\" aria-invalid=\"false\"   \/><\/div><\/div><div id=\"field_5_19\" class=\"gfield gfield--type-select gfield--input-type-select gfield--width-full gfield_contains_required field_sublabel_below gfield--no-description field_description_below field_validation_below gfield_visibility_visible type-select\"  data-field-class=\"type-select\" ><label class='gfield_label gform-field-label' for='input_5_19'>Par quel canal \u00eates-vous arriv\u00e9 chez nous ?<span class=\"gfield_required\"><span class=\"gfield_required gfield_required_asterisk\">*<\/span><\/span><\/label><div class='ginput_container ginput_container_select'><select name='input_19' id='input_5_19' class='large gfield_select'    aria-required=\"true\" aria-invalid=\"false\" ><option value='Google' >Google<\/option><option value='R\u00e9seaux sociaux' >R\u00e9seaux sociaux<\/option><option value='Mailing' >Mailing<\/option><option value='Salon \/ \u00c9v\u00e9nement' >Salon \/ \u00c9v\u00e9nement<\/option><option value='Coll\u00e8gue \/ Connaissance' >Coll\u00e8gue \/ Connaissance<\/option><option value='Client \/ Partenaire' >Client \/ Partenaire<\/option><option value='Article \/ Publication' >Article \/ Publication<\/option><option value='Remarqu\u00e9 le long de l\u2019A12' >Remarqu\u00e9 le long de l\u2019A12<\/option><option value='Autre' >Autre<\/option><\/select><\/div><\/div><div id=\"field_5_12\" class=\"gfield gfield--type-textarea gfield--input-type-textarea gfield--width-full field_sublabel_below gfield--no-description field_description_below field_validation_below gfield_visibility_visible type-textarea material-input\"  data-field-class=\"type-textarea material-input\" ><label class='gfield_label gform-field-label' for='input_5_12'>Message<\/label><div class='ginput_container ginput_container_textarea'><textarea name='input_12' id='input_5_12' class='textarea large'      aria-invalid=\"false\"   rows='10' cols='50'><\/textarea><\/div><\/div><fieldset id=\"field_5_11\" class=\"gfield gfield--type-consent gfield--type-choice gfield--input-type-consent gfield--width-full gfield_contains_required field_sublabel_below gfield--no-description field_description_below hidden_label field_validation_below gfield_visibility_visible type-consent\"  data-field-class=\"type-consent\" ><legend class='gfield_label gform-field-label gfield_label_before_complex' >Consentement<span class=\"gfield_required\"><span class=\"gfield_required gfield_required_asterisk\">*<\/span><\/span><\/legend><div class='ginput_container ginput_container_consent'><input name='input_11.1' id='input_5_11_1' type='checkbox' value='1'   aria-required=\"true\" aria-invalid=\"false\"   \/> <label class=\"gform-field-label gform-field-label--type-inline gfield_consent_label\" for='input_5_11_1' >J\u2019accepte la <a href=\"https:\/\/vdldemeeuw.be\/fr\/privacyverklaring\/\" target=\"_blank\">politique de confidentialit\u00e9<\/a><span class=\"gfield_required gfield_required_asterisk\">*<\/span><\/label><input type='hidden' name='input_11.2' value='J\u2019accepte la &lt;a href=&quot;https:\/\/vdldemeeuw.be\/fr\/privacyverklaring\/&quot; target=&quot;_blank&quot;&gt;politique de confidentialit\u00e9&lt;\/a&gt;' class='gform_hidden' \/><input type='hidden' name='input_11.3' value='4' class='gform_hidden' \/><\/div><\/fieldset><fieldset id=\"field_5_15\" class=\"gfield gfield--type-checkbox gfield--type-choice gfield--input-type-checkbox field_sublabel_below gfield--no-description field_description_below hidden_label field_validation_below gfield_visibility_visible type-checkbox\"  data-field-class=\"type-checkbox\" ><legend class='gfield_label gform-field-label gfield_label_before_complex' >Newsletter<\/legend><div class='ginput_container ginput_container_checkbox'><div class='gfield_checkbox ' id='input_5_15'><div class='gchoice gchoice_5_15_1'>\n\t\t\t\t\t\t\t\t<input class='gfield-choice-input' name='input_15.1' type='checkbox'  value='Inscrivez-vous \u00e0 notre newsletter.'  id='choice_5_15_1'   \/>\n\t\t\t\t\t\t\t\t<label for='choice_5_15_1' id='label_5_15_1' class='gform-field-label gform-field-label--type-inline'>Inscrivez-vous \u00e0 notre newsletter.<\/label>\n\t\t\t\t\t\t\t<\/div><\/div><\/div><\/fieldset><div id=\"field_5_16\" class=\"gfield gfield--type-multiselect gfield--input-type-multiselect gfield_contains_required field_sublabel_below gfield--no-description field_description_below field_validation_below gfield_visibility_visible type-multiselect\"  data-field-class=\"type-multiselect\" ><label class='gfield_label gform-field-label' for='input_5_16'>Int\u00e9ress\u00e9(e) par<span class=\"gfield_required\"><span class=\"gfield_required gfield_required_asterisk\">*<\/span><\/span><\/label><div class='ginput_container ginput_container_multiselect'><select multiple='multiple' data- size='7' name='input_16[]' id='input_5_16' class='large gfield_select'   aria-invalid=\"false\" aria-required=\"true\" ><option value='Entreprises' >Entreprises<\/option><option value='Enseignement' >Enseignement<\/option><option value='Soins de sant\u00e9' >Soins de sant\u00e9<\/option><option value='Logement' >Logement<\/option><option value='H\u00e9bergement temporaire' >H\u00e9bergement temporaire<\/option><option value='Service et entretien' >Service et entretien<\/option><\/select><\/div><\/div><div id=\"field_5_17\" class=\"gfield gfield--type-text gfield--input-type-text gfield--width-full field_sublabel_below gfield--no-description field_description_below field_validation_below gfield_visibility_hidden type-text material-input\"  data-field-class=\"type-text material-input\" ><div class=\"admin-hidden-markup\"><i class=\"gform-icon gform-icon--hidden\" aria-hidden=\"true\" title=\"Ce champ est masqu\u00e9 lorsque l\u2018on voit le formulaire.\"><\/i><span>Ce champ est masqu\u00e9 lorsque l\u2018on voit le formulaire.<\/span><\/div><label class='gfield_label gform-field-label' for='input_5_17'>gclid<\/label><div class='ginput_container ginput_container_text'><input name='input_17' id='input_5_17' type='text' value='' class='large'      aria-invalid=\"false\"   \/><\/div><\/div><div id=\"field_5_18\" class=\"gfield gfield--type-text gfield--input-type-text gfield--width-full field_sublabel_below gfield--no-description field_description_below field_validation_below gfield_visibility_hidden type-text material-input\"  data-field-class=\"type-text material-input\" ><div class=\"admin-hidden-markup\"><i class=\"gform-icon gform-icon--hidden\" aria-hidden=\"true\" title=\"Ce champ est masqu\u00e9 lorsque l\u2018on voit le formulaire.\"><\/i><span>Ce champ est masqu\u00e9 lorsque l\u2018on voit le formulaire.<\/span><\/div><label class='gfield_label gform-field-label' for='input_5_18'>utm_content<\/label><div class='ginput_container ginput_container_text'><input name='input_18' id='input_5_18' type='text' value='' class='large'      aria-invalid=\"false\"   \/><\/div><\/div><div id=\"field_5_23\" class=\"gfield gfield--type-text gfield--input-type-text gfield--width-full field_sublabel_below gfield--no-description field_description_below field_validation_below gfield_visibility_hidden type-text material-input\"  data-field-class=\"type-text material-input\" ><div class=\"admin-hidden-markup\"><i class=\"gform-icon gform-icon--hidden\" aria-hidden=\"true\" title=\"Ce champ est masqu\u00e9 lorsque l\u2018on voit le formulaire.\"><\/i><span>Ce champ est masqu\u00e9 lorsque l\u2018on voit le formulaire.<\/span><\/div><label class='gfield_label gform-field-label' for='input_5_23'>utm_term<\/label><div class='ginput_container ginput_container_text'><input name='input_23' id='input_5_23' type='text' value='' class='large'      aria-invalid=\"false\"   \/><\/div><\/div><div id=\"field_5_22\" class=\"gfield gfield--type-text gfield--input-type-text gfield--width-full field_sublabel_below gfield--no-description field_description_below field_validation_below gfield_visibility_hidden type-text material-input\"  data-field-class=\"type-text material-input\" ><div class=\"admin-hidden-markup\"><i class=\"gform-icon gform-icon--hidden\" aria-hidden=\"true\" title=\"Ce champ est masqu\u00e9 lorsque l\u2018on voit le formulaire.\"><\/i><span>Ce champ est masqu\u00e9 lorsque l\u2018on voit le formulaire.<\/span><\/div><label class='gfield_label gform-field-label' for='input_5_22'>utm_medium<\/label><div class='ginput_container ginput_container_text'><input name='input_22' id='input_5_22' type='text' value='' class='large'      aria-invalid=\"false\"   \/><\/div><\/div><div id=\"field_5_21\" class=\"gfield gfield--type-text gfield--input-type-text gfield--width-full field_sublabel_below gfield--no-description field_description_below field_validation_below gfield_visibility_hidden type-text material-input\"  data-field-class=\"type-text material-input\" ><div class=\"admin-hidden-markup\"><i class=\"gform-icon gform-icon--hidden\" aria-hidden=\"true\" title=\"Ce champ est masqu\u00e9 lorsque l\u2018on voit le formulaire.\"><\/i><span>Ce champ est masqu\u00e9 lorsque l\u2018on voit le formulaire.<\/span><\/div><label class='gfield_label gform-field-label' for='input_5_21'>utm_source<\/label><div class='ginput_container ginput_container_text'><input name='input_21' id='input_5_21' type='text' value='' class='large'      aria-invalid=\"false\"   \/><\/div><\/div><div id=\"field_5_20\" class=\"gfield gfield--type-text gfield--input-type-text gfield--width-full field_sublabel_below gfield--no-description field_description_below field_validation_below gfield_visibility_hidden type-text material-input\"  data-field-class=\"type-text material-input\" ><div class=\"admin-hidden-markup\"><i class=\"gform-icon gform-icon--hidden\" aria-hidden=\"true\" title=\"Ce champ est masqu\u00e9 lorsque l\u2018on voit le formulaire.\"><\/i><span>Ce champ est masqu\u00e9 lorsque l\u2018on voit le formulaire.<\/span><\/div><label class='gfield_label gform-field-label' for='input_5_20'>utm_campaign<\/label><div class='ginput_container ginput_container_text'><input name='input_20' id='input_5_20' type='text' value='' class='large'      aria-invalid=\"false\"   \/><\/div><\/div><\/div><\/div>\n        <div class='gform-footer gform_footer top_label'> \n            <button  type='submit' id='gform_submit_button_5' class='gform_button button' onclick='gform.submission.handleButtonClick(this);' data-submission-type='submit'                 role=\"button\"\n                data-button-color=\"secondary\"\n                data-button-txtcolor=\"light\"\n                data-button-style=\"filled\"\n                data-button-size=\"large\">\n                <span>\n                    Envoyer                <\/span>\n            <\/button>\n\n             <input type='hidden' name='gform_ajax' value='form_id=5&amp;title=&amp;description=&amp;tabindex=0&amp;theme=gravity-theme&amp;hash=9f833a47b3e526c635b146a2532d9dcd' \/>\n            <input type='hidden' class='gform_hidden' name='gform_submission_method' data-js='gform_submission_method_5' value='iframe' \/>\n            <input type='hidden' class='gform_hidden' name='gform_theme' data-js='gform_theme_5' id='gform_theme_5' value='gravity-theme' \/>\n            <input type='hidden' class='gform_hidden' name='gform_style_settings' data-js='gform_style_settings_5' id='gform_style_settings_5' value='' \/>\n            <input type='hidden' class='gform_hidden' name='is_submit_5' value='1' \/>\n            <input type='hidden' class='gform_hidden' name='gform_submit' value='5' \/>\n            \n            <input type='hidden' class='gform_hidden' name='gform_currency' data-currency='USD' value='HMfjnpVxUjCGbbWaMsquXnfj4vRGvpS8n9YDxrhnULCu7HNzpx5xUFV6ZjWLoXto5NopbsKLcOSQxbsr+f\/eTpQureF9wn+a0Wn+ZTDvf2bGpDw=' \/>\n            <input type='hidden' class='gform_hidden' name='gform_unique_id' value='' \/>\n            <input type='hidden' class='gform_hidden' name='state_5' value='WyJ7XCIxOVwiOltcIjRlMGM2MGY0Y2M5MGUzYWJhMzc3YjEwNzI2ZWFkNTU5XCIsXCJlMTYwZTZmODYzYTVmM2NmNGFlYmQ3YmFiZGNkOWEwNlwiLFwiZGI2NjViZWNjZjBhNDUwZDAxOTJjYWYxNmNmZWIwYzNcIixcImUyNzBmNTk5NjY4YWJkZTIzMDRmMjYzYTY3ZjRkYWU1XCIsXCIzNWVlNjA4ZGUzODExZjQyODBlMmQ2ZGZiMWQzYWVlYlwiLFwiMDdiNDkxMjU1NDU4YTY4NjA4NDdlYTg3MmM3MzJmMGVcIixcIjQ4MWRiZDBiOTJjNTQ3ZjdiMGVhYzQ4OWQ3N2ZkMjRlXCIsXCJkZjQ0MGE4MDdiODdiM2IzN2U2Y2Y5YmQxMjdiNzBmYlwiLFwiZGUxYjllYzRjYjRjOGFiYWVlYmE1YmUwZGRiMWRhOGRcIl0sXCIxMS4xXCI6XCI0NGQ4MDJhNzI2YzM3YjllZDYyYmM1ODEwNmMzYjczZFwiLFwiMTEuMlwiOlwiN2Q2ZTQ1MmI0NDQxMmE5NWU1ODkxY2I4ZmY4NDk4ZDJcIixcIjExLjNcIjpcImI3Y2VjNTIwNTk1ZWM1NzBlM2NhYzIwNWM4MzhmZDQ2XCIsXCIxNS4xXCI6XCJhYThiNWYzMDZmMzU4YjBhMmVlYzdmYTE4NGVjNDkwNlwifSIsIjk0NmU3ZGJiYjczZDZjZWE4ZTJmMGEyMGVjY2M3M2Y5Il0=' \/>\n            <input type='hidden' autocomplete='off' class='gform_hidden' name='gform_target_page_number_5' id='gform_target_page_number_5' value='0' \/>\n            <input type='hidden' autocomplete='off' class='gform_hidden' name='gform_source_page_number_5' id='gform_source_page_number_5' value='1' \/>\n            <input type='hidden' name='gform_field_values' value='' \/>\n            \n        <\/div>\n                        <p style=\"display: none !important;\" class=\"akismet-fields-container\" data-prefix=\"ak_\"><label>&#916;<textarea name=\"ak_hp_textarea\" cols=\"45\" rows=\"8\" maxlength=\"100\"><\/textarea><\/label><input type=\"hidden\" id=\"ak_js_1\" name=\"ak_js\" value=\"202\"\/><script>document.getElementById( \"ak_js_1\" ).setAttribute( \"value\", ( new Date() ).getTime() );<\/script><\/p><\/form>\n                        <\/div>\n\t\t                <iframe style='display:none;width:0px;height:0px;' src='about:blank' name='gform_ajax_frame_5' id='gform_ajax_frame_5' title='Cette iframe contient la logique n\u00e9cessaire pour manipuler Gravity Forms avec Ajax.'><\/iframe>\n\t\t                <script type=\"text\/javascript\">\n\/* <![CDATA[ *\/\n gform.initializeOnLoaded( function() {gformInitSpinner( 5, 'https:\/\/vdldemeeuw.be\/fr\/wp-content\/plugins\/gravityforms\/images\/spinner.svg', true );jQuery('#gform_ajax_frame_5').on('load',function(){var contents = jQuery(this).contents().find('*').html();var is_postback = contents.indexOf('GF_AJAX_POSTBACK') >= 0;if(!is_postback){return;}var form_content = jQuery(this).contents().find('#gform_wrapper_5');var is_confirmation = jQuery(this).contents().find('#gform_confirmation_wrapper_5').length > 0;var is_redirect = contents.indexOf('gformRedirect(){') >= 0;var is_form = form_content.length > 0 && ! is_redirect && ! is_confirmation;var mt = parseInt(jQuery('html').css('margin-top'), 10) + parseInt(jQuery('body').css('margin-top'), 10) + 100;if(is_form){jQuery('#gform_wrapper_5').html(form_content.html());if(form_content.hasClass('gform_validation_error')){jQuery('#gform_wrapper_5').addClass('gform_validation_error');} else {jQuery('#gform_wrapper_5').removeClass('gform_validation_error');}setTimeout( function() { \/* delay the scroll by 50 milliseconds to fix a bug in chrome *\/ jQuery(document).scrollTop(jQuery('#gform_wrapper_5').offset().top - mt); }, 50 );if(window['gformInitDatepicker']) {gformInitDatepicker();}if(window['gformInitPriceFields']) {gformInitPriceFields();}var current_page = jQuery('#gform_source_page_number_5').val();gformInitSpinner( 5, 'https:\/\/vdldemeeuw.be\/fr\/wp-content\/plugins\/gravityforms\/images\/spinner.svg', true );jQuery(document).trigger('gform_page_loaded', [5, current_page]);window['gf_submitting_5'] = false;}else if(!is_redirect){var confirmation_content = jQuery(this).contents().find('.GF_AJAX_POSTBACK').html();if(!confirmation_content){confirmation_content = contents;}jQuery('#gform_wrapper_5').replaceWith(confirmation_content);jQuery(document).scrollTop(jQuery('#gf_5').offset().top - mt);jQuery(document).trigger('gform_confirmation_loaded', [5]);window['gf_submitting_5'] = false;wp.a11y.speak(jQuery('#gform_confirmation_message_5').text());}else{jQuery('#gform_5').append(contents);if(window['gformRedirect']) {gformRedirect();}}jQuery(document).trigger(\"gform_pre_post_render\", [{ formId: \"5\", currentPage: \"current_page\", abort: function() { this.preventDefault(); } }]);        if (event && event.defaultPrevented) {                return;        }        const gformWrapperDiv = document.getElementById( \"gform_wrapper_5\" );        if ( gformWrapperDiv ) {            const visibilitySpan = document.createElement( \"span\" );            visibilitySpan.id = \"gform_visibility_test_5\";            gformWrapperDiv.insertAdjacentElement( \"afterend\", visibilitySpan );        }        const visibilityTestDiv = document.getElementById( \"gform_visibility_test_5\" );        let postRenderFired = false;        function triggerPostRender() {            if ( postRenderFired ) {                return;            }            postRenderFired = true;            gform.core.triggerPostRenderEvents( 5, current_page );            if ( visibilityTestDiv ) {                visibilityTestDiv.parentNode.removeChild( visibilityTestDiv );            }        }        function debounce( func, wait, immediate ) {            var timeout;            return function() {                var context = this, args = arguments;                var later = function() {                    timeout = null;                    if ( !immediate ) func.apply( context, args );                };                var callNow = immediate && !timeout;                clearTimeout( timeout );                timeout = setTimeout( later, wait );                if ( callNow ) func.apply( context, args );            };        }        const debouncedTriggerPostRender = debounce( function() {            triggerPostRender();        }, 200 );        if ( visibilityTestDiv && visibilityTestDiv.offsetParent === null ) {            const observer = new MutationObserver( ( mutations ) => {                mutations.forEach( ( mutation ) => {                    if ( mutation.type === 'attributes' && visibilityTestDiv.offsetParent !== null ) {                        debouncedTriggerPostRender();                        observer.disconnect();                    }                });            });            observer.observe( document.body, {                attributes: true,                childList: false,                subtree: true,                attributeFilter: [ 'style', 'class' ],            });        } else {            triggerPostRender();        }    } );} ); \n\/* ]]> *\/\n<\/script>\n    <\/div>\n\n","protected":false},"excerpt":{"rendered":"","protected":false},"author":19,"featured_media":0,"parent":3547,"menu_order":28,"comment_status":"closed","ping_status":"closed","template":"","meta":{"_acf_changed":false,"footnotes":""},"class_list":["post-3734","page","type-page","status-publish","hentry"],"acf":[],"yoast_head":"<title>Building-as-a-Service (BaaS) | VDL De Meeuw<\/title>\n<meta name=\"description\" content=\"VDL De Meeuw propose le Building-as-a-Service en construction modulaire. D\u00e9couvrez ses avantages et toutes les possibilit\u00e9s.\" \/>\n<meta name=\"robots\" content=\"index, follow, max-snippet:-1, max-image-preview:large, max-video-preview:-1\" \/>\n<link rel=\"canonical\" href=\"https:\/\/vdldemeeuw.be\/fr\/construction-modulaire\/building-as-a-service-baas\/\" \/>\n<meta property=\"og:locale\" content=\"fr_FR\" \/>\n<meta property=\"og:type\" content=\"article\" \/>\n<meta property=\"og:title\" content=\"Building-as-a-Service (BaaS) | VDL De Meeuw\" \/>\n<meta property=\"og:description\" content=\"VDL De Meeuw propose le Building-as-a-Service en construction modulaire. D\u00e9couvrez ses avantages et toutes les possibilit\u00e9s.\" \/>\n<meta property=\"og:url\" content=\"https:\/\/vdldemeeuw.be\/fr\/construction-modulaire\/building-as-a-service-baas\/\" \/>\n<meta property=\"og:site_name\" content=\"VDL De Meeuw FR\" \/>\n<meta property=\"article:modified_time\" content=\"2025-06-30T14:04:29+00:00\" \/>\n<meta name=\"twitter:card\" content=\"summary_large_image\" \/>\n<meta name=\"twitter:label1\" content=\"Dur\u00e9e de lecture estim\u00e9e\" \/>\n\t<meta name=\"twitter:data1\" content=\"2 minutes\" \/>\n<script type=\"application\/ld+json\" class=\"yoast-schema-graph\">{\"@context\":\"https:\/\/schema.org\",\"@graph\":[{\"@type\":\"WebPage\",\"@id\":\"https:\/\/vdldemeeuw.be\/fr\/construction-modulaire\/building-as-a-service-baas\/\",\"url\":\"https:\/\/vdldemeeuw.be\/fr\/construction-modulaire\/building-as-a-service-baas\/\",\"name\":\"Building-as-a-Service (BaaS) | VDL De Meeuw\",\"isPartOf\":{\"@id\":\"https:\/\/vdldemeeuw.be\/fr\/#website\"},\"datePublished\":\"2024-12-10T12:04:35+00:00\",\"dateModified\":\"2025-06-30T14:04:29+00:00\",\"description\":\"VDL De Meeuw propose le Building-as-a-Service en construction modulaire. D\u00e9couvrez ses avantages et toutes les possibilit\u00e9s.\",\"breadcrumb\":{\"@id\":\"https:\/\/vdldemeeuw.be\/fr\/construction-modulaire\/building-as-a-service-baas\/#breadcrumb\"},\"inLanguage\":\"fr-FR\",\"potentialAction\":[{\"@type\":\"ReadAction\",\"target\":[\"https:\/\/vdldemeeuw.be\/fr\/construction-modulaire\/building-as-a-service-baas\/\"]}]},{\"@type\":\"BreadcrumbList\",\"@id\":\"https:\/\/vdldemeeuw.be\/fr\/construction-modulaire\/building-as-a-service-baas\/#breadcrumb\",\"itemListElement\":[{\"@type\":\"ListItem\",\"position\":1,\"name\":\"\",\"item\":\"https:\/\/vdldemeeuw.be\/fr\/\"},{\"@type\":\"ListItem\",\"position\":2,\"name\":\"Construction modulaire\",\"item\":\"https:\/\/vdldemeeuw.be\/fr\/construction-modulaire\/\"},{\"@type\":\"ListItem\",\"position\":3,\"name\":\"Building-as-a-service (BaaS)\"}]},{\"@type\":\"WebSite\",\"@id\":\"https:\/\/vdldemeeuw.be\/fr\/#website\",\"url\":\"https:\/\/vdldemeeuw.be\/fr\/\",\"name\":\"VDL De Meeuw FR\",\"description\":\"\",\"potentialAction\":[{\"@type\":\"SearchAction\",\"target\":{\"@type\":\"EntryPoint\",\"urlTemplate\":\"https:\/\/vdldemeeuw.be\/fr\/?search-query={search_term_string}\"},\"query-input\":{\"@type\":\"PropertyValueSpecification\",\"valueRequired\":true,\"valueName\":\"search_term_string\"}}],\"inLanguage\":\"fr-FR\"}]}<\/script>","yoast_head_json":{"title":"Building-as-a-Service (BaaS) | VDL De Meeuw","description":"VDL De Meeuw propose le Building-as-a-Service en construction modulaire. D\u00e9couvrez ses avantages et toutes les possibilit\u00e9s.","robots":{"index":"index","follow":"follow","max-snippet":"max-snippet:-1","max-image-preview":"max-image-preview:large","max-video-preview":"max-video-preview:-1"},"canonical":"https:\/\/vdldemeeuw.be\/fr\/construction-modulaire\/building-as-a-service-baas\/","og_locale":"fr_FR","og_type":"article","og_title":"Building-as-a-Service (BaaS) | VDL De Meeuw","og_description":"VDL De Meeuw propose le Building-as-a-Service en construction modulaire. D\u00e9couvrez ses avantages et toutes les possibilit\u00e9s.","og_url":"https:\/\/vdldemeeuw.be\/fr\/construction-modulaire\/building-as-a-service-baas\/","og_site_name":"VDL De Meeuw FR","article_modified_time":"2025-06-30T14:04:29+00:00","twitter_card":"summary_large_image","twitter_misc":{"Dur\u00e9e de lecture estim\u00e9e":"2 minutes"},"schema":{"@context":"https:\/\/schema.org","@graph":[{"@type":"WebPage","@id":"https:\/\/vdldemeeuw.be\/fr\/construction-modulaire\/building-as-a-service-baas\/","url":"https:\/\/vdldemeeuw.be\/fr\/construction-modulaire\/building-as-a-service-baas\/","name":"Building-as-a-Service (BaaS) | VDL De Meeuw","isPartOf":{"@id":"https:\/\/vdldemeeuw.be\/fr\/#website"},"datePublished":"2024-12-10T12:04:35+00:00","dateModified":"2025-06-30T14:04:29+00:00","description":"VDL De Meeuw propose le Building-as-a-Service en construction modulaire. D\u00e9couvrez ses avantages et toutes les possibilit\u00e9s.","breadcrumb":{"@id":"https:\/\/vdldemeeuw.be\/fr\/construction-modulaire\/building-as-a-service-baas\/#breadcrumb"},"inLanguage":"fr-FR","potentialAction":[{"@type":"ReadAction","target":["https:\/\/vdldemeeuw.be\/fr\/construction-modulaire\/building-as-a-service-baas\/"]}]},{"@type":"BreadcrumbList","@id":"https:\/\/vdldemeeuw.be\/fr\/construction-modulaire\/building-as-a-service-baas\/#breadcrumb","itemListElement":[{"@type":"ListItem","position":1,"name":"","item":"https:\/\/vdldemeeuw.be\/fr\/"},{"@type":"ListItem","position":2,"name":"Construction modulaire","item":"https:\/\/vdldemeeuw.be\/fr\/construction-modulaire\/"},{"@type":"ListItem","position":3,"name":"Building-as-a-service (BaaS)"}]},{"@type":"WebSite","@id":"https:\/\/vdldemeeuw.be\/fr\/#website","url":"https:\/\/vdldemeeuw.be\/fr\/","name":"VDL De Meeuw FR","description":"","potentialAction":[{"@type":"SearchAction","target":{"@type":"EntryPoint","urlTemplate":"https:\/\/vdldemeeuw.be\/fr\/?search-query={search_term_string}"},"query-input":{"@type":"PropertyValueSpecification","valueRequired":true,"valueName":"search_term_string"}}],"inLanguage":"fr-FR"}]}},"_links":{"self":[{"href":"https:\/\/vdldemeeuw.be\/fr\/wp-json\/wp\/v2\/pages\/3734","targetHints":{"allow":["GET"]}}],"collection":[{"href":"https:\/\/vdldemeeuw.be\/fr\/wp-json\/wp\/v2\/pages"}],"about":[{"href":"https:\/\/vdldemeeuw.be\/fr\/wp-json\/wp\/v2\/types\/page"}],"author":[{"embeddable":true,"href":"https:\/\/vdldemeeuw.be\/fr\/wp-json\/wp\/v2\/users\/19"}],"replies":[{"embeddable":true,"href":"https:\/\/vdldemeeuw.be\/fr\/wp-json\/wp\/v2\/comments?post=3734"}],"version-history":[{"count":49,"href":"https:\/\/vdldemeeuw.be\/fr\/wp-json\/wp\/v2\/pages\/3734\/revisions"}],"predecessor-version":[{"id":10857,"href":"https:\/\/vdldemeeuw.be\/fr\/wp-json\/wp\/v2\/pages\/3734\/revisions\/10857"}],"up":[{"embeddable":true,"href":"https:\/\/vdldemeeuw.be\/fr\/wp-json\/wp\/v2\/pages\/3547"}],"wp:attachment":[{"href":"https:\/\/vdldemeeuw.be\/fr\/wp-json\/wp\/v2\/media?parent=3734"}],"curies":[{"name":"wp","href":"https:\/\/api.w.org\/{rel}","templated":true}]}}